
{"version":"1.0","provider_name":"University Post","provider_url":"https:\/\/uniavisen.dk\/en\/","author_name":"University Post","author_url":"https:\/\/uniavisen.dk\/en\/","title":"Fordomme og kulturm\u00f8der \u2013 gr\u00f8nlandske studerendes m\u00f8de med Danmark","type":"rich","width":600,"height":338,"html":"<blockquote class=\"wp-embedded-content\" data-secret=\"Jga4tpNI1V\"><a href=\"https:\/\/uniavisen.dk\/en\/event\/fordomme-og-kulturmoder-gronlandske-studerendes-mode-med-danmark\/\">Fordomme og kulturm\u00f8der \u2013 gr\u00f8nlandske studerendes m\u00f8de med Danmark<\/a><\/blockquote><iframe sandbox=\"allow-scripts\" security=\"restricted\" src=\"https:\/\/uniavisen.dk\/en\/event\/fordomme-og-kulturmoder-gronlandske-studerendes-mode-med-danmark\/embed\/#?secret=Jga4tpNI1V\" width=\"600\" height=\"338\" title=\"&#8220;Fordomme og kulturm\u00f8der \u2013 gr\u00f8nlandske studerendes m\u00f8de med Danmark&#8221; &#8212; University Post\" data-secret=\"Jga4tpNI1V\" frameborder=\"0\" marginwidth=\"0\" marginheight=\"0\" scrolling=\"no\" class=\"wp-embedded-content\"><\/iframe><script type=\"text\/javascript\">\n\/* <![CDATA[ *\/\n\/*! This file is auto-generated *\/\n!function(d,l){\"use strict\";l.querySelector&&d.addEventListener&&\"undefined\"!=typeof URL&&(d.wp=d.wp||{},d.wp.receiveEmbedMessage||(d.wp.receiveEmbedMessage=function(e){var t=e.data;if((t||t.secret||t.message||t.value)&&!\/[^a-zA-Z0-9]\/.test(t.secret)){for(var s,r,n,a=l.querySelectorAll('iframe[data-secret=\"'+t.secret+'\"]'),o=l.querySelectorAll('blockquote[data-secret=\"'+t.secret+'\"]'),c=new RegExp(\"^https?:$\",\"i\"),i=0;i<o.length;i++)o[i].style.display=\"none\";for(i=0;i<a.length;i++)s=a[i],e.source===s.contentWindow&&(s.removeAttribute(\"style\"),\"height\"===t.message?(1e3<(r=parseInt(t.value,10))?r=1e3:~~r<200&&(r=200),s.height=r):\"link\"===t.message&&(r=new URL(s.getAttribute(\"src\")),n=new URL(t.value),c.test(n.protocol))&&n.host===r.host&&l.activeElement===s&&(d.top.location.href=t.value))}},d.addEventListener(\"message\",d.wp.receiveEmbedMessage,!1),l.addEventListener(\"DOMContentLoaded\",function(){for(var e,t,s=l.querySelectorAll(\"iframe.wp-embedded-content\"),r=0;r<s.length;r++)(t=(e=s[r]).getAttribute(\"data-secret\"))||(t=Math.random().toString(36).substring(2,12),e.src+=\"#?secret=\"+t,e.setAttribute(\"data-secret\",t)),e.contentWindow.postMessage({message:\"ready\",secret:t},\"*\")},!1)))}(window,document);\n\/\/# sourceURL=https:\/\/uniavisen.dk\/wp-includes\/js\/wp-embed.min.js\n\/* ]]> *\/\n<\/script>\n","thumbnail_url":"https:\/\/uniavisen.dk\/wp-content\/uploads\/2023\/09\/1.tarrak2-700x1050.jpg","thumbnail_width":600,"thumbnail_height":900,"description":"Hvordan g\u00f8r vi op med de fordomme, som gr\u00f8nlandske studerende bliver m\u00f8dt med i Danmark? Kan foreningslivet v\u00e6re med til at nedbryde fordommene og skabe st\u00e6rkere b\u00e5nd p\u00e5 tv\u00e6rs af Rigsf\u00e6llesskabet? Og hvordan skaber vi studiemilj\u00f8er, hvor alle studerende f\u00f8ler sig velkomne? Det er omdrejningspunktet, n\u00e5r Menneskerettighedsalliancen og Dansk Ungdoms F\u00e6llesr\u00e5d (DUF) 20. september, kl. [&hellip;]"}