
{"id":107281,"date":"2020-06-30T09:48:12","date_gmt":"2020-06-30T07:48:12","guid":{"rendered":"https:\/\/uniavisen.dk\/event\/danmarks-vilde-pattedyr-med-forskerne-i-felten\/"},"modified":"2020-06-30T09:48:12","modified_gmt":"2020-06-30T07:48:12","slug":"danmarks-vilde-pattedyr-med-forskerne-i-felten","status":"publish","type":"event","link":"https:\/\/uniavisen.dk\/en\/event\/danmarks-vilde-pattedyr-med-forskerne-i-felten\/","title":{"rendered":"Danmarks vilde pattedyr &#8211; med forskerne i felten"},"content":{"rendered":"<p><strong>Foredrag med Vin &amp; Videnskab<br \/>\n23. september 2020 kl. 19:00 \u2013 21:15<br \/>\nV\u00e6rt: Statens Naturhistoriske Museum<\/strong> <\/p>\n<p>v.\/ zoolog og gr\u00e6vlingeforsker JANNE AARIS-S\u00d8RENSEN, Zoolog og hasselmusforsker THOMAS BJ\u00d8RNEBOE G. BERG, Zoolog og pindsvineforsker SOPHIE LUND RASMUSSEN  Zoolog samt Zoolog og r\u00e6veforsker SUSSIE PAGH<\/p>\n<p>I \u00e5r er der kommet stor fokus p\u00e5 Danmarks dyreliv med DR-serien Vilde vidunderlige Danmark. I aften dykker vi ned i forskningen, der ligger til grund for vores viden om de danske dyr. Fire af Danmarks f\u00f8rende pattedyrforskere vil berette om, hvad deres mange\u00e5rige feltarbejde har afsl\u00f8ret om hhv. r\u00e6ven, gr\u00e6vlingen, pindsvinet og vores helt egen syvsover, den sj\u00e6ldne hasselmus. <\/p>\n<p>I pausen serveres et glas vin (inkluderet i prisen).<\/p>\n<p>Husk, at du kan f\u00e5 rabat p\u00e5 museets foredrag med dit studiekort.<\/p>\n<p><strong>L\u00e6s mere og k\u00f8b din billet<\/strong><\/p>\n<p><a href=\"https:\/\/snm.ku.dk\/kalender\/2020\/vin-videnskab-efteraar\/danmarks_vilde_pattedyr\/\">L\u00e6s mere om foredraget her og k\u00f8b din billet via Billetto&#8230;<\/a><\/p>\n<p>Se hele efter\u00e5rets program med Vin &amp; Videnskab p\u00e5 <a href=\"http:\/\/www.vinogvidenskab.dk\">www.vinogvidenskab.dk<\/a> <\/p>\n","protected":false},"excerpt":{"rendered":"<p>Foredrag med Vin &amp; Videnskab 23. september 2020 kl. 19:00 \u2013 21:15 V\u00e6rt: Statens Naturhistoriske Museum v.\/ zoolog og gr\u00e6vlingeforsker JANNE AARIS-S\u00d8RENSEN, Zoolog og hasselmusforsker THOMAS BJ\u00d8RNEBOE G. BERG, Zoolog og pindsvineforsker SOPHIE LUND RASMUSSEN Zoolog samt Zoolog og r\u00e6veforsker SUSSIE PAGH I \u00e5r er der kommet stor fokus p\u00e5 Danmarks dyreliv med DR-serien Vilde [&hellip;]<\/p>\n","protected":false},"author":0,"featured_media":107282,"template":"","class_list":["post-107281","event","type-event","status-publish","has-post-thumbnail","hentry","event_category-foredrag"],"acf":[],"aioseo_notices":[],"yoast_head":"<!-- This site is optimized with the Yoast SEO plugin v27.5 - https:\/\/yoast.com\/product\/yoast-seo-wordpress\/ -->\n<title>Danmarks vilde pattedyr - med forskerne i felten<\/title>\n<meta name=\"robots\" content=\"index, follow, max-snippet:-1, max-image-preview:large, max-video-preview:-1\" \/>\n<link rel=\"canonical\" href=\"https:\/\/uniavisen.dk\/en\/event\/danmarks-vilde-pattedyr-med-forskerne-i-felten\/\" \/>\n<meta property=\"og:locale\" content=\"en_US\" \/>\n<meta property=\"og:type\" content=\"article\" \/>\n<meta property=\"og:title\" content=\"Danmarks vilde pattedyr - med forskerne i felten\" \/>\n<meta property=\"og:description\" content=\"Foredrag med Vin &amp; Videnskab 23. september 2020 kl. 19:00 \u2013 21:15 V\u00e6rt: Statens Naturhistoriske Museum v.\/ zoolog og gr\u00e6vlingeforsker JANNE AARIS-S\u00d8RENSEN, Zoolog og hasselmusforsker THOMAS BJ\u00d8RNEBOE G. BERG, Zoolog og pindsvineforsker SOPHIE LUND RASMUSSEN Zoolog samt Zoolog og r\u00e6veforsker SUSSIE PAGH I \u00e5r er der kommet stor fokus p\u00e5 Danmarks dyreliv med DR-serien Vilde [&hellip;]\" \/>\n<meta property=\"og:url\" content=\"https:\/\/uniavisen.dk\/en\/event\/danmarks-vilde-pattedyr-med-forskerne-i-felten\/\" \/>\n<meta property=\"og:site_name\" content=\"University Post\" \/>\n<meta property=\"article:publisher\" content=\"https:\/\/www.facebook.com\/uniavis\" \/>\n<meta property=\"og:image\" content=\"https:\/\/uniavisen.dk\/wp-content\/uploads\/2020\/06\/danmarksvildepattedyr_1500x845.jpg\" \/>\n\t<meta property=\"og:image:width\" content=\"1500\" \/>\n\t<meta property=\"og:image:height\" content=\"845\" \/>\n\t<meta property=\"og:image:type\" content=\"image\/jpeg\" \/>\n<meta name=\"twitter:card\" content=\"summary_large_image\" \/>\n<meta name=\"twitter:site\" content=\"@Uniavisen\" \/>\n<meta name=\"twitter:label1\" content=\"Est. reading time\" \/>\n\t<meta name=\"twitter:data1\" content=\"1 minute\" \/>\n<script type=\"application\/ld+json\" class=\"yoast-schema-graph\">{\"@context\":\"https:\\\/\\\/schema.org\",\"@graph\":[{\"@type\":\"WebPage\",\"@id\":\"https:\\\/\\\/uniavisen.dk\\\/en\\\/event\\\/danmarks-vilde-pattedyr-med-forskerne-i-felten\\\/\",\"url\":\"https:\\\/\\\/uniavisen.dk\\\/en\\\/event\\\/danmarks-vilde-pattedyr-med-forskerne-i-felten\\\/\",\"name\":\"Danmarks vilde pattedyr - med forskerne i felten\",\"isPartOf\":{\"@id\":\"https:\\\/\\\/uniavisen.dk\\\/#website\"},\"primaryImageOfPage\":{\"@id\":\"https:\\\/\\\/uniavisen.dk\\\/en\\\/event\\\/danmarks-vilde-pattedyr-med-forskerne-i-felten\\\/#primaryimage\"},\"image\":{\"@id\":\"https:\\\/\\\/uniavisen.dk\\\/en\\\/event\\\/danmarks-vilde-pattedyr-med-forskerne-i-felten\\\/#primaryimage\"},\"thumbnailUrl\":\"https:\\\/\\\/uniavisen.dk\\\/wp-content\\\/uploads\\\/2020\\\/06\\\/danmarksvildepattedyr_1500x845.jpg\",\"datePublished\":\"2020-06-30T07:48:12+00:00\",\"breadcrumb\":{\"@id\":\"https:\\\/\\\/uniavisen.dk\\\/en\\\/event\\\/danmarks-vilde-pattedyr-med-forskerne-i-felten\\\/#breadcrumb\"},\"inLanguage\":\"en-US\",\"potentialAction\":[{\"@type\":\"ReadAction\",\"target\":[\"https:\\\/\\\/uniavisen.dk\\\/en\\\/event\\\/danmarks-vilde-pattedyr-med-forskerne-i-felten\\\/\"]}]},{\"@type\":\"ImageObject\",\"inLanguage\":\"en-US\",\"@id\":\"https:\\\/\\\/uniavisen.dk\\\/en\\\/event\\\/danmarks-vilde-pattedyr-med-forskerne-i-felten\\\/#primaryimage\",\"url\":\"https:\\\/\\\/uniavisen.dk\\\/wp-content\\\/uploads\\\/2020\\\/06\\\/danmarksvildepattedyr_1500x845.jpg\",\"contentUrl\":\"https:\\\/\\\/uniavisen.dk\\\/wp-content\\\/uploads\\\/2020\\\/06\\\/danmarksvildepattedyr_1500x845.jpg\",\"width\":1500,\"height\":845},{\"@type\":\"BreadcrumbList\",\"@id\":\"https:\\\/\\\/uniavisen.dk\\\/en\\\/event\\\/danmarks-vilde-pattedyr-med-forskerne-i-felten\\\/#breadcrumb\",\"itemListElement\":[{\"@type\":\"ListItem\",\"position\":1,\"name\":\"Home\",\"item\":\"https:\\\/\\\/uniavisen.dk\\\/en\\\/\"},{\"@type\":\"ListItem\",\"position\":2,\"name\":\"Events\",\"item\":\"https:\\\/\\\/uniavisen.dk\\\/event\\\/\"},{\"@type\":\"ListItem\",\"position\":3,\"name\":\"Danmarks vilde pattedyr &#8211; med forskerne i felten\"}]},{\"@type\":\"WebSite\",\"@id\":\"https:\\\/\\\/uniavisen.dk\\\/#website\",\"url\":\"https:\\\/\\\/uniavisen.dk\\\/\",\"name\":\"University Post\",\"description\":\"Independent of management\",\"potentialAction\":[{\"@type\":\"SearchAction\",\"target\":{\"@type\":\"EntryPoint\",\"urlTemplate\":\"https:\\\/\\\/uniavisen.dk\\\/?s={search_term_string}\"},\"query-input\":{\"@type\":\"PropertyValueSpecification\",\"valueRequired\":true,\"valueName\":\"search_term_string\"}}],\"inLanguage\":\"en-US\"}]}<\/script>\n<!-- \/ Yoast SEO plugin. -->","yoast_head_json":{"title":"Danmarks vilde pattedyr - med forskerne i felten","robots":{"index":"index","follow":"follow","max-snippet":"max-snippet:-1","max-image-preview":"max-image-preview:large","max-video-preview":"max-video-preview:-1"},"canonical":"https:\/\/uniavisen.dk\/en\/event\/danmarks-vilde-pattedyr-med-forskerne-i-felten\/","og_locale":"en_US","og_type":"article","og_title":"Danmarks vilde pattedyr - med forskerne i felten","og_description":"Foredrag med Vin &amp; Videnskab 23. september 2020 kl. 19:00 \u2013 21:15 V\u00e6rt: Statens Naturhistoriske Museum v.\/ zoolog og gr\u00e6vlingeforsker JANNE AARIS-S\u00d8RENSEN, Zoolog og hasselmusforsker THOMAS BJ\u00d8RNEBOE G. BERG, Zoolog og pindsvineforsker SOPHIE LUND RASMUSSEN Zoolog samt Zoolog og r\u00e6veforsker SUSSIE PAGH I \u00e5r er der kommet stor fokus p\u00e5 Danmarks dyreliv med DR-serien Vilde [&hellip;]","og_url":"https:\/\/uniavisen.dk\/en\/event\/danmarks-vilde-pattedyr-med-forskerne-i-felten\/","og_site_name":"University Post","article_publisher":"https:\/\/www.facebook.com\/uniavis","og_image":[{"width":1500,"height":845,"url":"https:\/\/uniavisen.dk\/wp-content\/uploads\/2020\/06\/danmarksvildepattedyr_1500x845.jpg","type":"image\/jpeg"}],"twitter_card":"summary_large_image","twitter_site":"@Uniavisen","twitter_misc":{"Est. reading time":"1 minute"},"schema":{"@context":"https:\/\/schema.org","@graph":[{"@type":"WebPage","@id":"https:\/\/uniavisen.dk\/en\/event\/danmarks-vilde-pattedyr-med-forskerne-i-felten\/","url":"https:\/\/uniavisen.dk\/en\/event\/danmarks-vilde-pattedyr-med-forskerne-i-felten\/","name":"Danmarks vilde pattedyr - med forskerne i felten","isPartOf":{"@id":"https:\/\/uniavisen.dk\/#website"},"primaryImageOfPage":{"@id":"https:\/\/uniavisen.dk\/en\/event\/danmarks-vilde-pattedyr-med-forskerne-i-felten\/#primaryimage"},"image":{"@id":"https:\/\/uniavisen.dk\/en\/event\/danmarks-vilde-pattedyr-med-forskerne-i-felten\/#primaryimage"},"thumbnailUrl":"https:\/\/uniavisen.dk\/wp-content\/uploads\/2020\/06\/danmarksvildepattedyr_1500x845.jpg","datePublished":"2020-06-30T07:48:12+00:00","breadcrumb":{"@id":"https:\/\/uniavisen.dk\/en\/event\/danmarks-vilde-pattedyr-med-forskerne-i-felten\/#breadcrumb"},"inLanguage":"en-US","potentialAction":[{"@type":"ReadAction","target":["https:\/\/uniavisen.dk\/en\/event\/danmarks-vilde-pattedyr-med-forskerne-i-felten\/"]}]},{"@type":"ImageObject","inLanguage":"en-US","@id":"https:\/\/uniavisen.dk\/en\/event\/danmarks-vilde-pattedyr-med-forskerne-i-felten\/#primaryimage","url":"https:\/\/uniavisen.dk\/wp-content\/uploads\/2020\/06\/danmarksvildepattedyr_1500x845.jpg","contentUrl":"https:\/\/uniavisen.dk\/wp-content\/uploads\/2020\/06\/danmarksvildepattedyr_1500x845.jpg","width":1500,"height":845},{"@type":"BreadcrumbList","@id":"https:\/\/uniavisen.dk\/en\/event\/danmarks-vilde-pattedyr-med-forskerne-i-felten\/#breadcrumb","itemListElement":[{"@type":"ListItem","position":1,"name":"Home","item":"https:\/\/uniavisen.dk\/en\/"},{"@type":"ListItem","position":2,"name":"Events","item":"https:\/\/uniavisen.dk\/event\/"},{"@type":"ListItem","position":3,"name":"Danmarks vilde pattedyr &#8211; med forskerne i felten"}]},{"@type":"WebSite","@id":"https:\/\/uniavisen.dk\/#website","url":"https:\/\/uniavisen.dk\/","name":"University Post","description":"Independent of management","potentialAction":[{"@type":"SearchAction","target":{"@type":"EntryPoint","urlTemplate":"https:\/\/uniavisen.dk\/?s={search_term_string}"},"query-input":{"@type":"PropertyValueSpecification","valueRequired":true,"valueName":"search_term_string"}}],"inLanguage":"en-US"}]}},"advancedCustomFields":{"event_category":{"term_id":73,"name":"Foredrag","slug":"foredrag","term_group":0,"term_taxonomy_id":73,"taxonomy":"event_category","description":"","parent":0,"count":845,"filter":"raw"},"start":"2020-09-23 19:00:00","add_end_time":true,"end":"2020-09-23 21:15:00","location":"Chr. Hansen Auditoriet, Bartholinsgade 4A, 1356 K\u00f8benhavn K","host_name":"Statens Naturhistoriske Museum","ticket_link":"","event_is_free":false,"event_price":"Alm. billet 150 kr. (+ gebyr) \/ Studerende: 110 kr. (+ gebyr) \/ \u00c5rskortholder: 110 kr. (+ gebyr)","event_poster":{"ID":107282,"id":107282,"title":"danmarksvildepattedyr_1500x845.jpg","filename":"danmarksvildepattedyr_1500x845.jpg","filesize":1295434,"url":"https:\/\/uniavisen.dk\/wp-content\/uploads\/2020\/06\/danmarksvildepattedyr_1500x845.jpg","link":"https:\/\/uniavisen.dk\/en\/event\/danmarks-vilde-pattedyr-med-forskerne-i-felten\/danmarksvildepattedyr_1500x845-jpg\/","alt":"","author":"0","description":"","caption":"","name":"danmarksvildepattedyr_1500x845-jpg","status":"inherit","uploaded_to":107281,"date":"2020-06-30 07:48:12","modified":"2020-06-30 07:48:21","menu_order":0,"mime_type":"image\/jpeg","type":"image","subtype":"jpeg","icon":"https:\/\/uniavisen.dk\/wp-includes\/images\/media\/default.png","width":1500,"height":845,"sizes":{"thumbnail":"https:\/\/uniavisen.dk\/wp-content\/uploads\/2020\/06\/danmarksvildepattedyr_1500x845-150x150.jpg","thumbnail-width":150,"thumbnail-height":150,"medium":"https:\/\/uniavisen.dk\/wp-content\/uploads\/2020\/06\/danmarksvildepattedyr_1500x845-480x270.jpg","medium-width":480,"medium-height":270,"medium_large":"https:\/\/uniavisen.dk\/wp-content\/uploads\/2020\/06\/danmarksvildepattedyr_1500x845-768x433.jpg","medium_large-width":768,"medium_large-height":433,"large":"https:\/\/uniavisen.dk\/wp-content\/uploads\/2020\/06\/danmarksvildepattedyr_1500x845-1280x721.jpg","large-width":1280,"large-height":721,"1536x1536":"https:\/\/uniavisen.dk\/wp-content\/uploads\/2020\/06\/danmarksvildepattedyr_1500x845.jpg","1536x1536-width":1500,"1536x1536-height":845,"2048x2048":"https:\/\/uniavisen.dk\/wp-content\/uploads\/2020\/06\/danmarksvildepattedyr_1500x845.jpg","2048x2048-width":1500,"2048x2048-height":845,"featured-soft":"https:\/\/uniavisen.dk\/wp-content\/uploads\/2020\/06\/danmarksvildepattedyr_1500x845-290x163.jpg","featured-soft-width":290,"featured-soft-height":163,"featured-hard":"https:\/\/uniavisen.dk\/wp-content\/uploads\/2020\/06\/danmarksvildepattedyr_1500x845-290x180.jpg","featured-hard-width":290,"featured-hard-height":180,"narrow":"https:\/\/uniavisen.dk\/wp-content\/uploads\/2020\/06\/danmarksvildepattedyr_1500x845-700x394.jpg","narrow-width":700,"narrow-height":394,"extended":"https:\/\/uniavisen.dk\/wp-content\/uploads\/2020\/06\/danmarksvildepattedyr_1500x845-990x558.jpg","extended-width":990,"extended-height":558}},"short_description":"Museet inviterer indenfor til en aften med vin og foredrag med fire af Danmarks f\u00f8rende pattedyrforskere, som vil berette om, hvad deres mange\u00e5rige feltarbejde har afsl\u00f8ret om hhv. r\u00e6ven, gr\u00e6vlingen, pindsvinet og vores helt egen syvsover, den sj\u00e6ldne hasselmus.","old_url":""},"_links":{"self":[{"href":"https:\/\/uniavisen.dk\/en\/wp-json\/wp\/v2\/events\/107281","targetHints":{"allow":["GET"]}}],"collection":[{"href":"https:\/\/uniavisen.dk\/en\/wp-json\/wp\/v2\/events"}],"about":[{"href":"https:\/\/uniavisen.dk\/en\/wp-json\/wp\/v2\/types\/event"}],"version-history":[{"count":0,"href":"https:\/\/uniavisen.dk\/en\/wp-json\/wp\/v2\/events\/107281\/revisions"}],"wp:featuredmedia":[{"embeddable":true,"href":"https:\/\/uniavisen.dk\/en\/wp-json\/wp\/v2\/media\/107282"}],"wp:attachment":[{"href":"https:\/\/uniavisen.dk\/en\/wp-json\/wp\/v2\/media?parent=107281"}],"curies":[{"name":"wp","href":"https:\/\/api.w.org\/{rel}","templated":true}]}}