
{"id":110475,"date":"2020-09-08T14:51:24","date_gmt":"2020-09-08T12:51:24","guid":{"rendered":"https:\/\/uniavisen.dk\/event\/tre-vilde-aar-med-trykkefrihed-1770-73\/"},"modified":"2020-09-08T14:51:24","modified_gmt":"2020-09-08T12:51:24","slug":"tre-vilde-aar-med-trykkefrihed-1770-73","status":"publish","type":"event","link":"https:\/\/uniavisen.dk\/en\/event\/tre-vilde-aar-med-trykkefrihed-1770-73\/","title":{"rendered":"Tre vilde \u00e5r med trykkefrihed 1770-73"},"content":{"rendered":"<p>Den 14. september 1770 indf\u00f8rte Christian 7. og hans livl\u00e6ge J.F. Struensee pludselig trykkefrihed. De n\u00e6ste tre \u00e5r v\u00e6ltede nye skrifter frem. Trykkefrihedstiden blev et eventyrligt eksperiment i stor skala. Hvad skete der n\u00e5r en europ\u00e6isk stat pludselig gav ordet frit og fjernede al censur?<\/p>\n<p>Forfatterne Henrik Horstb\u00f8ll, Ulrik Langen og Frederik Stjernfelt drager tilbage til 1770\u2019ernes K\u00f8benhavn hvor de f\u00f8lger udvalgte debatter og fejder og indrammer den nye offentlighed i bogen Grov Konf\u00e6kt. Tre vilde \u00e5r med trykkefrihed 1770-73. Bogen udkommer 14. september 2020, og de tre forfattere vil pr\u00e6sentere deres v\u00e6rk i en bogpr\u00e6sentation p\u00e5 KUB Sdr. Campus den 17. september.<\/p>\n<p>Bogen portr\u00e6tterer et udvalg af de nye, uforf\u00e6rdede stemmer uden for den l\u00e6rde verden. Forfatterne f\u00f8lger skrifternes eksplosive blanding af emner og genrer i det ny K\u00f8benhavn der ogs\u00e5 blev et resultat af Trykkefriheden, med trykkerier, bogboder, aviskiosker og visek\u00e6llinger, men ogs\u00e5 med matroser, fiskerkoner, sp\u00e6kh\u00f8kere, v\u00e6rtshuse, bordeller. Bogen beskriver hvordan kuppet mod Struensee 17. januar 1772 var et chok der med \u00e9t satte helt nye gr\u00e6nser for hvad der kunne trykkes, samtidig med at en ny storm af skrifter om og imod Struensee br\u00f8d frem. Til slut viser de hvordan det ny styre efterh\u00e5nden kvalte Trykkefriheden i efter\u00e5ret 1773.<\/p>\n<p>De tre forfattere vil hver give en pr\u00e6sentation p\u00e5 10 minutter, og efter det vil der v\u00e6re diskussion og mulighed for sp\u00f8rgsm\u00e5l fra publikum.<\/p>\n<p>Grundet Corona-situationen er deltagerantallet begr\u00e6nset til 45. Er du interesseret i at deltage, bedes du registrere dig p\u00e5 vores hjemmeside: https:\/\/kubkalender.kb.dk\/event\/3501608<\/p>\n","protected":false},"excerpt":{"rendered":"<p>Den 14. september 1770 indf\u00f8rte Christian 7. og hans livl\u00e6ge J.F. Struensee pludselig trykkefrihed. De n\u00e6ste tre \u00e5r v\u00e6ltede nye skrifter frem. Trykkefrihedstiden blev et eventyrligt eksperiment i stor skala. Hvad skete der n\u00e5r en europ\u00e6isk stat pludselig gav ordet frit og fjernede al censur? Forfatterne Henrik Horstb\u00f8ll, Ulrik Langen og Frederik Stjernfelt drager tilbage [&hellip;]<\/p>\n","protected":false},"author":0,"featured_media":110476,"template":"","class_list":["post-110475","event","type-event","status-publish","has-post-thumbnail","hentry","event_category-foredrag"],"acf":[],"aioseo_notices":[],"yoast_head":"<!-- This site is optimized with the Yoast SEO plugin v27.5 - https:\/\/yoast.com\/product\/yoast-seo-wordpress\/ -->\n<title>Tre vilde \u00e5r med trykkefrihed 1770-73<\/title>\n<meta name=\"robots\" content=\"index, follow, max-snippet:-1, max-image-preview:large, max-video-preview:-1\" \/>\n<link rel=\"canonical\" href=\"https:\/\/uniavisen.dk\/en\/event\/tre-vilde-aar-med-trykkefrihed-1770-73\/\" \/>\n<meta property=\"og:locale\" content=\"en_US\" \/>\n<meta property=\"og:type\" content=\"article\" \/>\n<meta property=\"og:title\" content=\"Tre vilde \u00e5r med trykkefrihed 1770-73\" \/>\n<meta property=\"og:description\" content=\"Den 14. september 1770 indf\u00f8rte Christian 7. og hans livl\u00e6ge J.F. Struensee pludselig trykkefrihed. De n\u00e6ste tre \u00e5r v\u00e6ltede nye skrifter frem. Trykkefrihedstiden blev et eventyrligt eksperiment i stor skala. Hvad skete der n\u00e5r en europ\u00e6isk stat pludselig gav ordet frit og fjernede al censur? Forfatterne Henrik Horstb\u00f8ll, Ulrik Langen og Frederik Stjernfelt drager tilbage [&hellip;]\" \/>\n<meta property=\"og:url\" content=\"https:\/\/uniavisen.dk\/en\/event\/tre-vilde-aar-med-trykkefrihed-1770-73\/\" \/>\n<meta property=\"og:site_name\" content=\"University Post\" \/>\n<meta property=\"article:publisher\" content=\"https:\/\/www.facebook.com\/uniavis\" \/>\n<meta property=\"og:image\" content=\"https:\/\/uniavisen.dk\/wp-content\/uploads\/2020\/09\/grovkonfaekt.png\" \/>\n\t<meta property=\"og:image:width\" content=\"1920\" \/>\n\t<meta property=\"og:image:height\" content=\"1005\" \/>\n\t<meta property=\"og:image:type\" content=\"image\/png\" \/>\n<meta name=\"twitter:card\" content=\"summary_large_image\" \/>\n<meta name=\"twitter:site\" content=\"@Uniavisen\" \/>\n<meta name=\"twitter:label1\" content=\"Est. reading time\" \/>\n\t<meta name=\"twitter:data1\" content=\"1 minute\" \/>\n<script type=\"application\/ld+json\" class=\"yoast-schema-graph\">{\"@context\":\"https:\\\/\\\/schema.org\",\"@graph\":[{\"@type\":\"WebPage\",\"@id\":\"https:\\\/\\\/uniavisen.dk\\\/en\\\/event\\\/tre-vilde-aar-med-trykkefrihed-1770-73\\\/\",\"url\":\"https:\\\/\\\/uniavisen.dk\\\/en\\\/event\\\/tre-vilde-aar-med-trykkefrihed-1770-73\\\/\",\"name\":\"Tre vilde \u00e5r med trykkefrihed 1770-73\",\"isPartOf\":{\"@id\":\"https:\\\/\\\/uniavisen.dk\\\/#website\"},\"primaryImageOfPage\":{\"@id\":\"https:\\\/\\\/uniavisen.dk\\\/en\\\/event\\\/tre-vilde-aar-med-trykkefrihed-1770-73\\\/#primaryimage\"},\"image\":{\"@id\":\"https:\\\/\\\/uniavisen.dk\\\/en\\\/event\\\/tre-vilde-aar-med-trykkefrihed-1770-73\\\/#primaryimage\"},\"thumbnailUrl\":\"https:\\\/\\\/uniavisen.dk\\\/wp-content\\\/uploads\\\/2020\\\/09\\\/grovkonfaekt.png\",\"datePublished\":\"2020-09-08T12:51:24+00:00\",\"breadcrumb\":{\"@id\":\"https:\\\/\\\/uniavisen.dk\\\/en\\\/event\\\/tre-vilde-aar-med-trykkefrihed-1770-73\\\/#breadcrumb\"},\"inLanguage\":\"en-US\",\"potentialAction\":[{\"@type\":\"ReadAction\",\"target\":[\"https:\\\/\\\/uniavisen.dk\\\/en\\\/event\\\/tre-vilde-aar-med-trykkefrihed-1770-73\\\/\"]}]},{\"@type\":\"ImageObject\",\"inLanguage\":\"en-US\",\"@id\":\"https:\\\/\\\/uniavisen.dk\\\/en\\\/event\\\/tre-vilde-aar-med-trykkefrihed-1770-73\\\/#primaryimage\",\"url\":\"https:\\\/\\\/uniavisen.dk\\\/wp-content\\\/uploads\\\/2020\\\/09\\\/grovkonfaekt.png\",\"contentUrl\":\"https:\\\/\\\/uniavisen.dk\\\/wp-content\\\/uploads\\\/2020\\\/09\\\/grovkonfaekt.png\",\"width\":1920,\"height\":1005},{\"@type\":\"BreadcrumbList\",\"@id\":\"https:\\\/\\\/uniavisen.dk\\\/en\\\/event\\\/tre-vilde-aar-med-trykkefrihed-1770-73\\\/#breadcrumb\",\"itemListElement\":[{\"@type\":\"ListItem\",\"position\":1,\"name\":\"Home\",\"item\":\"https:\\\/\\\/uniavisen.dk\\\/en\\\/\"},{\"@type\":\"ListItem\",\"position\":2,\"name\":\"Events\",\"item\":\"https:\\\/\\\/uniavisen.dk\\\/event\\\/\"},{\"@type\":\"ListItem\",\"position\":3,\"name\":\"Tre vilde \u00e5r med trykkefrihed 1770-73\"}]},{\"@type\":\"WebSite\",\"@id\":\"https:\\\/\\\/uniavisen.dk\\\/#website\",\"url\":\"https:\\\/\\\/uniavisen.dk\\\/\",\"name\":\"University Post\",\"description\":\"Independent of management\",\"potentialAction\":[{\"@type\":\"SearchAction\",\"target\":{\"@type\":\"EntryPoint\",\"urlTemplate\":\"https:\\\/\\\/uniavisen.dk\\\/?s={search_term_string}\"},\"query-input\":{\"@type\":\"PropertyValueSpecification\",\"valueRequired\":true,\"valueName\":\"search_term_string\"}}],\"inLanguage\":\"en-US\"}]}<\/script>\n<!-- \/ Yoast SEO plugin. -->","yoast_head_json":{"title":"Tre vilde \u00e5r med trykkefrihed 1770-73","robots":{"index":"index","follow":"follow","max-snippet":"max-snippet:-1","max-image-preview":"max-image-preview:large","max-video-preview":"max-video-preview:-1"},"canonical":"https:\/\/uniavisen.dk\/en\/event\/tre-vilde-aar-med-trykkefrihed-1770-73\/","og_locale":"en_US","og_type":"article","og_title":"Tre vilde \u00e5r med trykkefrihed 1770-73","og_description":"Den 14. september 1770 indf\u00f8rte Christian 7. og hans livl\u00e6ge J.F. Struensee pludselig trykkefrihed. De n\u00e6ste tre \u00e5r v\u00e6ltede nye skrifter frem. Trykkefrihedstiden blev et eventyrligt eksperiment i stor skala. Hvad skete der n\u00e5r en europ\u00e6isk stat pludselig gav ordet frit og fjernede al censur? Forfatterne Henrik Horstb\u00f8ll, Ulrik Langen og Frederik Stjernfelt drager tilbage [&hellip;]","og_url":"https:\/\/uniavisen.dk\/en\/event\/tre-vilde-aar-med-trykkefrihed-1770-73\/","og_site_name":"University Post","article_publisher":"https:\/\/www.facebook.com\/uniavis","og_image":[{"width":1920,"height":1005,"url":"https:\/\/uniavisen.dk\/wp-content\/uploads\/2020\/09\/grovkonfaekt.png","type":"image\/png"}],"twitter_card":"summary_large_image","twitter_site":"@Uniavisen","twitter_misc":{"Est. reading time":"1 minute"},"schema":{"@context":"https:\/\/schema.org","@graph":[{"@type":"WebPage","@id":"https:\/\/uniavisen.dk\/en\/event\/tre-vilde-aar-med-trykkefrihed-1770-73\/","url":"https:\/\/uniavisen.dk\/en\/event\/tre-vilde-aar-med-trykkefrihed-1770-73\/","name":"Tre vilde \u00e5r med trykkefrihed 1770-73","isPartOf":{"@id":"https:\/\/uniavisen.dk\/#website"},"primaryImageOfPage":{"@id":"https:\/\/uniavisen.dk\/en\/event\/tre-vilde-aar-med-trykkefrihed-1770-73\/#primaryimage"},"image":{"@id":"https:\/\/uniavisen.dk\/en\/event\/tre-vilde-aar-med-trykkefrihed-1770-73\/#primaryimage"},"thumbnailUrl":"https:\/\/uniavisen.dk\/wp-content\/uploads\/2020\/09\/grovkonfaekt.png","datePublished":"2020-09-08T12:51:24+00:00","breadcrumb":{"@id":"https:\/\/uniavisen.dk\/en\/event\/tre-vilde-aar-med-trykkefrihed-1770-73\/#breadcrumb"},"inLanguage":"en-US","potentialAction":[{"@type":"ReadAction","target":["https:\/\/uniavisen.dk\/en\/event\/tre-vilde-aar-med-trykkefrihed-1770-73\/"]}]},{"@type":"ImageObject","inLanguage":"en-US","@id":"https:\/\/uniavisen.dk\/en\/event\/tre-vilde-aar-med-trykkefrihed-1770-73\/#primaryimage","url":"https:\/\/uniavisen.dk\/wp-content\/uploads\/2020\/09\/grovkonfaekt.png","contentUrl":"https:\/\/uniavisen.dk\/wp-content\/uploads\/2020\/09\/grovkonfaekt.png","width":1920,"height":1005},{"@type":"BreadcrumbList","@id":"https:\/\/uniavisen.dk\/en\/event\/tre-vilde-aar-med-trykkefrihed-1770-73\/#breadcrumb","itemListElement":[{"@type":"ListItem","position":1,"name":"Home","item":"https:\/\/uniavisen.dk\/en\/"},{"@type":"ListItem","position":2,"name":"Events","item":"https:\/\/uniavisen.dk\/event\/"},{"@type":"ListItem","position":3,"name":"Tre vilde \u00e5r med trykkefrihed 1770-73"}]},{"@type":"WebSite","@id":"https:\/\/uniavisen.dk\/#website","url":"https:\/\/uniavisen.dk\/","name":"University Post","description":"Independent of management","potentialAction":[{"@type":"SearchAction","target":{"@type":"EntryPoint","urlTemplate":"https:\/\/uniavisen.dk\/?s={search_term_string}"},"query-input":{"@type":"PropertyValueSpecification","valueRequired":true,"valueName":"search_term_string"}}],"inLanguage":"en-US"}]}},"advancedCustomFields":{"event_category":{"term_id":73,"name":"Foredrag","slug":"foredrag","term_group":0,"term_taxonomy_id":73,"taxonomy":"event_category","description":"","parent":0,"count":845,"filter":"raw"},"start":"2020-09-17 15:00:00","add_end_time":true,"end":"2020-09-17 17:00:00","location":"KUB Sdr. Campus, Karen Blixens Plads 7, 2300 K\u00f8benhavn S.","host_name":"Archana Sharma","ticket_link":"https:\/\/kubkalender.kb.dk\/event\/3501608","event_is_free":true,"event_poster":{"ID":110476,"id":110476,"title":"grovkonfaekt.png","filename":"grovkonfaekt.png","filesize":157777,"url":"https:\/\/uniavisen.dk\/wp-content\/uploads\/2020\/09\/grovkonfaekt.png","link":"https:\/\/uniavisen.dk\/en\/event\/tre-vilde-aar-med-trykkefrihed-1770-73\/grovkonfaekt-png\/","alt":"","author":"0","description":"","caption":"","name":"grovkonfaekt-png","status":"inherit","uploaded_to":110475,"date":"2020-09-08 12:51:25","modified":"2020-09-08 12:51:34","menu_order":0,"mime_type":"image\/png","type":"image","subtype":"png","icon":"https:\/\/uniavisen.dk\/wp-includes\/images\/media\/default.png","width":1920,"height":1005,"sizes":{"thumbnail":"https:\/\/uniavisen.dk\/wp-content\/uploads\/2020\/09\/grovkonfaekt-150x150.png","thumbnail-width":150,"thumbnail-height":150,"medium":"https:\/\/uniavisen.dk\/wp-content\/uploads\/2020\/09\/grovkonfaekt-480x251.png","medium-width":480,"medium-height":251,"medium_large":"https:\/\/uniavisen.dk\/wp-content\/uploads\/2020\/09\/grovkonfaekt-768x402.png","medium_large-width":768,"medium_large-height":402,"large":"https:\/\/uniavisen.dk\/wp-content\/uploads\/2020\/09\/grovkonfaekt-1280x670.png","large-width":1280,"large-height":670,"1536x1536":"https:\/\/uniavisen.dk\/wp-content\/uploads\/2020\/09\/grovkonfaekt-1536x804.png","1536x1536-width":1536,"1536x1536-height":804,"2048x2048":"https:\/\/uniavisen.dk\/wp-content\/uploads\/2020\/09\/grovkonfaekt.png","2048x2048-width":1920,"2048x2048-height":1005,"featured-soft":"https:\/\/uniavisen.dk\/wp-content\/uploads\/2020\/09\/grovkonfaekt-290x152.png","featured-soft-width":290,"featured-soft-height":152,"featured-hard":"https:\/\/uniavisen.dk\/wp-content\/uploads\/2020\/09\/grovkonfaekt-290x180.png","featured-hard-width":290,"featured-hard-height":180,"narrow":"https:\/\/uniavisen.dk\/wp-content\/uploads\/2020\/09\/grovkonfaekt-700x366.png","narrow-width":700,"narrow-height":366,"extended":"https:\/\/uniavisen.dk\/wp-content\/uploads\/2020\/09\/grovkonfaekt-990x518.png","extended-width":990,"extended-height":518}},"short_description":"Bogpr\u00e6sentation ved Henrik Horstb\u00f8ll, Lunds universitet, Ulrik Langen, KU, og Frederik Stjernfelt, AAU. Ny udgivelse i anledning af 250-\u00e5ret for trykkefriheden i september 2020","old_url":""},"_links":{"self":[{"href":"https:\/\/uniavisen.dk\/en\/wp-json\/wp\/v2\/events\/110475","targetHints":{"allow":["GET"]}}],"collection":[{"href":"https:\/\/uniavisen.dk\/en\/wp-json\/wp\/v2\/events"}],"about":[{"href":"https:\/\/uniavisen.dk\/en\/wp-json\/wp\/v2\/types\/event"}],"version-history":[{"count":0,"href":"https:\/\/uniavisen.dk\/en\/wp-json\/wp\/v2\/events\/110475\/revisions"}],"wp:featuredmedia":[{"embeddable":true,"href":"https:\/\/uniavisen.dk\/en\/wp-json\/wp\/v2\/media\/110476"}],"wp:attachment":[{"href":"https:\/\/uniavisen.dk\/en\/wp-json\/wp\/v2\/media?parent=110475"}],"curies":[{"name":"wp","href":"https:\/\/api.w.org\/{rel}","templated":true}]}}