
{"id":111957,"date":"2020-10-19T11:21:40","date_gmt":"2020-10-19T09:21:40","guid":{"rendered":"https:\/\/uniavisen.dk\/event\/feministiske-kampe-arven-efter-roedstroemperne\/"},"modified":"2020-10-19T11:21:40","modified_gmt":"2020-10-19T09:21:40","slug":"feministiske-kampe-arven-efter-roedstroemperne","status":"publish","type":"event","link":"https:\/\/uniavisen.dk\/en\/event\/feministiske-kampe-arven-efter-roedstroemperne\/","title":{"rendered":"Feministiske kampe! Arven efter r\u00f8dstr\u00f8mperne"},"content":{"rendered":"<p>P\u00e5 KUB Sdr. Campus markerer vi 50-\u00e5ret for R\u00f8dstr\u00f8mpebev\u00e6gelsen med en hjemmeside, en udstilling og debatarrangementer.<\/p>\n<p>R\u00f8dstr\u00f8mpernes slogans som fx \u201dDet private er politisk\u201d satte en helt ny dagsorden for k\u00f8nspolitikken i 1970\u2019erne. Pludselig blev emner som omhandlede krop og seksualitet, k\u00f8nsarbejdsdelingen i familien og visionen om et helt nyt og andet samfund uden diskrimination italesat og genstand for debat og aktivisme.<\/p>\n<p>Men hvordan er det s\u00e5 g\u00e5et siden? Hvad blev der for alvor rykket ved? Og hvor st\u00e5r diskussionerne i dag?<\/p>\n<p>Vi har sat 3 feminister fra forskellige generationer st\u00e6vne til en samtale om de feministiske kampe fra 1970 til i dag.<\/p>\n<p>Deltagere i arrangementet er k\u00f8nshistoriker Jytte Larsen, k\u00f8nspolitisk r\u00e5dgiver og debatt\u00f8r, Emma Holten og ph.d. og ekstern lektor p\u00e5 Nordiske Studier og Sprogvidenskab Tess Skadeg\u00e5rd Thorsen. Projektleder og skribent Katrine Arnfred er moderator.<\/p>\n<p>Pga. corona-restriktionerne er der kun plads til 44 deltagere og tilmelding p\u00e5 nedenst\u00e5ende link er p\u00e5kr\u00e6vet:\u00a0https:\/\/kubkalender.kb.dk\/event\/3606247<\/p>\n<p>Udstillingen kan ses p\u00e5 KUB Sdr. Campus, Karen Blixens Plads 7 frem til den 31. december i bibliotekets \u00e5bningstid.\u00a0https:\/\/kub.ku.dk\/biblioteker\/sc\/<\/p>\n","protected":false},"excerpt":{"rendered":"<p>P\u00e5 KUB Sdr. Campus markerer vi 50-\u00e5ret for R\u00f8dstr\u00f8mpebev\u00e6gelsen med en hjemmeside, en udstilling og debatarrangementer. R\u00f8dstr\u00f8mpernes slogans som fx \u201dDet private er politisk\u201d satte en helt ny dagsorden for k\u00f8nspolitikken i 1970\u2019erne. Pludselig blev emner som omhandlede krop og seksualitet, k\u00f8nsarbejdsdelingen i familien og visionen om et helt nyt og andet samfund uden diskrimination [&hellip;]<\/p>\n","protected":false},"author":0,"featured_media":111958,"template":"","class_list":["post-111957","event","type-event","status-publish","has-post-thumbnail","hentry","event_category-debat"],"acf":[],"aioseo_notices":[],"yoast_head":"<!-- This site is optimized with the Yoast SEO plugin v27.5 - https:\/\/yoast.com\/product\/yoast-seo-wordpress\/ -->\n<title>Feministiske kampe! Arven efter r\u00f8dstr\u00f8mperne<\/title>\n<meta name=\"robots\" content=\"index, follow, max-snippet:-1, max-image-preview:large, max-video-preview:-1\" \/>\n<link rel=\"canonical\" href=\"https:\/\/uniavisen.dk\/en\/event\/feministiske-kampe-arven-efter-roedstroemperne\/\" \/>\n<meta property=\"og:locale\" content=\"en_US\" \/>\n<meta property=\"og:type\" content=\"article\" \/>\n<meta property=\"og:title\" content=\"Feministiske kampe! Arven efter r\u00f8dstr\u00f8mperne\" \/>\n<meta property=\"og:description\" content=\"P\u00e5 KUB Sdr. Campus markerer vi 50-\u00e5ret for R\u00f8dstr\u00f8mpebev\u00e6gelsen med en hjemmeside, en udstilling og debatarrangementer. R\u00f8dstr\u00f8mpernes slogans som fx \u201dDet private er politisk\u201d satte en helt ny dagsorden for k\u00f8nspolitikken i 1970\u2019erne. Pludselig blev emner som omhandlede krop og seksualitet, k\u00f8nsarbejdsdelingen i familien og visionen om et helt nyt og andet samfund uden diskrimination [&hellip;]\" \/>\n<meta property=\"og:url\" content=\"https:\/\/uniavisen.dk\/en\/event\/feministiske-kampe-arven-efter-roedstroemperne\/\" \/>\n<meta property=\"og:site_name\" content=\"University Post\" \/>\n<meta property=\"article:publisher\" content=\"https:\/\/www.facebook.com\/uniavis\" \/>\n<meta property=\"og:image\" content=\"https:\/\/uniavisen.dk\/wp-content\/uploads\/2020\/10\/bannerevent3.jpg\" \/>\n\t<meta property=\"og:image:width\" content=\"1200\" \/>\n\t<meta property=\"og:image:height\" content=\"628\" \/>\n\t<meta property=\"og:image:type\" content=\"image\/jpeg\" \/>\n<meta name=\"twitter:card\" content=\"summary_large_image\" \/>\n<meta name=\"twitter:site\" content=\"@Uniavisen\" \/>\n<meta name=\"twitter:label1\" content=\"Est. reading time\" \/>\n\t<meta name=\"twitter:data1\" content=\"1 minute\" \/>\n<script type=\"application\/ld+json\" class=\"yoast-schema-graph\">{\"@context\":\"https:\\\/\\\/schema.org\",\"@graph\":[{\"@type\":\"WebPage\",\"@id\":\"https:\\\/\\\/uniavisen.dk\\\/en\\\/event\\\/feministiske-kampe-arven-efter-roedstroemperne\\\/\",\"url\":\"https:\\\/\\\/uniavisen.dk\\\/en\\\/event\\\/feministiske-kampe-arven-efter-roedstroemperne\\\/\",\"name\":\"Feministiske kampe! Arven efter r\u00f8dstr\u00f8mperne\",\"isPartOf\":{\"@id\":\"https:\\\/\\\/uniavisen.dk\\\/#website\"},\"primaryImageOfPage\":{\"@id\":\"https:\\\/\\\/uniavisen.dk\\\/en\\\/event\\\/feministiske-kampe-arven-efter-roedstroemperne\\\/#primaryimage\"},\"image\":{\"@id\":\"https:\\\/\\\/uniavisen.dk\\\/en\\\/event\\\/feministiske-kampe-arven-efter-roedstroemperne\\\/#primaryimage\"},\"thumbnailUrl\":\"https:\\\/\\\/uniavisen.dk\\\/wp-content\\\/uploads\\\/2020\\\/10\\\/bannerevent3.jpg\",\"datePublished\":\"2020-10-19T09:21:40+00:00\",\"breadcrumb\":{\"@id\":\"https:\\\/\\\/uniavisen.dk\\\/en\\\/event\\\/feministiske-kampe-arven-efter-roedstroemperne\\\/#breadcrumb\"},\"inLanguage\":\"en-US\",\"potentialAction\":[{\"@type\":\"ReadAction\",\"target\":[\"https:\\\/\\\/uniavisen.dk\\\/en\\\/event\\\/feministiske-kampe-arven-efter-roedstroemperne\\\/\"]}]},{\"@type\":\"ImageObject\",\"inLanguage\":\"en-US\",\"@id\":\"https:\\\/\\\/uniavisen.dk\\\/en\\\/event\\\/feministiske-kampe-arven-efter-roedstroemperne\\\/#primaryimage\",\"url\":\"https:\\\/\\\/uniavisen.dk\\\/wp-content\\\/uploads\\\/2020\\\/10\\\/bannerevent3.jpg\",\"contentUrl\":\"https:\\\/\\\/uniavisen.dk\\\/wp-content\\\/uploads\\\/2020\\\/10\\\/bannerevent3.jpg\",\"width\":1200,\"height\":628},{\"@type\":\"BreadcrumbList\",\"@id\":\"https:\\\/\\\/uniavisen.dk\\\/en\\\/event\\\/feministiske-kampe-arven-efter-roedstroemperne\\\/#breadcrumb\",\"itemListElement\":[{\"@type\":\"ListItem\",\"position\":1,\"name\":\"Home\",\"item\":\"https:\\\/\\\/uniavisen.dk\\\/en\\\/\"},{\"@type\":\"ListItem\",\"position\":2,\"name\":\"Events\",\"item\":\"https:\\\/\\\/uniavisen.dk\\\/event\\\/\"},{\"@type\":\"ListItem\",\"position\":3,\"name\":\"Feministiske kampe! Arven efter r\u00f8dstr\u00f8mperne\"}]},{\"@type\":\"WebSite\",\"@id\":\"https:\\\/\\\/uniavisen.dk\\\/#website\",\"url\":\"https:\\\/\\\/uniavisen.dk\\\/\",\"name\":\"University Post\",\"description\":\"Independent of management\",\"potentialAction\":[{\"@type\":\"SearchAction\",\"target\":{\"@type\":\"EntryPoint\",\"urlTemplate\":\"https:\\\/\\\/uniavisen.dk\\\/?s={search_term_string}\"},\"query-input\":{\"@type\":\"PropertyValueSpecification\",\"valueRequired\":true,\"valueName\":\"search_term_string\"}}],\"inLanguage\":\"en-US\"}]}<\/script>\n<!-- \/ Yoast SEO plugin. -->","yoast_head_json":{"title":"Feministiske kampe! Arven efter r\u00f8dstr\u00f8mperne","robots":{"index":"index","follow":"follow","max-snippet":"max-snippet:-1","max-image-preview":"max-image-preview:large","max-video-preview":"max-video-preview:-1"},"canonical":"https:\/\/uniavisen.dk\/en\/event\/feministiske-kampe-arven-efter-roedstroemperne\/","og_locale":"en_US","og_type":"article","og_title":"Feministiske kampe! Arven efter r\u00f8dstr\u00f8mperne","og_description":"P\u00e5 KUB Sdr. Campus markerer vi 50-\u00e5ret for R\u00f8dstr\u00f8mpebev\u00e6gelsen med en hjemmeside, en udstilling og debatarrangementer. R\u00f8dstr\u00f8mpernes slogans som fx \u201dDet private er politisk\u201d satte en helt ny dagsorden for k\u00f8nspolitikken i 1970\u2019erne. Pludselig blev emner som omhandlede krop og seksualitet, k\u00f8nsarbejdsdelingen i familien og visionen om et helt nyt og andet samfund uden diskrimination [&hellip;]","og_url":"https:\/\/uniavisen.dk\/en\/event\/feministiske-kampe-arven-efter-roedstroemperne\/","og_site_name":"University Post","article_publisher":"https:\/\/www.facebook.com\/uniavis","og_image":[{"width":1200,"height":628,"url":"https:\/\/uniavisen.dk\/wp-content\/uploads\/2020\/10\/bannerevent3.jpg","type":"image\/jpeg"}],"twitter_card":"summary_large_image","twitter_site":"@Uniavisen","twitter_misc":{"Est. reading time":"1 minute"},"schema":{"@context":"https:\/\/schema.org","@graph":[{"@type":"WebPage","@id":"https:\/\/uniavisen.dk\/en\/event\/feministiske-kampe-arven-efter-roedstroemperne\/","url":"https:\/\/uniavisen.dk\/en\/event\/feministiske-kampe-arven-efter-roedstroemperne\/","name":"Feministiske kampe! Arven efter r\u00f8dstr\u00f8mperne","isPartOf":{"@id":"https:\/\/uniavisen.dk\/#website"},"primaryImageOfPage":{"@id":"https:\/\/uniavisen.dk\/en\/event\/feministiske-kampe-arven-efter-roedstroemperne\/#primaryimage"},"image":{"@id":"https:\/\/uniavisen.dk\/en\/event\/feministiske-kampe-arven-efter-roedstroemperne\/#primaryimage"},"thumbnailUrl":"https:\/\/uniavisen.dk\/wp-content\/uploads\/2020\/10\/bannerevent3.jpg","datePublished":"2020-10-19T09:21:40+00:00","breadcrumb":{"@id":"https:\/\/uniavisen.dk\/en\/event\/feministiske-kampe-arven-efter-roedstroemperne\/#breadcrumb"},"inLanguage":"en-US","potentialAction":[{"@type":"ReadAction","target":["https:\/\/uniavisen.dk\/en\/event\/feministiske-kampe-arven-efter-roedstroemperne\/"]}]},{"@type":"ImageObject","inLanguage":"en-US","@id":"https:\/\/uniavisen.dk\/en\/event\/feministiske-kampe-arven-efter-roedstroemperne\/#primaryimage","url":"https:\/\/uniavisen.dk\/wp-content\/uploads\/2020\/10\/bannerevent3.jpg","contentUrl":"https:\/\/uniavisen.dk\/wp-content\/uploads\/2020\/10\/bannerevent3.jpg","width":1200,"height":628},{"@type":"BreadcrumbList","@id":"https:\/\/uniavisen.dk\/en\/event\/feministiske-kampe-arven-efter-roedstroemperne\/#breadcrumb","itemListElement":[{"@type":"ListItem","position":1,"name":"Home","item":"https:\/\/uniavisen.dk\/en\/"},{"@type":"ListItem","position":2,"name":"Events","item":"https:\/\/uniavisen.dk\/event\/"},{"@type":"ListItem","position":3,"name":"Feministiske kampe! Arven efter r\u00f8dstr\u00f8mperne"}]},{"@type":"WebSite","@id":"https:\/\/uniavisen.dk\/#website","url":"https:\/\/uniavisen.dk\/","name":"University Post","description":"Independent of management","potentialAction":[{"@type":"SearchAction","target":{"@type":"EntryPoint","urlTemplate":"https:\/\/uniavisen.dk\/?s={search_term_string}"},"query-input":{"@type":"PropertyValueSpecification","valueRequired":true,"valueName":"search_term_string"}}],"inLanguage":"en-US"}]}},"advancedCustomFields":{"event_category":{"term_id":77,"name":"Debat","slug":"debat","term_group":0,"term_taxonomy_id":77,"taxonomy":"event_category","description":"","parent":0,"count":179,"filter":"raw"},"start":"2020-10-28 16:00:00","add_end_time":true,"end":"2020-10-21 18:00:00","location":"KUB Sdr. Campus, Karen Blixens Plads 7, 2300 K\u00f8benhavn S. ","host_name":"Jytte Nielsen ","ticket_link":"https:\/\/kubkalender.kb.dk\/event\/3606247","event_is_free":true,"event_poster":{"ID":111958,"id":111958,"title":"bannerevent3.jpg","filename":"bannerevent3.jpg","filesize":323474,"url":"https:\/\/uniavisen.dk\/wp-content\/uploads\/2020\/10\/bannerevent3.jpg","link":"https:\/\/uniavisen.dk\/en\/event\/feministiske-kampe-arven-efter-roedstroemperne\/bannerevent3-jpg\/","alt":"","author":"0","description":"","caption":"","name":"bannerevent3-jpg","status":"inherit","uploaded_to":111957,"date":"2020-10-19 09:21:40","modified":"2020-10-19 09:21:47","menu_order":0,"mime_type":"image\/jpeg","type":"image","subtype":"jpeg","icon":"https:\/\/uniavisen.dk\/wp-includes\/images\/media\/default.png","width":1200,"height":628,"sizes":{"thumbnail":"https:\/\/uniavisen.dk\/wp-content\/uploads\/2020\/10\/bannerevent3-150x150.jpg","thumbnail-width":150,"thumbnail-height":150,"medium":"https:\/\/uniavisen.dk\/wp-content\/uploads\/2020\/10\/bannerevent3-480x251.jpg","medium-width":480,"medium-height":251,"medium_large":"https:\/\/uniavisen.dk\/wp-content\/uploads\/2020\/10\/bannerevent3-768x402.jpg","medium_large-width":768,"medium_large-height":402,"large":"https:\/\/uniavisen.dk\/wp-content\/uploads\/2020\/10\/bannerevent3.jpg","large-width":1200,"large-height":628,"1536x1536":"https:\/\/uniavisen.dk\/wp-content\/uploads\/2020\/10\/bannerevent3.jpg","1536x1536-width":1200,"1536x1536-height":628,"2048x2048":"https:\/\/uniavisen.dk\/wp-content\/uploads\/2020\/10\/bannerevent3.jpg","2048x2048-width":1200,"2048x2048-height":628,"featured-soft":"https:\/\/uniavisen.dk\/wp-content\/uploads\/2020\/10\/bannerevent3-290x152.jpg","featured-soft-width":290,"featured-soft-height":152,"featured-hard":"https:\/\/uniavisen.dk\/wp-content\/uploads\/2020\/10\/bannerevent3-290x180.jpg","featured-hard-width":290,"featured-hard-height":180,"narrow":"https:\/\/uniavisen.dk\/wp-content\/uploads\/2020\/10\/bannerevent3-700x366.jpg","narrow-width":700,"narrow-height":366,"extended":"https:\/\/uniavisen.dk\/wp-content\/uploads\/2020\/10\/bannerevent3-990x518.jpg","extended-width":990,"extended-height":518}},"short_description":"M\u00f8d 3 feminister fra forskellige generationer til en samtale om de feministiske kampe fra 1970 til i dag.","old_url":""},"_links":{"self":[{"href":"https:\/\/uniavisen.dk\/en\/wp-json\/wp\/v2\/events\/111957","targetHints":{"allow":["GET"]}}],"collection":[{"href":"https:\/\/uniavisen.dk\/en\/wp-json\/wp\/v2\/events"}],"about":[{"href":"https:\/\/uniavisen.dk\/en\/wp-json\/wp\/v2\/types\/event"}],"version-history":[{"count":0,"href":"https:\/\/uniavisen.dk\/en\/wp-json\/wp\/v2\/events\/111957\/revisions"}],"wp:featuredmedia":[{"embeddable":true,"href":"https:\/\/uniavisen.dk\/en\/wp-json\/wp\/v2\/media\/111958"}],"wp:attachment":[{"href":"https:\/\/uniavisen.dk\/en\/wp-json\/wp\/v2\/media?parent=111957"}],"curies":[{"name":"wp","href":"https:\/\/api.w.org\/{rel}","templated":true}]}}