
{"id":133546,"date":"2022-04-27T10:55:37","date_gmt":"2022-04-27T08:55:37","guid":{"rendered":"https:\/\/uniavisen.dk\/en\/event\/de-nye-velfaerdsdialoger\/"},"modified":"2022-04-27T10:55:37","modified_gmt":"2022-04-27T08:55:37","slug":"de-nye-velfaerdsdialoger","status":"publish","type":"event","link":"https:\/\/uniavisen.dk\/en\/event\/de-nye-velfaerdsdialoger\/","title":{"rendered":"De nye velf\u00e6rdsdialoger"},"content":{"rendered":"<p>Dette foredrag er del af en foredragsr\u00e6kke p\u00e5 NEXS, KU med titlen &#8220;Coaching &#8211; forskning og praksis. Enhver med interesse er inviteret til at deltage.<\/p>\n<p>Foredragsholder er <strong>Jacob S\u00f8nderskov<\/strong>, som\u00a0 er\u00a0ejer af Dialogisk Design, hvor han arbejder med coaching og professionelle dialoger og ledelses- og organisationsudvikling. Han arbejder med design og udvikling af professionelle dialoger p\u00e5 velf\u00e6rdsomr\u00e5derne og har tr\u00e6net i hundredvis af coaches og samtalepraktikere.<\/p>\n","protected":false},"excerpt":{"rendered":"<p>Dette foredrag er del af en foredragsr\u00e6kke p\u00e5 NEXS, KU med titlen &#8220;Coaching &#8211; forskning og praksis. Enhver med interesse er inviteret til at deltage. Foredragsholder er Jacob S\u00f8nderskov, som\u00a0 er\u00a0ejer af Dialogisk Design, hvor han arbejder med coaching og professionelle dialoger og ledelses- og organisationsudvikling. Han arbejder med design og udvikling af professionelle dialoger [&hellip;]<\/p>\n","protected":false},"author":0,"featured_media":133547,"template":"","class_list":["post-133546","event","type-event","status-publish","has-post-thumbnail","hentry","event_category-lecture"],"acf":[],"aioseo_notices":[],"yoast_head":"<!-- This site is optimized with the Yoast SEO plugin v27.5 - https:\/\/yoast.com\/product\/yoast-seo-wordpress\/ -->\n<title>De nye velf\u00e6rdsdialoger<\/title>\n<meta name=\"robots\" content=\"index, follow, max-snippet:-1, max-image-preview:large, max-video-preview:-1\" \/>\n<link rel=\"canonical\" href=\"https:\/\/uniavisen.dk\/en\/event\/de-nye-velfaerdsdialoger\/\" \/>\n<meta property=\"og:locale\" content=\"en_US\" \/>\n<meta property=\"og:type\" content=\"article\" \/>\n<meta property=\"og:title\" content=\"De nye velf\u00e6rdsdialoger\" \/>\n<meta property=\"og:description\" content=\"Dette foredrag er del af en foredragsr\u00e6kke p\u00e5 NEXS, KU med titlen &#8220;Coaching &#8211; forskning og praksis. Enhver med interesse er inviteret til at deltage. Foredragsholder er Jacob S\u00f8nderskov, som\u00a0 er\u00a0ejer af Dialogisk Design, hvor han arbejder med coaching og professionelle dialoger og ledelses- og organisationsudvikling. Han arbejder med design og udvikling af professionelle dialoger [&hellip;]\" \/>\n<meta property=\"og:url\" content=\"https:\/\/uniavisen.dk\/en\/event\/de-nye-velfaerdsdialoger\/\" \/>\n<meta property=\"og:site_name\" content=\"University Post\" \/>\n<meta property=\"article:publisher\" content=\"https:\/\/www.facebook.com\/uniavis\" \/>\n<meta name=\"twitter:card\" content=\"summary_large_image\" \/>\n<meta name=\"twitter:site\" content=\"@Uniavisen\" \/>\n<script type=\"application\/ld+json\" class=\"yoast-schema-graph\">{\"@context\":\"https:\\\/\\\/schema.org\",\"@graph\":[{\"@type\":\"WebPage\",\"@id\":\"https:\\\/\\\/uniavisen.dk\\\/en\\\/event\\\/de-nye-velfaerdsdialoger\\\/\",\"url\":\"https:\\\/\\\/uniavisen.dk\\\/en\\\/event\\\/de-nye-velfaerdsdialoger\\\/\",\"name\":\"De nye velf\u00e6rdsdialoger\",\"isPartOf\":{\"@id\":\"https:\\\/\\\/uniavisen.dk\\\/#website\"},\"primaryImageOfPage\":{\"@id\":\"https:\\\/\\\/uniavisen.dk\\\/en\\\/event\\\/de-nye-velfaerdsdialoger\\\/#primaryimage\"},\"image\":{\"@id\":\"https:\\\/\\\/uniavisen.dk\\\/en\\\/event\\\/de-nye-velfaerdsdialoger\\\/#primaryimage\"},\"thumbnailUrl\":\"https:\\\/\\\/uniavisen.dk\\\/wp-content\\\/uploads\\\/2022\\\/04\\\/coachingunit.jpg\",\"datePublished\":\"2022-04-27T08:55:37+00:00\",\"breadcrumb\":{\"@id\":\"https:\\\/\\\/uniavisen.dk\\\/en\\\/event\\\/de-nye-velfaerdsdialoger\\\/#breadcrumb\"},\"inLanguage\":\"en-US\",\"potentialAction\":[{\"@type\":\"ReadAction\",\"target\":[\"https:\\\/\\\/uniavisen.dk\\\/en\\\/event\\\/de-nye-velfaerdsdialoger\\\/\"]}]},{\"@type\":\"ImageObject\",\"inLanguage\":\"en-US\",\"@id\":\"https:\\\/\\\/uniavisen.dk\\\/en\\\/event\\\/de-nye-velfaerdsdialoger\\\/#primaryimage\",\"url\":\"https:\\\/\\\/uniavisen.dk\\\/wp-content\\\/uploads\\\/2022\\\/04\\\/coachingunit.jpg\",\"contentUrl\":\"https:\\\/\\\/uniavisen.dk\\\/wp-content\\\/uploads\\\/2022\\\/04\\\/coachingunit.jpg\",\"width\":235,\"height\":87},{\"@type\":\"BreadcrumbList\",\"@id\":\"https:\\\/\\\/uniavisen.dk\\\/en\\\/event\\\/de-nye-velfaerdsdialoger\\\/#breadcrumb\",\"itemListElement\":[{\"@type\":\"ListItem\",\"position\":1,\"name\":\"Home\",\"item\":\"https:\\\/\\\/uniavisen.dk\\\/en\\\/\"},{\"@type\":\"ListItem\",\"position\":2,\"name\":\"Events\",\"item\":\"https:\\\/\\\/uniavisen.dk\\\/event\\\/\"},{\"@type\":\"ListItem\",\"position\":3,\"name\":\"De nye velf\u00e6rdsdialoger\"}]},{\"@type\":\"WebSite\",\"@id\":\"https:\\\/\\\/uniavisen.dk\\\/#website\",\"url\":\"https:\\\/\\\/uniavisen.dk\\\/\",\"name\":\"University Post\",\"description\":\"Independent of management\",\"potentialAction\":[{\"@type\":\"SearchAction\",\"target\":{\"@type\":\"EntryPoint\",\"urlTemplate\":\"https:\\\/\\\/uniavisen.dk\\\/?s={search_term_string}\"},\"query-input\":{\"@type\":\"PropertyValueSpecification\",\"valueRequired\":true,\"valueName\":\"search_term_string\"}}],\"inLanguage\":\"en-US\"}]}<\/script>\n<!-- \/ Yoast SEO plugin. -->","yoast_head_json":{"title":"De nye velf\u00e6rdsdialoger","robots":{"index":"index","follow":"follow","max-snippet":"max-snippet:-1","max-image-preview":"max-image-preview:large","max-video-preview":"max-video-preview:-1"},"canonical":"https:\/\/uniavisen.dk\/en\/event\/de-nye-velfaerdsdialoger\/","og_locale":"en_US","og_type":"article","og_title":"De nye velf\u00e6rdsdialoger","og_description":"Dette foredrag er del af en foredragsr\u00e6kke p\u00e5 NEXS, KU med titlen &#8220;Coaching &#8211; forskning og praksis. Enhver med interesse er inviteret til at deltage. Foredragsholder er Jacob S\u00f8nderskov, som\u00a0 er\u00a0ejer af Dialogisk Design, hvor han arbejder med coaching og professionelle dialoger og ledelses- og organisationsudvikling. Han arbejder med design og udvikling af professionelle dialoger [&hellip;]","og_url":"https:\/\/uniavisen.dk\/en\/event\/de-nye-velfaerdsdialoger\/","og_site_name":"University Post","article_publisher":"https:\/\/www.facebook.com\/uniavis","twitter_card":"summary_large_image","twitter_site":"@Uniavisen","schema":{"@context":"https:\/\/schema.org","@graph":[{"@type":"WebPage","@id":"https:\/\/uniavisen.dk\/en\/event\/de-nye-velfaerdsdialoger\/","url":"https:\/\/uniavisen.dk\/en\/event\/de-nye-velfaerdsdialoger\/","name":"De nye velf\u00e6rdsdialoger","isPartOf":{"@id":"https:\/\/uniavisen.dk\/#website"},"primaryImageOfPage":{"@id":"https:\/\/uniavisen.dk\/en\/event\/de-nye-velfaerdsdialoger\/#primaryimage"},"image":{"@id":"https:\/\/uniavisen.dk\/en\/event\/de-nye-velfaerdsdialoger\/#primaryimage"},"thumbnailUrl":"https:\/\/uniavisen.dk\/wp-content\/uploads\/2022\/04\/coachingunit.jpg","datePublished":"2022-04-27T08:55:37+00:00","breadcrumb":{"@id":"https:\/\/uniavisen.dk\/en\/event\/de-nye-velfaerdsdialoger\/#breadcrumb"},"inLanguage":"en-US","potentialAction":[{"@type":"ReadAction","target":["https:\/\/uniavisen.dk\/en\/event\/de-nye-velfaerdsdialoger\/"]}]},{"@type":"ImageObject","inLanguage":"en-US","@id":"https:\/\/uniavisen.dk\/en\/event\/de-nye-velfaerdsdialoger\/#primaryimage","url":"https:\/\/uniavisen.dk\/wp-content\/uploads\/2022\/04\/coachingunit.jpg","contentUrl":"https:\/\/uniavisen.dk\/wp-content\/uploads\/2022\/04\/coachingunit.jpg","width":235,"height":87},{"@type":"BreadcrumbList","@id":"https:\/\/uniavisen.dk\/en\/event\/de-nye-velfaerdsdialoger\/#breadcrumb","itemListElement":[{"@type":"ListItem","position":1,"name":"Home","item":"https:\/\/uniavisen.dk\/en\/"},{"@type":"ListItem","position":2,"name":"Events","item":"https:\/\/uniavisen.dk\/event\/"},{"@type":"ListItem","position":3,"name":"De nye velf\u00e6rdsdialoger"}]},{"@type":"WebSite","@id":"https:\/\/uniavisen.dk\/#website","url":"https:\/\/uniavisen.dk\/","name":"University Post","description":"Independent of management","potentialAction":[{"@type":"SearchAction","target":{"@type":"EntryPoint","urlTemplate":"https:\/\/uniavisen.dk\/?s={search_term_string}"},"query-input":{"@type":"PropertyValueSpecification","valueRequired":true,"valueName":"search_term_string"}}],"inLanguage":"en-US"}]}},"advancedCustomFields":{"event_category":{"term_id":136,"name":"Lecture","slug":"lecture","term_group":0,"term_taxonomy_id":136,"taxonomy":"event_category","description":"","parent":0,"count":66,"filter":"raw"},"start":"2022-06-08 16:00:00","add_end_time":true,"end":"2022-06-08 17:30:00","location":"Store auditorium, Inst. for Idr\u00e6t og Ern\u00e6ring, N\u00f8rre All\u00e9 53.","host_name":"Prof. Reinhard Stelter, Institut for Idr\u00e6t og Ern\u00e6ring (NEXS)","ticket_link":"https:\/\/nexs.ku.dk\/forskning\/idraet-individ-samfund\/forskningsgrupper\/krop-laering-og-social-forandring\/hw-projekter\/coaching\/arrangementer\/2021\/margaret-moore\/","event_is_free":true,"event_poster":{"ID":133547,"id":133547,"title":"coachingunit.jpg","filename":"coachingunit.jpg","filesize":33238,"url":"https:\/\/uniavisen.dk\/wp-content\/uploads\/2022\/04\/coachingunit.jpg","link":"https:\/\/uniavisen.dk\/en\/event\/de-nye-velfaerdsdialoger\/coachingunit-jpg-8\/","alt":"","author":"0","description":"","caption":"","name":"coachingunit-jpg-8","status":"inherit","uploaded_to":133546,"date":"2022-04-27 08:55:37","modified":"2022-04-27 08:55:37","menu_order":0,"mime_type":"image\/jpeg","type":"image","subtype":"jpeg","icon":"https:\/\/uniavisen.dk\/wp-includes\/images\/media\/default.png","width":235,"height":87,"sizes":{"thumbnail":"https:\/\/uniavisen.dk\/wp-content\/uploads\/2022\/04\/coachingunit-150x87.jpg","thumbnail-width":150,"thumbnail-height":87,"medium":"https:\/\/uniavisen.dk\/wp-content\/uploads\/2022\/04\/coachingunit.jpg","medium-width":235,"medium-height":87,"medium_large":"https:\/\/uniavisen.dk\/wp-content\/uploads\/2022\/04\/coachingunit.jpg","medium_large-width":235,"medium_large-height":87,"large":"https:\/\/uniavisen.dk\/wp-content\/uploads\/2022\/04\/coachingunit.jpg","large-width":235,"large-height":87,"1536x1536":"https:\/\/uniavisen.dk\/wp-content\/uploads\/2022\/04\/coachingunit.jpg","1536x1536-width":235,"1536x1536-height":87,"2048x2048":"https:\/\/uniavisen.dk\/wp-content\/uploads\/2022\/04\/coachingunit.jpg","2048x2048-width":235,"2048x2048-height":87,"featured-soft":"https:\/\/uniavisen.dk\/wp-content\/uploads\/2022\/04\/coachingunit.jpg","featured-soft-width":235,"featured-soft-height":87,"featured-hard":"https:\/\/uniavisen.dk\/wp-content\/uploads\/2022\/04\/coachingunit.jpg","featured-hard-width":235,"featured-hard-height":87,"narrow":"https:\/\/uniavisen.dk\/wp-content\/uploads\/2022\/04\/coachingunit.jpg","narrow-width":235,"narrow-height":87,"extended":"https:\/\/uniavisen.dk\/wp-content\/uploads\/2022\/04\/coachingunit.jpg","extended-width":235,"extended-height":87}},"short_description":"Coaching og professionelle dialoger spiller en stadig st\u00f8rre rolle p\u00e5 de store velf\u00e6rdsomr\u00e5der, hvor de dialogiske og relationelle kompetencer t\u00e6nkes ind i nye velf\u00e6rdshybrider i relation til borgen.\r\nVelf\u00e6rdsprofessionelle l\u00e6rer herigennem nye kompetencer, ligesom borgere l\u00e6rer at v\u00e6re borgere p\u00e5 nye m\u00e5der.\r\nDe nye velf\u00e6rdshybrider repr\u00e6senterer en grundl\u00e6ggende bev\u00e6gelse p\u00e5 velf\u00e6rdsomr\u00e5derne, og med afs\u00e6t i en konkret case fra sundhedsomr\u00e5det ser vi p\u00e5, hvad de nye velf\u00e6rdsdialoger best\u00e5r af samt hvordan de ser ud.","old_url":""},"_links":{"self":[{"href":"https:\/\/uniavisen.dk\/en\/wp-json\/wp\/v2\/events\/133546","targetHints":{"allow":["GET"]}}],"collection":[{"href":"https:\/\/uniavisen.dk\/en\/wp-json\/wp\/v2\/events"}],"about":[{"href":"https:\/\/uniavisen.dk\/en\/wp-json\/wp\/v2\/types\/event"}],"version-history":[{"count":0,"href":"https:\/\/uniavisen.dk\/en\/wp-json\/wp\/v2\/events\/133546\/revisions"}],"wp:featuredmedia":[{"embeddable":true,"href":"https:\/\/uniavisen.dk\/en\/wp-json\/wp\/v2\/media\/133547"}],"wp:attachment":[{"href":"https:\/\/uniavisen.dk\/en\/wp-json\/wp\/v2\/media?parent=133546"}],"curies":[{"name":"wp","href":"https:\/\/api.w.org\/{rel}","templated":true}]}}