
{"id":135146,"date":"2022-06-03T08:29:51","date_gmt":"2022-06-03T06:29:51","guid":{"rendered":"https:\/\/uniavisen.dk\/event\/oplev-tour-de-france-feltet-koere-forbi-maersk-taarnet-og-panum\/"},"modified":"2022-06-03T08:29:51","modified_gmt":"2022-06-03T06:29:51","slug":"oplev-tour-de-france-feltet-koere-forbi-maersk-taarnet-og-panum","status":"publish","type":"event","link":"https:\/\/uniavisen.dk\/en\/event\/oplev-tour-de-france-feltet-koere-forbi-maersk-taarnet-og-panum\/","title":{"rendered":"Oplev Tour de France feltet k\u00f8re forbi M\u00e6rsk T\u00e5rnet og Panum"},"content":{"rendered":"<p>Kom forbi og se rytterne fra f\u00f8rste parket p\u00e5 forpladsen foran M\u00e6rsk T\u00e5rnet, n\u00e5r verdens bedste cykelryttere indtager K\u00f8benhavns gader den 1. juli, hvor Tour de France 2022 skydes i gang med en 13 km lang enkeltstart.<\/p>\n<p>Der vil v\u00e6re storsk\u00e6rm, streetfood, dj, salg af \u00f8l og vand, grafitti-kunst og cykeln\u00f8rderi p\u00e5 forpladsen. Kom og deltag i den gule folkefest sammen med din familie, venner, kollegaer og medstuderende!<\/p>\n","protected":false},"excerpt":{"rendered":"<p>Kom forbi og se rytterne fra f\u00f8rste parket p\u00e5 forpladsen foran M\u00e6rsk T\u00e5rnet, n\u00e5r verdens bedste cykelryttere indtager K\u00f8benhavns gader den 1. juli, hvor Tour de France 2022 skydes i gang med en 13 km lang enkeltstart. Der vil v\u00e6re storsk\u00e6rm, streetfood, dj, salg af \u00f8l og vand, grafitti-kunst og cykeln\u00f8rderi p\u00e5 forpladsen. Kom og [&hellip;]<\/p>\n","protected":false},"author":0,"featured_media":135147,"template":"","class_list":["post-135146","event","type-event","status-publish","has-post-thumbnail","hentry","event_category-oevrige"],"acf":[],"aioseo_notices":[],"yoast_head":"<!-- This site is optimized with the Yoast SEO plugin v27.4 - https:\/\/yoast.com\/product\/yoast-seo-wordpress\/ -->\n<title>Oplev Tour de France feltet k\u00f8re forbi M\u00e6rsk T\u00e5rnet og Panum<\/title>\n<meta name=\"robots\" content=\"index, follow, max-snippet:-1, max-image-preview:large, max-video-preview:-1\" \/>\n<link rel=\"canonical\" href=\"https:\/\/uniavisen.dk\/event\/oplev-tour-de-france-feltet-koere-forbi-maersk-taarnet-og-panum\/\" \/>\n<meta property=\"og:locale\" content=\"en_US\" \/>\n<meta property=\"og:type\" content=\"article\" \/>\n<meta property=\"og:title\" content=\"Oplev Tour de France feltet k\u00f8re forbi M\u00e6rsk T\u00e5rnet og Panum\" \/>\n<meta property=\"og:description\" content=\"Kom forbi og se rytterne fra f\u00f8rste parket p\u00e5 forpladsen foran M\u00e6rsk T\u00e5rnet, n\u00e5r verdens bedste cykelryttere indtager K\u00f8benhavns gader den 1. juli, hvor Tour de France 2022 skydes i gang med en 13 km lang enkeltstart. Der vil v\u00e6re storsk\u00e6rm, streetfood, dj, salg af \u00f8l og vand, grafitti-kunst og cykeln\u00f8rderi p\u00e5 forpladsen. Kom og [&hellip;]\" \/>\n<meta property=\"og:url\" content=\"https:\/\/uniavisen.dk\/event\/oplev-tour-de-france-feltet-koere-forbi-maersk-taarnet-og-panum\/\" \/>\n<meta property=\"og:site_name\" content=\"University Post\" \/>\n<meta property=\"article:publisher\" content=\"https:\/\/www.facebook.com\/uniavis\" \/>\n<meta name=\"twitter:card\" content=\"summary_large_image\" \/>\n<meta name=\"twitter:site\" content=\"@Uniavisen\" \/>\n<script type=\"application\/ld+json\" class=\"yoast-schema-graph\">{\"@context\":\"https:\\\/\\\/schema.org\",\"@graph\":[{\"@type\":\"WebPage\",\"@id\":\"https:\\\/\\\/uniavisen.dk\\\/event\\\/oplev-tour-de-france-feltet-koere-forbi-maersk-taarnet-og-panum\\\/\",\"url\":\"https:\\\/\\\/uniavisen.dk\\\/event\\\/oplev-tour-de-france-feltet-koere-forbi-maersk-taarnet-og-panum\\\/\",\"name\":\"Oplev Tour de France feltet k\u00f8re forbi M\u00e6rsk T\u00e5rnet og Panum\",\"isPartOf\":{\"@id\":\"https:\\\/\\\/uniavisen.dk\\\/#website\"},\"primaryImageOfPage\":{\"@id\":\"https:\\\/\\\/uniavisen.dk\\\/event\\\/oplev-tour-de-france-feltet-koere-forbi-maersk-taarnet-og-panum\\\/#primaryimage\"},\"image\":{\"@id\":\"https:\\\/\\\/uniavisen.dk\\\/event\\\/oplev-tour-de-france-feltet-koere-forbi-maersk-taarnet-og-panum\\\/#primaryimage\"},\"thumbnailUrl\":\"https:\\\/\\\/uniavisen.dk\\\/wp-content\\\/uploads\\\/2022\\\/06\\\/tourdefrance_ku.png\",\"datePublished\":\"2022-06-03T06:29:51+00:00\",\"breadcrumb\":{\"@id\":\"https:\\\/\\\/uniavisen.dk\\\/event\\\/oplev-tour-de-france-feltet-koere-forbi-maersk-taarnet-og-panum\\\/#breadcrumb\"},\"inLanguage\":\"en-US\",\"potentialAction\":[{\"@type\":\"ReadAction\",\"target\":[\"https:\\\/\\\/uniavisen.dk\\\/event\\\/oplev-tour-de-france-feltet-koere-forbi-maersk-taarnet-og-panum\\\/\"]}]},{\"@type\":\"ImageObject\",\"inLanguage\":\"en-US\",\"@id\":\"https:\\\/\\\/uniavisen.dk\\\/event\\\/oplev-tour-de-france-feltet-koere-forbi-maersk-taarnet-og-panum\\\/#primaryimage\",\"url\":\"https:\\\/\\\/uniavisen.dk\\\/wp-content\\\/uploads\\\/2022\\\/06\\\/tourdefrance_ku.png\",\"contentUrl\":\"https:\\\/\\\/uniavisen.dk\\\/wp-content\\\/uploads\\\/2022\\\/06\\\/tourdefrance_ku.png\",\"width\":494,\"height\":296},{\"@type\":\"BreadcrumbList\",\"@id\":\"https:\\\/\\\/uniavisen.dk\\\/event\\\/oplev-tour-de-france-feltet-koere-forbi-maersk-taarnet-og-panum\\\/#breadcrumb\",\"itemListElement\":[{\"@type\":\"ListItem\",\"position\":1,\"name\":\"Home\",\"item\":\"https:\\\/\\\/uniavisen.dk\\\/en\\\/\"},{\"@type\":\"ListItem\",\"position\":2,\"name\":\"Events\",\"item\":\"https:\\\/\\\/uniavisen.dk\\\/event\\\/\"},{\"@type\":\"ListItem\",\"position\":3,\"name\":\"Oplev Tour de France feltet k\u00f8re forbi M\u00e6rsk T\u00e5rnet og Panum\"}]},{\"@type\":\"WebSite\",\"@id\":\"https:\\\/\\\/uniavisen.dk\\\/#website\",\"url\":\"https:\\\/\\\/uniavisen.dk\\\/\",\"name\":\"University Post\",\"description\":\"Independent of management\",\"potentialAction\":[{\"@type\":\"SearchAction\",\"target\":{\"@type\":\"EntryPoint\",\"urlTemplate\":\"https:\\\/\\\/uniavisen.dk\\\/?s={search_term_string}\"},\"query-input\":{\"@type\":\"PropertyValueSpecification\",\"valueRequired\":true,\"valueName\":\"search_term_string\"}}],\"inLanguage\":\"en-US\"}]}<\/script>\n<!-- \/ Yoast SEO plugin. -->","yoast_head_json":{"title":"Oplev Tour de France feltet k\u00f8re forbi M\u00e6rsk T\u00e5rnet og Panum","robots":{"index":"index","follow":"follow","max-snippet":"max-snippet:-1","max-image-preview":"max-image-preview:large","max-video-preview":"max-video-preview:-1"},"canonical":"https:\/\/uniavisen.dk\/event\/oplev-tour-de-france-feltet-koere-forbi-maersk-taarnet-og-panum\/","og_locale":"en_US","og_type":"article","og_title":"Oplev Tour de France feltet k\u00f8re forbi M\u00e6rsk T\u00e5rnet og Panum","og_description":"Kom forbi og se rytterne fra f\u00f8rste parket p\u00e5 forpladsen foran M\u00e6rsk T\u00e5rnet, n\u00e5r verdens bedste cykelryttere indtager K\u00f8benhavns gader den 1. juli, hvor Tour de France 2022 skydes i gang med en 13 km lang enkeltstart. Der vil v\u00e6re storsk\u00e6rm, streetfood, dj, salg af \u00f8l og vand, grafitti-kunst og cykeln\u00f8rderi p\u00e5 forpladsen. Kom og [&hellip;]","og_url":"https:\/\/uniavisen.dk\/event\/oplev-tour-de-france-feltet-koere-forbi-maersk-taarnet-og-panum\/","og_site_name":"University Post","article_publisher":"https:\/\/www.facebook.com\/uniavis","twitter_card":"summary_large_image","twitter_site":"@Uniavisen","schema":{"@context":"https:\/\/schema.org","@graph":[{"@type":"WebPage","@id":"https:\/\/uniavisen.dk\/event\/oplev-tour-de-france-feltet-koere-forbi-maersk-taarnet-og-panum\/","url":"https:\/\/uniavisen.dk\/event\/oplev-tour-de-france-feltet-koere-forbi-maersk-taarnet-og-panum\/","name":"Oplev Tour de France feltet k\u00f8re forbi M\u00e6rsk T\u00e5rnet og Panum","isPartOf":{"@id":"https:\/\/uniavisen.dk\/#website"},"primaryImageOfPage":{"@id":"https:\/\/uniavisen.dk\/event\/oplev-tour-de-france-feltet-koere-forbi-maersk-taarnet-og-panum\/#primaryimage"},"image":{"@id":"https:\/\/uniavisen.dk\/event\/oplev-tour-de-france-feltet-koere-forbi-maersk-taarnet-og-panum\/#primaryimage"},"thumbnailUrl":"https:\/\/uniavisen.dk\/wp-content\/uploads\/2022\/06\/tourdefrance_ku.png","datePublished":"2022-06-03T06:29:51+00:00","breadcrumb":{"@id":"https:\/\/uniavisen.dk\/event\/oplev-tour-de-france-feltet-koere-forbi-maersk-taarnet-og-panum\/#breadcrumb"},"inLanguage":"en-US","potentialAction":[{"@type":"ReadAction","target":["https:\/\/uniavisen.dk\/event\/oplev-tour-de-france-feltet-koere-forbi-maersk-taarnet-og-panum\/"]}]},{"@type":"ImageObject","inLanguage":"en-US","@id":"https:\/\/uniavisen.dk\/event\/oplev-tour-de-france-feltet-koere-forbi-maersk-taarnet-og-panum\/#primaryimage","url":"https:\/\/uniavisen.dk\/wp-content\/uploads\/2022\/06\/tourdefrance_ku.png","contentUrl":"https:\/\/uniavisen.dk\/wp-content\/uploads\/2022\/06\/tourdefrance_ku.png","width":494,"height":296},{"@type":"BreadcrumbList","@id":"https:\/\/uniavisen.dk\/event\/oplev-tour-de-france-feltet-koere-forbi-maersk-taarnet-og-panum\/#breadcrumb","itemListElement":[{"@type":"ListItem","position":1,"name":"Home","item":"https:\/\/uniavisen.dk\/en\/"},{"@type":"ListItem","position":2,"name":"Events","item":"https:\/\/uniavisen.dk\/event\/"},{"@type":"ListItem","position":3,"name":"Oplev Tour de France feltet k\u00f8re forbi M\u00e6rsk T\u00e5rnet og Panum"}]},{"@type":"WebSite","@id":"https:\/\/uniavisen.dk\/#website","url":"https:\/\/uniavisen.dk\/","name":"University Post","description":"Independent of management","potentialAction":[{"@type":"SearchAction","target":{"@type":"EntryPoint","urlTemplate":"https:\/\/uniavisen.dk\/?s={search_term_string}"},"query-input":{"@type":"PropertyValueSpecification","valueRequired":true,"valueName":"search_term_string"}}],"inLanguage":"en-US"}]}},"advancedCustomFields":{"event_category":{"term_id":70,"name":"\u00d8vrige","slug":"oevrige","term_group":0,"term_taxonomy_id":70,"taxonomy":"event_category","description":"","parent":0,"count":575,"filter":"raw"},"start":"2022-07-01 13:00:00","add_end_time":true,"end":"2022-07-01 20:00:00","location":"Forpladsen ved M\u00e6rsk T\u00e5rnet, Blegdamsvej 3, 2200 K\u00f8benhavn N","host_name":"K\u00f8benhavns Universitet","ticket_link":"","event_is_free":true,"event_poster":{"ID":135147,"id":135147,"title":"tourdefrance_ku.png","filename":"tourdefrance_ku.png","filesize":76826,"url":"https:\/\/uniavisen.dk\/wp-content\/uploads\/2022\/06\/tourdefrance_ku.png","link":"https:\/\/uniavisen.dk\/en\/event\/oplev-tour-de-france-feltet-koere-forbi-maersk-taarnet-og-panum\/tourdefrance_ku-png\/","alt":"","author":"0","description":"","caption":"","name":"tourdefrance_ku-png","status":"inherit","uploaded_to":135146,"date":"2022-06-03 06:29:52","modified":"2022-06-03 06:29:52","menu_order":0,"mime_type":"image\/png","type":"image","subtype":"png","icon":"https:\/\/uniavisen.dk\/wp-includes\/images\/media\/default.png","width":494,"height":296,"sizes":{"thumbnail":"https:\/\/uniavisen.dk\/wp-content\/uploads\/2022\/06\/tourdefrance_ku-150x150.png","thumbnail-width":150,"thumbnail-height":150,"medium":"https:\/\/uniavisen.dk\/wp-content\/uploads\/2022\/06\/tourdefrance_ku-480x288.png","medium-width":480,"medium-height":288,"medium_large":"https:\/\/uniavisen.dk\/wp-content\/uploads\/2022\/06\/tourdefrance_ku.png","medium_large-width":494,"medium_large-height":296,"large":"https:\/\/uniavisen.dk\/wp-content\/uploads\/2022\/06\/tourdefrance_ku.png","large-width":494,"large-height":296,"1536x1536":"https:\/\/uniavisen.dk\/wp-content\/uploads\/2022\/06\/tourdefrance_ku.png","1536x1536-width":494,"1536x1536-height":296,"2048x2048":"https:\/\/uniavisen.dk\/wp-content\/uploads\/2022\/06\/tourdefrance_ku.png","2048x2048-width":494,"2048x2048-height":296,"featured-soft":"https:\/\/uniavisen.dk\/wp-content\/uploads\/2022\/06\/tourdefrance_ku-290x174.png","featured-soft-width":290,"featured-soft-height":174,"featured-hard":"https:\/\/uniavisen.dk\/wp-content\/uploads\/2022\/06\/tourdefrance_ku-290x180.png","featured-hard-width":290,"featured-hard-height":180,"narrow":"https:\/\/uniavisen.dk\/wp-content\/uploads\/2022\/06\/tourdefrance_ku.png","narrow-width":494,"narrow-height":296,"extended":"https:\/\/uniavisen.dk\/wp-content\/uploads\/2022\/06\/tourdefrance_ku.png","extended-width":494,"extended-height":296}},"short_description":"Kom forbi og se rytterne fra f\u00f8rste parket p\u00e5 forpladsen foran M\u00e6rsk T\u00e5rnet, n\u00e5r verdens bedste cykelryttere indtager K\u00f8benhavns gader den 1. juli.\r\n\r\nDer vil v\u00e6re storsk\u00e6rm, streetfood, dj, salg af \u00f8l og vand, grafitti-kunst og cykeln\u00f8rderi p\u00e5 forpladsen. Kom og deltag i den gule folkefest sammen med din familie, venner, kollegaer og medstuderende!","old_url":""},"_links":{"self":[{"href":"https:\/\/uniavisen.dk\/en\/wp-json\/wp\/v2\/events\/135146","targetHints":{"allow":["GET"]}}],"collection":[{"href":"https:\/\/uniavisen.dk\/en\/wp-json\/wp\/v2\/events"}],"about":[{"href":"https:\/\/uniavisen.dk\/en\/wp-json\/wp\/v2\/types\/event"}],"version-history":[{"count":0,"href":"https:\/\/uniavisen.dk\/en\/wp-json\/wp\/v2\/events\/135146\/revisions"}],"wp:featuredmedia":[{"embeddable":true,"href":"https:\/\/uniavisen.dk\/en\/wp-json\/wp\/v2\/media\/135147"}],"wp:attachment":[{"href":"https:\/\/uniavisen.dk\/en\/wp-json\/wp\/v2\/media?parent=135146"}],"curies":[{"name":"wp","href":"https:\/\/api.w.org\/{rel}","templated":true}]}}