
{"id":144604,"date":"2022-12-22T15:53:26","date_gmt":"2022-12-22T14:53:26","guid":{"rendered":"https:\/\/uniavisen.dk\/en\/event\/the-5th-annual-oresund-conference\/"},"modified":"2022-12-22T15:53:26","modified_gmt":"2022-12-22T14:53:26","slug":"the-5th-annual-oresund-conference","status":"publish","type":"event","link":"https:\/\/uniavisen.dk\/en\/event\/the-5th-annual-oresund-conference\/","title":{"rendered":"The 5th Annual \u00d6resund Conference"},"content":{"rendered":"<p>The fifth-semester European Studies students are organizing the Fifth Annual \u00d8resund Conference at Malm\u00f6 University on 11th January 2023. The event will be brought back as a live conference after two years of online seminars due to the COVID-19 pandemic.<\/p>\n<p>The Fifth Annual \u00d8resund Conference is a platform that welcomes scholars, politicians, and students from around the \u00d8resund region to discuss the challenges and the future opportunities of the region, its education systems, and its labor market. The event is divided into panels and lectures, each aiming to tackle a unique set of issues:<\/p>\n<p><strong>LECTURE + QA<\/strong><\/p>\n<p><strong>Commuting in the Region for Academic Purposes\u00a0<\/strong><\/p>\n<p>A\u00a0 total of seven regional centers have been established within\u00a0 Region Skane: Malmo, Lund, Helsingborg, Landskrona, Hassleholm, Kristianstad, and Ystad. These centers are expected to provide various key services, among others. Regarding commute times and the number of transfers,\u00a0 residents of different urban areas and municipalities are in different positions when commuting to regional centers. Smaller localities tend to have fewer public transportation options available in regional centers than larger ones. There is, therefore, a\u00a0 possibility that students from different parts of the province may experience different adverse effects from an increasingly long and challenging commute.<\/p>\n<p><strong>LECTURE + QA<\/strong><\/p>\n<p><strong>Education During the Pandemic: Challenges and Possibilities\u00a0<\/strong><\/p>\n<p>The\u00a0 COVID-19\u00a0 pandemic has been a historical shock to education systems worldwide. Countries around the world have implemented unprecedented containment measures to control the spread of the coronavirus:\u00a0 schools, colleges,\u00a0 and universities were closed. At universities, the closure brought difficulties for students and staff alike.<\/p>\n<p>In 2020, the share of adults enrolled in formal and non-formal education in\u00a0 OECD\u00a0 countries decreased by\u00a0 27%\u00a0 compared to\u00a0 2019. Even though the pandemic accelerated the reliance on digital tools and enabled education to be conducted online,\u00a0 the quick shift to distance learning drew attention to the value of teacher-student interactions and the importance of connected interactions, e.g., socialization processes between students. As educational institutions have resumed operations following the most severe disruption of their services for many decades,\u00a0 it is time to evaluate the challenges and perhaps even the opportunities that the pandemic has created and what could be the new normal in the region.<\/p>\n<p>&nbsp;<\/p>\n<p><strong>PANEL DISCUSSION<\/strong><\/p>\n<p><strong>Danish and Swedish Higher Education Systems\u00a0<\/strong><\/p>\n<p>A critical component of the \u00d8resund Region\u2019s economy is knowledge-intensive activities. In addition to being a cross-border location of particular significance,\u00a0 it is also famous for its higher education and research institutions. It is estimated that about twelve universities and other educational institutions in the region offer students an array of educational opportunities along with stimulating research and development environments. As a result, they are attracting students from outside the region within their respective countries and from abroad. In addition, they are also considered to be key actors in cross-border innovation. Despite this, the national dimension plays an important role in education across the region since the national governments regulate both the Danish and Swedish higher education systems.\u00a0 The panel discussion will focus on how higher education systems are organized in both countries.<\/p>\n<p>&nbsp;<\/p>\n<p><strong>PANEL DISCUSSION<\/strong><\/p>\n<p><strong>Social Sciences and Humanities in the \u00d8resund Region: [Im]possible Regional Cooperation?<\/strong><\/p>\n<p>There has never been anything like the \u00d8resund University in the academic world, not only in Denmark and Sweden but also globally. It is almost impossible to find university collaborations across borders of the same size and ambition from the same period. When the \u00d8resund University was first established, the summer university was a junior activity, focusing primarily on students and teaching. In contrast, \u00d8resund University had, from the beginning, a\u00a0 broader and more profound purpose to which Lund University and the University of\u00a0 Copenhagen management were committed. Nevertheless, the idea gradually lost its sharpness, clarity, and focus. As a result, it faded out and died on its own. Although, it is important to note that the region\u2019s universities have not slowed down or accelerated since.<\/p>\n<p>&nbsp;<\/p>\n<p><strong>PANEL DISCUSSION<\/strong><\/p>\n<p><strong>From Education To the Labour Market<\/strong><\/p>\n<p>Studying a particular degree subject may lead to a well-paid dream job, which is undoubtedly one of the main motivating factors for participation in tertiary education. While studying any degree may give one an automatic passport to success in the workplace, no one can guarantee this will be the case. Many OECD countries currently have roughly one-third of their university graduates working non-graduate jobs, which challenges the assumption that most tertiary graduates are guaranteed high-skilled employment. The work of the \u00d8resund Committee gave special attention to labor market issues, which is not surprising. In what ways does the current situation in the region differ from that of the past?<\/p>\n<p>&nbsp;<\/p>\n","protected":false},"excerpt":{"rendered":"<p>The fifth-semester European Studies students are organizing the Fifth Annual \u00d8resund Conference at Malm\u00f6 University on 11th January 2023. The event will be brought back as a live conference after two years of online seminars due to the COVID-19 pandemic. The Fifth Annual \u00d8resund Conference is a platform that welcomes scholars, politicians, and students from [&hellip;]<\/p>\n","protected":false},"author":0,"featured_media":144605,"template":"","class_list":["post-144604","event","type-event","status-publish","has-post-thumbnail","hentry","event_category-conference"],"acf":[],"aioseo_notices":[],"yoast_head":"<!-- This site is optimized with the Yoast SEO plugin v27.5 - https:\/\/yoast.com\/product\/yoast-seo-wordpress\/ -->\n<title>The 5th Annual \u00d6resund Conference<\/title>\n<meta name=\"robots\" content=\"index, follow, max-snippet:-1, max-image-preview:large, max-video-preview:-1\" \/>\n<link rel=\"canonical\" href=\"https:\/\/uniavisen.dk\/en\/event\/the-5th-annual-oresund-conference\/\" \/>\n<meta property=\"og:locale\" content=\"en_US\" \/>\n<meta property=\"og:type\" content=\"article\" \/>\n<meta property=\"og:title\" content=\"The 5th Annual \u00d6resund Conference\" \/>\n<meta property=\"og:description\" content=\"The fifth-semester European Studies students are organizing the Fifth Annual \u00d8resund Conference at Malm\u00f6 University on 11th January 2023. The event will be brought back as a live conference after two years of online seminars due to the COVID-19 pandemic. The Fifth Annual \u00d8resund Conference is a platform that welcomes scholars, politicians, and students from [&hellip;]\" \/>\n<meta property=\"og:url\" content=\"https:\/\/uniavisen.dk\/en\/event\/the-5th-annual-oresund-conference\/\" \/>\n<meta property=\"og:site_name\" content=\"University Post\" \/>\n<meta property=\"article:publisher\" content=\"https:\/\/www.facebook.com\/uniavis\" \/>\n<meta name=\"twitter:card\" content=\"summary_large_image\" \/>\n<meta name=\"twitter:site\" content=\"@Uniavisen\" \/>\n<meta name=\"twitter:label1\" content=\"Est. reading time\" \/>\n\t<meta name=\"twitter:data1\" content=\"4 minutes\" \/>\n<script type=\"application\/ld+json\" class=\"yoast-schema-graph\">{\"@context\":\"https:\\\/\\\/schema.org\",\"@graph\":[{\"@type\":\"WebPage\",\"@id\":\"https:\\\/\\\/uniavisen.dk\\\/en\\\/event\\\/the-5th-annual-oresund-conference\\\/\",\"url\":\"https:\\\/\\\/uniavisen.dk\\\/en\\\/event\\\/the-5th-annual-oresund-conference\\\/\",\"name\":\"The 5th Annual \u00d6resund Conference\",\"isPartOf\":{\"@id\":\"https:\\\/\\\/uniavisen.dk\\\/#website\"},\"primaryImageOfPage\":{\"@id\":\"https:\\\/\\\/uniavisen.dk\\\/en\\\/event\\\/the-5th-annual-oresund-conference\\\/#primaryimage\"},\"image\":{\"@id\":\"https:\\\/\\\/uniavisen.dk\\\/en\\\/event\\\/the-5th-annual-oresund-conference\\\/#primaryimage\"},\"thumbnailUrl\":\"https:\\\/\\\/uniavisen.dk\\\/wp-content\\\/uploads\\\/2022\\\/12\\\/oresundconferencemalmo.png\",\"datePublished\":\"2022-12-22T14:53:26+00:00\",\"breadcrumb\":{\"@id\":\"https:\\\/\\\/uniavisen.dk\\\/en\\\/event\\\/the-5th-annual-oresund-conference\\\/#breadcrumb\"},\"inLanguage\":\"en-US\",\"potentialAction\":[{\"@type\":\"ReadAction\",\"target\":[\"https:\\\/\\\/uniavisen.dk\\\/en\\\/event\\\/the-5th-annual-oresund-conference\\\/\"]}]},{\"@type\":\"ImageObject\",\"inLanguage\":\"en-US\",\"@id\":\"https:\\\/\\\/uniavisen.dk\\\/en\\\/event\\\/the-5th-annual-oresund-conference\\\/#primaryimage\",\"url\":\"https:\\\/\\\/uniavisen.dk\\\/wp-content\\\/uploads\\\/2022\\\/12\\\/oresundconferencemalmo.png\",\"contentUrl\":\"https:\\\/\\\/uniavisen.dk\\\/wp-content\\\/uploads\\\/2022\\\/12\\\/oresundconferencemalmo.png\",\"width\":2480,\"height\":3508},{\"@type\":\"BreadcrumbList\",\"@id\":\"https:\\\/\\\/uniavisen.dk\\\/en\\\/event\\\/the-5th-annual-oresund-conference\\\/#breadcrumb\",\"itemListElement\":[{\"@type\":\"ListItem\",\"position\":1,\"name\":\"Home\",\"item\":\"https:\\\/\\\/uniavisen.dk\\\/en\\\/\"},{\"@type\":\"ListItem\",\"position\":2,\"name\":\"Events\",\"item\":\"https:\\\/\\\/uniavisen.dk\\\/event\\\/\"},{\"@type\":\"ListItem\",\"position\":3,\"name\":\"The 5th Annual \u00d6resund Conference\"}]},{\"@type\":\"WebSite\",\"@id\":\"https:\\\/\\\/uniavisen.dk\\\/#website\",\"url\":\"https:\\\/\\\/uniavisen.dk\\\/\",\"name\":\"University Post\",\"description\":\"Independent of management\",\"potentialAction\":[{\"@type\":\"SearchAction\",\"target\":{\"@type\":\"EntryPoint\",\"urlTemplate\":\"https:\\\/\\\/uniavisen.dk\\\/?s={search_term_string}\"},\"query-input\":{\"@type\":\"PropertyValueSpecification\",\"valueRequired\":true,\"valueName\":\"search_term_string\"}}],\"inLanguage\":\"en-US\"}]}<\/script>\n<!-- \/ Yoast SEO plugin. -->","yoast_head_json":{"title":"The 5th Annual \u00d6resund Conference","robots":{"index":"index","follow":"follow","max-snippet":"max-snippet:-1","max-image-preview":"max-image-preview:large","max-video-preview":"max-video-preview:-1"},"canonical":"https:\/\/uniavisen.dk\/en\/event\/the-5th-annual-oresund-conference\/","og_locale":"en_US","og_type":"article","og_title":"The 5th Annual \u00d6resund Conference","og_description":"The fifth-semester European Studies students are organizing the Fifth Annual \u00d8resund Conference at Malm\u00f6 University on 11th January 2023. The event will be brought back as a live conference after two years of online seminars due to the COVID-19 pandemic. The Fifth Annual \u00d8resund Conference is a platform that welcomes scholars, politicians, and students from [&hellip;]","og_url":"https:\/\/uniavisen.dk\/en\/event\/the-5th-annual-oresund-conference\/","og_site_name":"University Post","article_publisher":"https:\/\/www.facebook.com\/uniavis","twitter_card":"summary_large_image","twitter_site":"@Uniavisen","twitter_misc":{"Est. reading time":"4 minutes"},"schema":{"@context":"https:\/\/schema.org","@graph":[{"@type":"WebPage","@id":"https:\/\/uniavisen.dk\/en\/event\/the-5th-annual-oresund-conference\/","url":"https:\/\/uniavisen.dk\/en\/event\/the-5th-annual-oresund-conference\/","name":"The 5th Annual \u00d6resund Conference","isPartOf":{"@id":"https:\/\/uniavisen.dk\/#website"},"primaryImageOfPage":{"@id":"https:\/\/uniavisen.dk\/en\/event\/the-5th-annual-oresund-conference\/#primaryimage"},"image":{"@id":"https:\/\/uniavisen.dk\/en\/event\/the-5th-annual-oresund-conference\/#primaryimage"},"thumbnailUrl":"https:\/\/uniavisen.dk\/wp-content\/uploads\/2022\/12\/oresundconferencemalmo.png","datePublished":"2022-12-22T14:53:26+00:00","breadcrumb":{"@id":"https:\/\/uniavisen.dk\/en\/event\/the-5th-annual-oresund-conference\/#breadcrumb"},"inLanguage":"en-US","potentialAction":[{"@type":"ReadAction","target":["https:\/\/uniavisen.dk\/en\/event\/the-5th-annual-oresund-conference\/"]}]},{"@type":"ImageObject","inLanguage":"en-US","@id":"https:\/\/uniavisen.dk\/en\/event\/the-5th-annual-oresund-conference\/#primaryimage","url":"https:\/\/uniavisen.dk\/wp-content\/uploads\/2022\/12\/oresundconferencemalmo.png","contentUrl":"https:\/\/uniavisen.dk\/wp-content\/uploads\/2022\/12\/oresundconferencemalmo.png","width":2480,"height":3508},{"@type":"BreadcrumbList","@id":"https:\/\/uniavisen.dk\/en\/event\/the-5th-annual-oresund-conference\/#breadcrumb","itemListElement":[{"@type":"ListItem","position":1,"name":"Home","item":"https:\/\/uniavisen.dk\/en\/"},{"@type":"ListItem","position":2,"name":"Events","item":"https:\/\/uniavisen.dk\/event\/"},{"@type":"ListItem","position":3,"name":"The 5th Annual \u00d6resund Conference"}]},{"@type":"WebSite","@id":"https:\/\/uniavisen.dk\/#website","url":"https:\/\/uniavisen.dk\/","name":"University Post","description":"Independent of management","potentialAction":[{"@type":"SearchAction","target":{"@type":"EntryPoint","urlTemplate":"https:\/\/uniavisen.dk\/?s={search_term_string}"},"query-input":{"@type":"PropertyValueSpecification","valueRequired":true,"valueName":"search_term_string"}}],"inLanguage":"en-US"}]}},"advancedCustomFields":{"event_category":{"term_id":141,"name":"Conference","slug":"conference","term_group":0,"term_taxonomy_id":141,"taxonomy":"event_category","description":"","parent":0,"count":30,"filter":"raw"},"start":"2023-01-11 09:00:00","add_end_time":true,"end":"2023-01-11 17:00:00","location":"Malm\u00f6 University<br \/>\r\nNordenski\u00f6ldsgatan 1,<br \/>\r\nthe first floor of Niagara.<br \/>\r\n","host_name":"Malm\u00f6 University 5th semster European Studies students","ticket_link":"https:\/\/docs.google.com\/forms\/d\/e\/1FAIpQLSe6vK6MgwBkw0VhRZIZ0O13YIfx76fRs3oEFm_rwIZm-3r-JQ\/viewform?usp=sf_link ","event_is_free":true,"event_poster":{"ID":144605,"id":144605,"title":"oresundconferencemalmo.png","filename":"oresundconferencemalmo.png","filesize":4110854,"url":"https:\/\/uniavisen.dk\/wp-content\/uploads\/2022\/12\/oresundconferencemalmo.png","link":"https:\/\/uniavisen.dk\/en\/event\/the-5th-annual-oresund-conference\/oresundconferencemalmo-png\/","alt":"","author":"0","description":"","caption":"","name":"oresundconferencemalmo-png","status":"inherit","uploaded_to":144604,"date":"2022-12-22 14:53:26","modified":"2022-12-22 14:53:43","menu_order":0,"mime_type":"image\/png","type":"image","subtype":"png","icon":"https:\/\/uniavisen.dk\/wp-includes\/images\/media\/default.png","width":2480,"height":3508,"sizes":{"thumbnail":"https:\/\/uniavisen.dk\/wp-content\/uploads\/2022\/12\/oresundconferencemalmo-150x150.png","thumbnail-width":150,"thumbnail-height":150,"medium":"https:\/\/uniavisen.dk\/wp-content\/uploads\/2022\/12\/oresundconferencemalmo-480x679.png","medium-width":480,"medium-height":679,"medium_large":"https:\/\/uniavisen.dk\/wp-content\/uploads\/2022\/12\/oresundconferencemalmo-768x1086.png","medium_large-width":768,"medium_large-height":1086,"large":"https:\/\/uniavisen.dk\/wp-content\/uploads\/2022\/12\/oresundconferencemalmo-1280x1811.png","large-width":1280,"large-height":1811,"1536x1536":"https:\/\/uniavisen.dk\/wp-content\/uploads\/2022\/12\/oresundconferencemalmo-1086x1536.png","1536x1536-width":1086,"1536x1536-height":1536,"2048x2048":"https:\/\/uniavisen.dk\/wp-content\/uploads\/2022\/12\/oresundconferencemalmo-1448x2048.png","2048x2048-width":1448,"2048x2048-height":2048,"featured-soft":"https:\/\/uniavisen.dk\/wp-content\/uploads\/2022\/12\/oresundconferencemalmo-290x410.png","featured-soft-width":290,"featured-soft-height":410,"featured-hard":"https:\/\/uniavisen.dk\/wp-content\/uploads\/2022\/12\/oresundconferencemalmo-290x180.png","featured-hard-width":290,"featured-hard-height":180,"narrow":"https:\/\/uniavisen.dk\/wp-content\/uploads\/2022\/12\/oresundconferencemalmo-700x990.png","narrow-width":700,"narrow-height":990,"extended":"https:\/\/uniavisen.dk\/wp-content\/uploads\/2022\/12\/oresundconferencemalmo-990x1400.png","extended-width":990,"extended-height":1400}},"short_description":"Education in the \u00d6resund Region: A Bridge to the Future? - Constraints and Potentials in a Crossborder Region\r\nOn January 11th 2023, the third year students of European Studies at Malm\u00f6 University are organizing the 5th annual \u00d6resund Conference. The conference is going to focus on education in the \u00d6resund region. With the help of guest lecturers, we will explore the state of education from three perspectives: the past, present and future, with an aim to identify both constraints and possibilities that have emerged in the cooperation after the opening of the \u00d6resund bridge in 2000.","old_url":""},"_links":{"self":[{"href":"https:\/\/uniavisen.dk\/en\/wp-json\/wp\/v2\/events\/144604","targetHints":{"allow":["GET"]}}],"collection":[{"href":"https:\/\/uniavisen.dk\/en\/wp-json\/wp\/v2\/events"}],"about":[{"href":"https:\/\/uniavisen.dk\/en\/wp-json\/wp\/v2\/types\/event"}],"version-history":[{"count":0,"href":"https:\/\/uniavisen.dk\/en\/wp-json\/wp\/v2\/events\/144604\/revisions"}],"wp:featuredmedia":[{"embeddable":true,"href":"https:\/\/uniavisen.dk\/en\/wp-json\/wp\/v2\/media\/144605"}],"wp:attachment":[{"href":"https:\/\/uniavisen.dk\/en\/wp-json\/wp\/v2\/media?parent=144604"}],"curies":[{"name":"wp","href":"https:\/\/api.w.org\/{rel}","templated":true}]}}