
{"id":154311,"date":"2023-09-06T10:58:59","date_gmt":"2023-09-06T08:58:59","guid":{"rendered":"https:\/\/uniavisen.dk\/en\/event\/nobelprisvinder-i-kemi-morten-meldal-gaester-kulturhuset-pa-norre-alle-14-september-klokken-17\/"},"modified":"2023-09-06T10:58:59","modified_gmt":"2023-09-06T08:58:59","slug":"nobelprisvinder-i-kemi-morten-meldal-gaester-kulturhuset-pa-norre-alle-14-september-klokken-17","status":"publish","type":"event","link":"https:\/\/uniavisen.dk\/en\/event\/nobelprisvinder-i-kemi-morten-meldal-gaester-kulturhuset-pa-norre-alle-14-september-klokken-17\/","title":{"rendered":"Nobelprisvinder i kemi Morten Meldal g\u00e6ster Kulturhuset p\u00e5 N\u00f8rre All\u00e9 14. september klokken 17"},"content":{"rendered":"<p>Kulturm\u00f8de-ngo&#8217;en Crossing Borders inviterer til f\u00e6llesspisning med nobelprisvinder i kemi Morten Meldal den 14. september 2023 klokken 17-20: Kom og h\u00f8r mere om, hvordan kemi kan l\u00f8se globale udfordringer. K\u00f8b billetter her:<\/p>\n<p><a href=\"https:\/\/billetfix.dk\/en\/e\/food-for-thought-with-nobel-laureate-morten-meldal\/\">Food for Thought with Nobel Laureate Morten Meldal | BilletFix<\/a><\/p>\n","protected":false},"excerpt":{"rendered":"<p>Kulturm\u00f8de-ngo&#8217;en Crossing Borders inviterer til f\u00e6llesspisning med nobelprisvinder i kemi Morten Meldal den 14. september 2023 klokken 17-20: Kom og h\u00f8r mere om, hvordan kemi kan l\u00f8se globale udfordringer. K\u00f8b billetter her: Food for Thought with Nobel Laureate Morten Meldal | BilletFix<\/p>\n","protected":false},"author":0,"featured_media":154312,"template":"","class_list":["post-154311","event","type-event","status-publish","has-post-thumbnail","hentry","event_category-talk"],"acf":[],"aioseo_notices":[],"yoast_head":"<!-- This site is optimized with the Yoast SEO plugin v27.5 - https:\/\/yoast.com\/product\/yoast-seo-wordpress\/ -->\n<title>Nobelprisvinder i kemi Morten Meldal g\u00e6ster Kulturhuset p\u00e5 N\u00f8rre All\u00e9 14. september klokken 17<\/title>\n<meta name=\"robots\" content=\"index, follow, max-snippet:-1, max-image-preview:large, max-video-preview:-1\" \/>\n<link rel=\"canonical\" href=\"https:\/\/uniavisen.dk\/en\/event\/nobelprisvinder-i-kemi-morten-meldal-gaester-kulturhuset-pa-norre-alle-14-september-klokken-17\/\" \/>\n<meta property=\"og:locale\" content=\"en_US\" \/>\n<meta property=\"og:type\" content=\"article\" \/>\n<meta property=\"og:title\" content=\"Nobelprisvinder i kemi Morten Meldal g\u00e6ster Kulturhuset p\u00e5 N\u00f8rre All\u00e9 14. september klokken 17\" \/>\n<meta property=\"og:description\" content=\"Kulturm\u00f8de-ngo&#8217;en Crossing Borders inviterer til f\u00e6llesspisning med nobelprisvinder i kemi Morten Meldal den 14. september 2023 klokken 17-20: Kom og h\u00f8r mere om, hvordan kemi kan l\u00f8se globale udfordringer. K\u00f8b billetter her: Food for Thought with Nobel Laureate Morten Meldal | BilletFix\" \/>\n<meta property=\"og:url\" content=\"https:\/\/uniavisen.dk\/en\/event\/nobelprisvinder-i-kemi-morten-meldal-gaester-kulturhuset-pa-norre-alle-14-september-klokken-17\/\" \/>\n<meta property=\"og:site_name\" content=\"University Post\" \/>\n<meta property=\"article:publisher\" content=\"https:\/\/www.facebook.com\/uniavis\" \/>\n<meta name=\"twitter:card\" content=\"summary_large_image\" \/>\n<meta name=\"twitter:site\" content=\"@Uniavisen\" \/>\n<script type=\"application\/ld+json\" class=\"yoast-schema-graph\">{\"@context\":\"https:\\\/\\\/schema.org\",\"@graph\":[{\"@type\":\"WebPage\",\"@id\":\"https:\\\/\\\/uniavisen.dk\\\/en\\\/event\\\/nobelprisvinder-i-kemi-morten-meldal-gaester-kulturhuset-pa-norre-alle-14-september-klokken-17\\\/\",\"url\":\"https:\\\/\\\/uniavisen.dk\\\/en\\\/event\\\/nobelprisvinder-i-kemi-morten-meldal-gaester-kulturhuset-pa-norre-alle-14-september-klokken-17\\\/\",\"name\":\"Nobelprisvinder i kemi Morten Meldal g\u00e6ster Kulturhuset p\u00e5 N\u00f8rre All\u00e9 14. september klokken 17\",\"isPartOf\":{\"@id\":\"https:\\\/\\\/uniavisen.dk\\\/#website\"},\"primaryImageOfPage\":{\"@id\":\"https:\\\/\\\/uniavisen.dk\\\/en\\\/event\\\/nobelprisvinder-i-kemi-morten-meldal-gaester-kulturhuset-pa-norre-alle-14-september-klokken-17\\\/#primaryimage\"},\"image\":{\"@id\":\"https:\\\/\\\/uniavisen.dk\\\/en\\\/event\\\/nobelprisvinder-i-kemi-morten-meldal-gaester-kulturhuset-pa-norre-alle-14-september-klokken-17\\\/#primaryimage\"},\"thumbnailUrl\":\"https:\\\/\\\/uniavisen.dk\\\/wp-content\\\/uploads\\\/2023\\\/09\\\/mortenmeldalfoodforthought.jpg\",\"datePublished\":\"2023-09-06T08:58:59+00:00\",\"breadcrumb\":{\"@id\":\"https:\\\/\\\/uniavisen.dk\\\/en\\\/event\\\/nobelprisvinder-i-kemi-morten-meldal-gaester-kulturhuset-pa-norre-alle-14-september-klokken-17\\\/#breadcrumb\"},\"inLanguage\":\"en-US\",\"potentialAction\":[{\"@type\":\"ReadAction\",\"target\":[\"https:\\\/\\\/uniavisen.dk\\\/en\\\/event\\\/nobelprisvinder-i-kemi-morten-meldal-gaester-kulturhuset-pa-norre-alle-14-september-klokken-17\\\/\"]}]},{\"@type\":\"ImageObject\",\"inLanguage\":\"en-US\",\"@id\":\"https:\\\/\\\/uniavisen.dk\\\/en\\\/event\\\/nobelprisvinder-i-kemi-morten-meldal-gaester-kulturhuset-pa-norre-alle-14-september-klokken-17\\\/#primaryimage\",\"url\":\"https:\\\/\\\/uniavisen.dk\\\/wp-content\\\/uploads\\\/2023\\\/09\\\/mortenmeldalfoodforthought.jpg\",\"contentUrl\":\"https:\\\/\\\/uniavisen.dk\\\/wp-content\\\/uploads\\\/2023\\\/09\\\/mortenmeldalfoodforthought.jpg\",\"width\":601,\"height\":338},{\"@type\":\"BreadcrumbList\",\"@id\":\"https:\\\/\\\/uniavisen.dk\\\/en\\\/event\\\/nobelprisvinder-i-kemi-morten-meldal-gaester-kulturhuset-pa-norre-alle-14-september-klokken-17\\\/#breadcrumb\",\"itemListElement\":[{\"@type\":\"ListItem\",\"position\":1,\"name\":\"Home\",\"item\":\"https:\\\/\\\/uniavisen.dk\\\/en\\\/\"},{\"@type\":\"ListItem\",\"position\":2,\"name\":\"Events\",\"item\":\"https:\\\/\\\/uniavisen.dk\\\/event\\\/\"},{\"@type\":\"ListItem\",\"position\":3,\"name\":\"Nobelprisvinder i kemi Morten Meldal g\u00e6ster Kulturhuset p\u00e5 N\u00f8rre All\u00e9 14. september klokken 17\"}]},{\"@type\":\"WebSite\",\"@id\":\"https:\\\/\\\/uniavisen.dk\\\/#website\",\"url\":\"https:\\\/\\\/uniavisen.dk\\\/\",\"name\":\"University Post\",\"description\":\"Independent of management\",\"potentialAction\":[{\"@type\":\"SearchAction\",\"target\":{\"@type\":\"EntryPoint\",\"urlTemplate\":\"https:\\\/\\\/uniavisen.dk\\\/?s={search_term_string}\"},\"query-input\":{\"@type\":\"PropertyValueSpecification\",\"valueRequired\":true,\"valueName\":\"search_term_string\"}}],\"inLanguage\":\"en-US\"}]}<\/script>\n<!-- \/ Yoast SEO plugin. -->","yoast_head_json":{"title":"Nobelprisvinder i kemi Morten Meldal g\u00e6ster Kulturhuset p\u00e5 N\u00f8rre All\u00e9 14. september klokken 17","robots":{"index":"index","follow":"follow","max-snippet":"max-snippet:-1","max-image-preview":"max-image-preview:large","max-video-preview":"max-video-preview:-1"},"canonical":"https:\/\/uniavisen.dk\/en\/event\/nobelprisvinder-i-kemi-morten-meldal-gaester-kulturhuset-pa-norre-alle-14-september-klokken-17\/","og_locale":"en_US","og_type":"article","og_title":"Nobelprisvinder i kemi Morten Meldal g\u00e6ster Kulturhuset p\u00e5 N\u00f8rre All\u00e9 14. september klokken 17","og_description":"Kulturm\u00f8de-ngo&#8217;en Crossing Borders inviterer til f\u00e6llesspisning med nobelprisvinder i kemi Morten Meldal den 14. september 2023 klokken 17-20: Kom og h\u00f8r mere om, hvordan kemi kan l\u00f8se globale udfordringer. K\u00f8b billetter her: Food for Thought with Nobel Laureate Morten Meldal | BilletFix","og_url":"https:\/\/uniavisen.dk\/en\/event\/nobelprisvinder-i-kemi-morten-meldal-gaester-kulturhuset-pa-norre-alle-14-september-klokken-17\/","og_site_name":"University Post","article_publisher":"https:\/\/www.facebook.com\/uniavis","twitter_card":"summary_large_image","twitter_site":"@Uniavisen","schema":{"@context":"https:\/\/schema.org","@graph":[{"@type":"WebPage","@id":"https:\/\/uniavisen.dk\/en\/event\/nobelprisvinder-i-kemi-morten-meldal-gaester-kulturhuset-pa-norre-alle-14-september-klokken-17\/","url":"https:\/\/uniavisen.dk\/en\/event\/nobelprisvinder-i-kemi-morten-meldal-gaester-kulturhuset-pa-norre-alle-14-september-klokken-17\/","name":"Nobelprisvinder i kemi Morten Meldal g\u00e6ster Kulturhuset p\u00e5 N\u00f8rre All\u00e9 14. september klokken 17","isPartOf":{"@id":"https:\/\/uniavisen.dk\/#website"},"primaryImageOfPage":{"@id":"https:\/\/uniavisen.dk\/en\/event\/nobelprisvinder-i-kemi-morten-meldal-gaester-kulturhuset-pa-norre-alle-14-september-klokken-17\/#primaryimage"},"image":{"@id":"https:\/\/uniavisen.dk\/en\/event\/nobelprisvinder-i-kemi-morten-meldal-gaester-kulturhuset-pa-norre-alle-14-september-klokken-17\/#primaryimage"},"thumbnailUrl":"https:\/\/uniavisen.dk\/wp-content\/uploads\/2023\/09\/mortenmeldalfoodforthought.jpg","datePublished":"2023-09-06T08:58:59+00:00","breadcrumb":{"@id":"https:\/\/uniavisen.dk\/en\/event\/nobelprisvinder-i-kemi-morten-meldal-gaester-kulturhuset-pa-norre-alle-14-september-klokken-17\/#breadcrumb"},"inLanguage":"en-US","potentialAction":[{"@type":"ReadAction","target":["https:\/\/uniavisen.dk\/en\/event\/nobelprisvinder-i-kemi-morten-meldal-gaester-kulturhuset-pa-norre-alle-14-september-klokken-17\/"]}]},{"@type":"ImageObject","inLanguage":"en-US","@id":"https:\/\/uniavisen.dk\/en\/event\/nobelprisvinder-i-kemi-morten-meldal-gaester-kulturhuset-pa-norre-alle-14-september-klokken-17\/#primaryimage","url":"https:\/\/uniavisen.dk\/wp-content\/uploads\/2023\/09\/mortenmeldalfoodforthought.jpg","contentUrl":"https:\/\/uniavisen.dk\/wp-content\/uploads\/2023\/09\/mortenmeldalfoodforthought.jpg","width":601,"height":338},{"@type":"BreadcrumbList","@id":"https:\/\/uniavisen.dk\/en\/event\/nobelprisvinder-i-kemi-morten-meldal-gaester-kulturhuset-pa-norre-alle-14-september-klokken-17\/#breadcrumb","itemListElement":[{"@type":"ListItem","position":1,"name":"Home","item":"https:\/\/uniavisen.dk\/en\/"},{"@type":"ListItem","position":2,"name":"Events","item":"https:\/\/uniavisen.dk\/event\/"},{"@type":"ListItem","position":3,"name":"Nobelprisvinder i kemi Morten Meldal g\u00e6ster Kulturhuset p\u00e5 N\u00f8rre All\u00e9 14. september klokken 17"}]},{"@type":"WebSite","@id":"https:\/\/uniavisen.dk\/#website","url":"https:\/\/uniavisen.dk\/","name":"University Post","description":"Independent of management","potentialAction":[{"@type":"SearchAction","target":{"@type":"EntryPoint","urlTemplate":"https:\/\/uniavisen.dk\/?s={search_term_string}"},"query-input":{"@type":"PropertyValueSpecification","valueRequired":true,"valueName":"search_term_string"}}],"inLanguage":"en-US"}]}},"advancedCustomFields":{"event_category":{"term_id":137,"name":"Talk","slug":"talk","term_group":0,"term_taxonomy_id":137,"taxonomy":"event_category","description":"","parent":0,"count":70,"filter":"raw"},"start":"2023-09-14 17:00:00","add_end_time":true,"end":"2023-09-14 20:00:00","location":"N\u00f8rre Alle 7 - kulturhuset","host_name":"Crossing Borders","ticket_link":"","event_is_free":true,"event_poster":{"ID":154312,"id":154312,"title":"mortenmeldalfoodforthought.jpg","filename":"mortenmeldalfoodforthought.jpg","filesize":42439,"url":"https:\/\/uniavisen.dk\/wp-content\/uploads\/2023\/09\/mortenmeldalfoodforthought.jpg","link":"https:\/\/uniavisen.dk\/en\/event\/nobelprisvinder-i-kemi-morten-meldal-gaester-kulturhuset-pa-norre-alle-14-september-klokken-17\/mortenmeldalfoodforthought-jpg\/","alt":"","author":"0","description":"","caption":"","name":"mortenmeldalfoodforthought-jpg","status":"inherit","uploaded_to":154311,"date":"2023-09-06 08:58:59","modified":"2023-09-06 08:58:59","menu_order":0,"mime_type":"image\/jpeg","type":"image","subtype":"jpeg","icon":"https:\/\/uniavisen.dk\/wp-includes\/images\/media\/default.png","width":601,"height":338,"sizes":{"thumbnail":"https:\/\/uniavisen.dk\/wp-content\/uploads\/2023\/09\/mortenmeldalfoodforthought-150x150.jpg","thumbnail-width":150,"thumbnail-height":150,"medium":"https:\/\/uniavisen.dk\/wp-content\/uploads\/2023\/09\/mortenmeldalfoodforthought-480x270.jpg","medium-width":480,"medium-height":270,"medium_large":"https:\/\/uniavisen.dk\/wp-content\/uploads\/2023\/09\/mortenmeldalfoodforthought.jpg","medium_large-width":601,"medium_large-height":338,"large":"https:\/\/uniavisen.dk\/wp-content\/uploads\/2023\/09\/mortenmeldalfoodforthought.jpg","large-width":601,"large-height":338,"1536x1536":"https:\/\/uniavisen.dk\/wp-content\/uploads\/2023\/09\/mortenmeldalfoodforthought.jpg","1536x1536-width":601,"1536x1536-height":338,"2048x2048":"https:\/\/uniavisen.dk\/wp-content\/uploads\/2023\/09\/mortenmeldalfoodforthought.jpg","2048x2048-width":601,"2048x2048-height":338,"featured-soft":"https:\/\/uniavisen.dk\/wp-content\/uploads\/2023\/09\/mortenmeldalfoodforthought-290x163.jpg","featured-soft-width":290,"featured-soft-height":163,"featured-hard":"https:\/\/uniavisen.dk\/wp-content\/uploads\/2023\/09\/mortenmeldalfoodforthought-290x180.jpg","featured-hard-width":290,"featured-hard-height":180,"narrow":"https:\/\/uniavisen.dk\/wp-content\/uploads\/2023\/09\/mortenmeldalfoodforthought.jpg","narrow-width":601,"narrow-height":338,"extended":"https:\/\/uniavisen.dk\/wp-content\/uploads\/2023\/09\/mortenmeldalfoodforthought.jpg","extended-width":601,"extended-height":338}},"short_description":"Kom og v\u00e6r med den 14. september p\u00e5 Union N\u00f8rre Alle 7 fra kl. 17:00, til vores l\u00e6nge ventede begivenhed \"Food For Thought\":\r\n\r\nLad dig inspirere af Nobelprismodtager Professor Morten Meldal, n\u00e5r han deler sin rejse inden for videnskabelig innovation og klikkekemi! Professor Meldals historie er et bevis p\u00e5 nysgerrighedens og beslutsomhedens kraft.\r\nHan fort\u00e6ller om, hvordan kemi er en del af alt, hvad vi laver, og hvordan kemi kan v\u00e6re med til at l\u00f8se de globale udfordringer.\r\nNyd en dejlig middag lavet af Send Flere Kryderier, der vil fork\u00e6le dine smagsl\u00f8g og del oplevelser med de \u00f8vrige deltagere! ","old_url":""},"_links":{"self":[{"href":"https:\/\/uniavisen.dk\/en\/wp-json\/wp\/v2\/events\/154311","targetHints":{"allow":["GET"]}}],"collection":[{"href":"https:\/\/uniavisen.dk\/en\/wp-json\/wp\/v2\/events"}],"about":[{"href":"https:\/\/uniavisen.dk\/en\/wp-json\/wp\/v2\/types\/event"}],"version-history":[{"count":0,"href":"https:\/\/uniavisen.dk\/en\/wp-json\/wp\/v2\/events\/154311\/revisions"}],"wp:featuredmedia":[{"embeddable":true,"href":"https:\/\/uniavisen.dk\/en\/wp-json\/wp\/v2\/media\/154312"}],"wp:attachment":[{"href":"https:\/\/uniavisen.dk\/en\/wp-json\/wp\/v2\/media?parent=154311"}],"curies":[{"name":"wp","href":"https:\/\/api.w.org\/{rel}","templated":true}]}}