
{"id":154457,"date":"2023-09-07T19:36:45","date_gmt":"2023-09-07T17:36:45","guid":{"rendered":"https:\/\/uniavisen.dk\/en\/event\/fordomme-og-kulturmoder-gronlandske-studerendes-mode-med-danmark\/"},"modified":"2023-09-07T19:36:45","modified_gmt":"2023-09-07T17:36:45","slug":"fordomme-og-kulturmoder-gronlandske-studerendes-mode-med-danmark","status":"publish","type":"event","link":"https:\/\/uniavisen.dk\/en\/event\/fordomme-og-kulturmoder-gronlandske-studerendes-mode-med-danmark\/","title":{"rendered":"Fordomme og kulturm\u00f8der \u2013 gr\u00f8nlandske studerendes m\u00f8de med Danmark"},"content":{"rendered":"<p>Hvordan g\u00f8r vi op med de fordomme, som gr\u00f8nlandske studerende bliver m\u00f8dt med i Danmark? Kan foreningslivet v\u00e6re med til at nedbryde fordommene og skabe st\u00e6rkere b\u00e5nd p\u00e5 tv\u00e6rs af Rigsf\u00e6llesskabet? Og hvordan skaber vi studiemilj\u00f8er, hvor alle studerende f\u00f8ler sig velkomne?<\/p>\n<p>Det er omdrejningspunktet, n\u00e5r Menneskerettighedsalliancen og Dansk Ungdoms F\u00e6llesr\u00e5d (DUF) 20. september, kl. 17- 19 inviterer til paneldebat p\u00e5 Nordatlantens Brygge, hvor Josef Tarrak efterf\u00f8lgende giver koncert.<\/p>\n<p>Paneldebatten tager udgangspunkt i en kommende rapport fra Institut for Menneskerettigheder, der kaster lys over de fordomme og den forskelsbehandling, som mange gr\u00f8nlandske studerende oplever p\u00e5 danske uddannelsesinstitutioner.<\/p>\n<p><strong>Tilmelding<\/strong><br \/>\nArrangementet\u00a0er\u00a0gratis,\u00a0men\u00a0kr\u00e6ver\u00a0tilmelding.\u00a0<a href=\"https:\/\/www.nordatlantens.dk\/da\/arrangementer\/2023\/fordomme-og-kulturm%C3%B8der-paneldebat-og-minikoncert\/\">Meld\u00a0dig\u00a0til\u00a0her.<\/a><\/p>\n<p><strong>Program<\/strong><\/p>\n<p>Velkomst<\/p>\n<p>Paneldebat med:<\/p>\n<ul>\n<li>Malu Rosing, debatt\u00f8r og universitetsstuderende fra Gr\u00f8nland,<\/li>\n<li>Klaudia Petersen\u00a0 fra studenterforeningen Avalak,<\/li>\n<li>Repr\u00e6sentant fra Danske Studerendes F\u00e6llesr\u00e5d<\/li>\n<li>Repr\u00e6sentant fra Dansk Ungdoms F\u00e6llesr\u00e5d<\/li>\n<li>Journalist Christian Jeppesen modererer debatten<\/li>\n<\/ul>\n<p>Koncert med Josef Tarrak<br \/>\nAfrunding<\/p>\n<p><strong>Arrang\u00f8rer<\/strong><br \/>\nMenneskerettighedsalliancen\u00a0og\u00a0Dansk\u00a0Ungdoms\u00a0F\u00e6llesr\u00e5d<br \/>\n.<\/p>\n","protected":false},"excerpt":{"rendered":"<p>Hvordan g\u00f8r vi op med de fordomme, som gr\u00f8nlandske studerende bliver m\u00f8dt med i Danmark? Kan foreningslivet v\u00e6re med til at nedbryde fordommene og skabe st\u00e6rkere b\u00e5nd p\u00e5 tv\u00e6rs af Rigsf\u00e6llesskabet? Og hvordan skaber vi studiemilj\u00f8er, hvor alle studerende f\u00f8ler sig velkomne? Det er omdrejningspunktet, n\u00e5r Menneskerettighedsalliancen og Dansk Ungdoms F\u00e6llesr\u00e5d (DUF) 20. september, kl. [&hellip;]<\/p>\n","protected":false},"author":0,"featured_media":154458,"template":"","class_list":["post-154457","event","type-event","status-publish","has-post-thumbnail","hentry","event_category-debate"],"acf":[],"aioseo_notices":[],"yoast_head":"<!-- This site is optimized with the Yoast SEO plugin v27.5 - https:\/\/yoast.com\/product\/yoast-seo-wordpress\/ -->\n<title>Fordomme og kulturm\u00f8der \u2013 gr\u00f8nlandske studerendes m\u00f8de med Danmark<\/title>\n<meta name=\"robots\" content=\"index, follow, max-snippet:-1, max-image-preview:large, max-video-preview:-1\" \/>\n<link rel=\"canonical\" href=\"https:\/\/uniavisen.dk\/en\/event\/fordomme-og-kulturmoder-gronlandske-studerendes-mode-med-danmark\/\" \/>\n<meta property=\"og:locale\" content=\"en_US\" \/>\n<meta property=\"og:type\" content=\"article\" \/>\n<meta property=\"og:title\" content=\"Fordomme og kulturm\u00f8der \u2013 gr\u00f8nlandske studerendes m\u00f8de med Danmark\" \/>\n<meta property=\"og:description\" content=\"Hvordan g\u00f8r vi op med de fordomme, som gr\u00f8nlandske studerende bliver m\u00f8dt med i Danmark? Kan foreningslivet v\u00e6re med til at nedbryde fordommene og skabe st\u00e6rkere b\u00e5nd p\u00e5 tv\u00e6rs af Rigsf\u00e6llesskabet? Og hvordan skaber vi studiemilj\u00f8er, hvor alle studerende f\u00f8ler sig velkomne? Det er omdrejningspunktet, n\u00e5r Menneskerettighedsalliancen og Dansk Ungdoms F\u00e6llesr\u00e5d (DUF) 20. september, kl. [&hellip;]\" \/>\n<meta property=\"og:url\" content=\"https:\/\/uniavisen.dk\/en\/event\/fordomme-og-kulturmoder-gronlandske-studerendes-mode-med-danmark\/\" \/>\n<meta property=\"og:site_name\" content=\"University Post\" \/>\n<meta property=\"article:publisher\" content=\"https:\/\/www.facebook.com\/uniavis\" \/>\n<meta name=\"twitter:card\" content=\"summary_large_image\" \/>\n<meta name=\"twitter:site\" content=\"@Uniavisen\" \/>\n<meta name=\"twitter:label1\" content=\"Est. reading time\" \/>\n\t<meta name=\"twitter:data1\" content=\"1 minute\" \/>\n<script type=\"application\/ld+json\" class=\"yoast-schema-graph\">{\"@context\":\"https:\\\/\\\/schema.org\",\"@graph\":[{\"@type\":\"WebPage\",\"@id\":\"https:\\\/\\\/uniavisen.dk\\\/en\\\/event\\\/fordomme-og-kulturmoder-gronlandske-studerendes-mode-med-danmark\\\/\",\"url\":\"https:\\\/\\\/uniavisen.dk\\\/en\\\/event\\\/fordomme-og-kulturmoder-gronlandske-studerendes-mode-med-danmark\\\/\",\"name\":\"Fordomme og kulturm\u00f8der \u2013 gr\u00f8nlandske studerendes m\u00f8de med Danmark\",\"isPartOf\":{\"@id\":\"https:\\\/\\\/uniavisen.dk\\\/#website\"},\"primaryImageOfPage\":{\"@id\":\"https:\\\/\\\/uniavisen.dk\\\/en\\\/event\\\/fordomme-og-kulturmoder-gronlandske-studerendes-mode-med-danmark\\\/#primaryimage\"},\"image\":{\"@id\":\"https:\\\/\\\/uniavisen.dk\\\/en\\\/event\\\/fordomme-og-kulturmoder-gronlandske-studerendes-mode-med-danmark\\\/#primaryimage\"},\"thumbnailUrl\":\"https:\\\/\\\/uniavisen.dk\\\/wp-content\\\/uploads\\\/2023\\\/09\\\/1.tarrak2-scaled.jpg\",\"datePublished\":\"2023-09-07T17:36:45+00:00\",\"breadcrumb\":{\"@id\":\"https:\\\/\\\/uniavisen.dk\\\/en\\\/event\\\/fordomme-og-kulturmoder-gronlandske-studerendes-mode-med-danmark\\\/#breadcrumb\"},\"inLanguage\":\"en-US\",\"potentialAction\":[{\"@type\":\"ReadAction\",\"target\":[\"https:\\\/\\\/uniavisen.dk\\\/en\\\/event\\\/fordomme-og-kulturmoder-gronlandske-studerendes-mode-med-danmark\\\/\"]}]},{\"@type\":\"ImageObject\",\"inLanguage\":\"en-US\",\"@id\":\"https:\\\/\\\/uniavisen.dk\\\/en\\\/event\\\/fordomme-og-kulturmoder-gronlandske-studerendes-mode-med-danmark\\\/#primaryimage\",\"url\":\"https:\\\/\\\/uniavisen.dk\\\/wp-content\\\/uploads\\\/2023\\\/09\\\/1.tarrak2-scaled.jpg\",\"contentUrl\":\"https:\\\/\\\/uniavisen.dk\\\/wp-content\\\/uploads\\\/2023\\\/09\\\/1.tarrak2-scaled.jpg\",\"width\":1707,\"height\":2560},{\"@type\":\"BreadcrumbList\",\"@id\":\"https:\\\/\\\/uniavisen.dk\\\/en\\\/event\\\/fordomme-og-kulturmoder-gronlandske-studerendes-mode-med-danmark\\\/#breadcrumb\",\"itemListElement\":[{\"@type\":\"ListItem\",\"position\":1,\"name\":\"Home\",\"item\":\"https:\\\/\\\/uniavisen.dk\\\/en\\\/\"},{\"@type\":\"ListItem\",\"position\":2,\"name\":\"Events\",\"item\":\"https:\\\/\\\/uniavisen.dk\\\/event\\\/\"},{\"@type\":\"ListItem\",\"position\":3,\"name\":\"Fordomme og kulturm\u00f8der \u2013 gr\u00f8nlandske studerendes m\u00f8de med Danmark\"}]},{\"@type\":\"WebSite\",\"@id\":\"https:\\\/\\\/uniavisen.dk\\\/#website\",\"url\":\"https:\\\/\\\/uniavisen.dk\\\/\",\"name\":\"University Post\",\"description\":\"Independent of management\",\"potentialAction\":[{\"@type\":\"SearchAction\",\"target\":{\"@type\":\"EntryPoint\",\"urlTemplate\":\"https:\\\/\\\/uniavisen.dk\\\/?s={search_term_string}\"},\"query-input\":{\"@type\":\"PropertyValueSpecification\",\"valueRequired\":true,\"valueName\":\"search_term_string\"}}],\"inLanguage\":\"en-US\"}]}<\/script>\n<!-- \/ Yoast SEO plugin. -->","yoast_head_json":{"title":"Fordomme og kulturm\u00f8der \u2013 gr\u00f8nlandske studerendes m\u00f8de med Danmark","robots":{"index":"index","follow":"follow","max-snippet":"max-snippet:-1","max-image-preview":"max-image-preview:large","max-video-preview":"max-video-preview:-1"},"canonical":"https:\/\/uniavisen.dk\/en\/event\/fordomme-og-kulturmoder-gronlandske-studerendes-mode-med-danmark\/","og_locale":"en_US","og_type":"article","og_title":"Fordomme og kulturm\u00f8der \u2013 gr\u00f8nlandske studerendes m\u00f8de med Danmark","og_description":"Hvordan g\u00f8r vi op med de fordomme, som gr\u00f8nlandske studerende bliver m\u00f8dt med i Danmark? Kan foreningslivet v\u00e6re med til at nedbryde fordommene og skabe st\u00e6rkere b\u00e5nd p\u00e5 tv\u00e6rs af Rigsf\u00e6llesskabet? Og hvordan skaber vi studiemilj\u00f8er, hvor alle studerende f\u00f8ler sig velkomne? Det er omdrejningspunktet, n\u00e5r Menneskerettighedsalliancen og Dansk Ungdoms F\u00e6llesr\u00e5d (DUF) 20. september, kl. [&hellip;]","og_url":"https:\/\/uniavisen.dk\/en\/event\/fordomme-og-kulturmoder-gronlandske-studerendes-mode-med-danmark\/","og_site_name":"University Post","article_publisher":"https:\/\/www.facebook.com\/uniavis","twitter_card":"summary_large_image","twitter_site":"@Uniavisen","twitter_misc":{"Est. reading time":"1 minute"},"schema":{"@context":"https:\/\/schema.org","@graph":[{"@type":"WebPage","@id":"https:\/\/uniavisen.dk\/en\/event\/fordomme-og-kulturmoder-gronlandske-studerendes-mode-med-danmark\/","url":"https:\/\/uniavisen.dk\/en\/event\/fordomme-og-kulturmoder-gronlandske-studerendes-mode-med-danmark\/","name":"Fordomme og kulturm\u00f8der \u2013 gr\u00f8nlandske studerendes m\u00f8de med Danmark","isPartOf":{"@id":"https:\/\/uniavisen.dk\/#website"},"primaryImageOfPage":{"@id":"https:\/\/uniavisen.dk\/en\/event\/fordomme-og-kulturmoder-gronlandske-studerendes-mode-med-danmark\/#primaryimage"},"image":{"@id":"https:\/\/uniavisen.dk\/en\/event\/fordomme-og-kulturmoder-gronlandske-studerendes-mode-med-danmark\/#primaryimage"},"thumbnailUrl":"https:\/\/uniavisen.dk\/wp-content\/uploads\/2023\/09\/1.tarrak2-scaled.jpg","datePublished":"2023-09-07T17:36:45+00:00","breadcrumb":{"@id":"https:\/\/uniavisen.dk\/en\/event\/fordomme-og-kulturmoder-gronlandske-studerendes-mode-med-danmark\/#breadcrumb"},"inLanguage":"en-US","potentialAction":[{"@type":"ReadAction","target":["https:\/\/uniavisen.dk\/en\/event\/fordomme-og-kulturmoder-gronlandske-studerendes-mode-med-danmark\/"]}]},{"@type":"ImageObject","inLanguage":"en-US","@id":"https:\/\/uniavisen.dk\/en\/event\/fordomme-og-kulturmoder-gronlandske-studerendes-mode-med-danmark\/#primaryimage","url":"https:\/\/uniavisen.dk\/wp-content\/uploads\/2023\/09\/1.tarrak2-scaled.jpg","contentUrl":"https:\/\/uniavisen.dk\/wp-content\/uploads\/2023\/09\/1.tarrak2-scaled.jpg","width":1707,"height":2560},{"@type":"BreadcrumbList","@id":"https:\/\/uniavisen.dk\/en\/event\/fordomme-og-kulturmoder-gronlandske-studerendes-mode-med-danmark\/#breadcrumb","itemListElement":[{"@type":"ListItem","position":1,"name":"Home","item":"https:\/\/uniavisen.dk\/en\/"},{"@type":"ListItem","position":2,"name":"Events","item":"https:\/\/uniavisen.dk\/event\/"},{"@type":"ListItem","position":3,"name":"Fordomme og kulturm\u00f8der \u2013 gr\u00f8nlandske studerendes m\u00f8de med Danmark"}]},{"@type":"WebSite","@id":"https:\/\/uniavisen.dk\/#website","url":"https:\/\/uniavisen.dk\/","name":"University Post","description":"Independent of management","potentialAction":[{"@type":"SearchAction","target":{"@type":"EntryPoint","urlTemplate":"https:\/\/uniavisen.dk\/?s={search_term_string}"},"query-input":{"@type":"PropertyValueSpecification","valueRequired":true,"valueName":"search_term_string"}}],"inLanguage":"en-US"}]}},"advancedCustomFields":{"event_category":{"term_id":135,"name":"Debate","slug":"debate","term_group":0,"term_taxonomy_id":135,"taxonomy":"event_category","description":"","parent":0,"count":31,"filter":"raw"},"start":"2023-09-20 17:00:00","add_end_time":true,"end":"2023-09-20 19:00:00","location":"Nordatlantens Brygge, K\u00f8benhavn","host_name":"Menneskerettighedsalliancen og Dansk Ungdoms F\u00e6llesr\u00e5d (DUF).","ticket_link":"","event_is_free":true,"event_poster":{"ID":154458,"id":154458,"title":"1.tarrak2.jpg","filename":"1.tarrak2-scaled.jpg","filesize":1673557,"url":"https:\/\/uniavisen.dk\/wp-content\/uploads\/2023\/09\/1.tarrak2-scaled.jpg","link":"https:\/\/uniavisen.dk\/en\/event\/fordomme-og-kulturmoder-gronlandske-studerendes-mode-med-danmark\/1-tarrak2-jpg\/","alt":"","author":"0","description":"","caption":"","name":"1-tarrak2-jpg","status":"inherit","uploaded_to":154457,"date":"2023-09-07 17:36:45","modified":"2023-09-07 17:37:21","menu_order":0,"mime_type":"image\/jpeg","type":"image","subtype":"jpeg","icon":"https:\/\/uniavisen.dk\/wp-includes\/images\/media\/default.png","width":1707,"height":2560,"sizes":{"thumbnail":"https:\/\/uniavisen.dk\/wp-content\/uploads\/2023\/09\/1.tarrak2-150x150.jpg","thumbnail-width":150,"thumbnail-height":150,"medium":"https:\/\/uniavisen.dk\/wp-content\/uploads\/2023\/09\/1.tarrak2-480x720.jpg","medium-width":480,"medium-height":720,"medium_large":"https:\/\/uniavisen.dk\/wp-content\/uploads\/2023\/09\/1.tarrak2-768x1151.jpg","medium_large-width":768,"medium_large-height":1151,"large":"https:\/\/uniavisen.dk\/wp-content\/uploads\/2023\/09\/1.tarrak2-1280x1919.jpg","large-width":1280,"large-height":1919,"1536x1536":"https:\/\/uniavisen.dk\/wp-content\/uploads\/2023\/09\/1.tarrak2-1024x1536.jpg","1536x1536-width":1024,"1536x1536-height":1536,"2048x2048":"https:\/\/uniavisen.dk\/wp-content\/uploads\/2023\/09\/1.tarrak2-1366x2048.jpg","2048x2048-width":1366,"2048x2048-height":2048,"featured-soft":"https:\/\/uniavisen.dk\/wp-content\/uploads\/2023\/09\/1.tarrak2-290x435.jpg","featured-soft-width":290,"featured-soft-height":435,"featured-hard":"https:\/\/uniavisen.dk\/wp-content\/uploads\/2023\/09\/1.tarrak2-290x180.jpg","featured-hard-width":290,"featured-hard-height":180,"narrow":"https:\/\/uniavisen.dk\/wp-content\/uploads\/2023\/09\/1.tarrak2-700x1050.jpg","narrow-width":700,"narrow-height":1050,"extended":"https:\/\/uniavisen.dk\/wp-content\/uploads\/2023\/09\/1.tarrak2-990x1484.jpg","extended-width":990,"extended-height":1484}},"short_description":"Menneskerettighedsalliancen og Dansk Ungdoms F\u00e6llesr\u00e5d inviterer til paneldebat og koncert med Josef Tarrak.","old_url":""},"_links":{"self":[{"href":"https:\/\/uniavisen.dk\/en\/wp-json\/wp\/v2\/events\/154457","targetHints":{"allow":["GET"]}}],"collection":[{"href":"https:\/\/uniavisen.dk\/en\/wp-json\/wp\/v2\/events"}],"about":[{"href":"https:\/\/uniavisen.dk\/en\/wp-json\/wp\/v2\/types\/event"}],"version-history":[{"count":0,"href":"https:\/\/uniavisen.dk\/en\/wp-json\/wp\/v2\/events\/154457\/revisions"}],"wp:featuredmedia":[{"embeddable":true,"href":"https:\/\/uniavisen.dk\/en\/wp-json\/wp\/v2\/media\/154458"}],"wp:attachment":[{"href":"https:\/\/uniavisen.dk\/en\/wp-json\/wp\/v2\/media?parent=154457"}],"curies":[{"name":"wp","href":"https:\/\/api.w.org\/{rel}","templated":true}]}}