
{"id":47024,"date":"2017-03-28T15:44:12","date_gmt":"2017-03-28T13:44:12","guid":{"rendered":"https:\/\/uniavisen.dk\/event\/transfer-day-paa-nationalmuseet\/"},"modified":"2017-03-28T15:44:12","modified_gmt":"2017-03-28T13:44:12","slug":"transfer-day-paa-nationalmuseet","status":"publish","type":"event","link":"https:\/\/uniavisen.dk\/en\/event\/transfer-day-paa-nationalmuseet\/","title":{"rendered":"Transfer Day p\u00e5 Nationalmuseet"},"content":{"rendered":"<p>Program<\/p>\n<p>Kl. 18.00: Velkomst ved Nationalmuseets Vicedirekt\u00f8r Camilla Mordhorst<\/p>\n<p>Kl. 18.10: Tale ved Gads Forlags direkt\u00f8r Ulrik Hvilsh\u00f8j<\/p>\n<p>Kl. 18.10-19.00: Det kolonihistoriske storv\u00e6rk \u201dDanmark og kolonierne\u201d i fem bind, der udgives i forbindelse med 100-\u00e5ret for salget af Dansk Vestindien, pr\u00e6senteres v\/ Louise Sebro, Mikkel Venborg Pedersen og Niels Brimnes<\/p>\n<p>Kl. 19.00\u201320.00: Boglancering er nu overst\u00e5et, og der vil v\u00e6re mulighed for let mad og drikke i forhallen inden debat i Egmonthallen.<br \/>\nWalk and talk ved Mille Gabriel, Mikkel Venborg Pedersen og Louise Sebro<\/p>\n<p>Kl. 20.00\u201321.00: Debat med Martin Breum som ordstyrer. Temaet i debatten er: \u201dHvad betyder Kolonihistorien i dag?\u201d<\/p>\n<p>Deltagere: Gunvor Simonsen, Philip Sampson, S\u00f8ren Rud og Astrid Nonbo Andersen.<\/p>\n<p>Aftenens arrangement er gratis og alle er velkomne.<\/p>\n<p>&nbsp;<\/p>\n<p>Salget af De Vestindiske \u00d8er markeres med mange arrangementer over hele landet. Find flere arrangementer her\u00a0www.historieromdanmark.dk\/tema\/100-aaret-for-salg-af-de-tidligere-dansk-vestindiske-oeer\/&amp;nbsp;<\/p>\n","protected":false},"excerpt":{"rendered":"<p>Program Kl. 18.00: Velkomst ved Nationalmuseets Vicedirekt\u00f8r Camilla Mordhorst Kl. 18.10: Tale ved Gads Forlags direkt\u00f8r Ulrik Hvilsh\u00f8j Kl. 18.10-19.00: Det kolonihistoriske storv\u00e6rk \u201dDanmark og kolonierne\u201d i fem bind, der udgives i forbindelse med 100-\u00e5ret for salget af Dansk Vestindien, pr\u00e6senteres v\/ Louise Sebro, Mikkel Venborg Pedersen og Niels Brimnes Kl. 19.00\u201320.00: Boglancering er nu [&hellip;]<\/p>\n","protected":false},"author":0,"featured_media":47025,"template":"","class_list":["post-47024","event","type-event","status-publish","has-post-thumbnail","hentry","event_category-debat"],"acf":[],"aioseo_notices":[],"yoast_head":"<!-- This site is optimized with the Yoast SEO plugin v27.5 - https:\/\/yoast.com\/product\/yoast-seo-wordpress\/ -->\n<title>Transfer Day p\u00e5 Nationalmuseet<\/title>\n<meta name=\"robots\" content=\"index, follow, max-snippet:-1, max-image-preview:large, max-video-preview:-1\" \/>\n<link rel=\"canonical\" href=\"https:\/\/uniavisen.dk\/en\/event\/transfer-day-paa-nationalmuseet\/\" \/>\n<meta property=\"og:locale\" content=\"en_US\" \/>\n<meta property=\"og:type\" content=\"article\" \/>\n<meta property=\"og:title\" content=\"Transfer Day p\u00e5 Nationalmuseet\" \/>\n<meta property=\"og:description\" content=\"Program Kl. 18.00: Velkomst ved Nationalmuseets Vicedirekt\u00f8r Camilla Mordhorst Kl. 18.10: Tale ved Gads Forlags direkt\u00f8r Ulrik Hvilsh\u00f8j Kl. 18.10-19.00: Det kolonihistoriske storv\u00e6rk \u201dDanmark og kolonierne\u201d i fem bind, der udgives i forbindelse med 100-\u00e5ret for salget af Dansk Vestindien, pr\u00e6senteres v\/ Louise Sebro, Mikkel Venborg Pedersen og Niels Brimnes Kl. 19.00\u201320.00: Boglancering er nu [&hellip;]\" \/>\n<meta property=\"og:url\" content=\"https:\/\/uniavisen.dk\/en\/event\/transfer-day-paa-nationalmuseet\/\" \/>\n<meta property=\"og:site_name\" content=\"University Post\" \/>\n<meta property=\"article:publisher\" content=\"https:\/\/www.facebook.com\/uniavis\" \/>\n<meta property=\"og:image\" content=\"https:\/\/uniavisen.dk\/wp-content\/uploads\/2017\/03\/transferdayvestindien_169_7bca7e3196.png\" \/>\n\t<meta property=\"og:image:width\" content=\"821\" \/>\n\t<meta property=\"og:image:height\" content=\"462\" \/>\n\t<meta property=\"og:image:type\" content=\"image\/png\" \/>\n<meta name=\"twitter:card\" content=\"summary_large_image\" \/>\n<meta name=\"twitter:site\" content=\"@Uniavisen\" \/>\n<meta name=\"twitter:label1\" content=\"Est. reading time\" \/>\n\t<meta name=\"twitter:data1\" content=\"1 minute\" \/>\n<script type=\"application\/ld+json\" class=\"yoast-schema-graph\">{\"@context\":\"https:\\\/\\\/schema.org\",\"@graph\":[{\"@type\":\"WebPage\",\"@id\":\"https:\\\/\\\/uniavisen.dk\\\/en\\\/event\\\/transfer-day-paa-nationalmuseet\\\/\",\"url\":\"https:\\\/\\\/uniavisen.dk\\\/en\\\/event\\\/transfer-day-paa-nationalmuseet\\\/\",\"name\":\"Transfer Day p\u00e5 Nationalmuseet\",\"isPartOf\":{\"@id\":\"https:\\\/\\\/uniavisen.dk\\\/#website\"},\"primaryImageOfPage\":{\"@id\":\"https:\\\/\\\/uniavisen.dk\\\/en\\\/event\\\/transfer-day-paa-nationalmuseet\\\/#primaryimage\"},\"image\":{\"@id\":\"https:\\\/\\\/uniavisen.dk\\\/en\\\/event\\\/transfer-day-paa-nationalmuseet\\\/#primaryimage\"},\"thumbnailUrl\":\"https:\\\/\\\/uniavisen.dk\\\/wp-content\\\/uploads\\\/2017\\\/03\\\/transferdayvestindien_169_7bca7e3196.png\",\"datePublished\":\"2017-03-28T13:44:12+00:00\",\"breadcrumb\":{\"@id\":\"https:\\\/\\\/uniavisen.dk\\\/en\\\/event\\\/transfer-day-paa-nationalmuseet\\\/#breadcrumb\"},\"inLanguage\":\"en-US\",\"potentialAction\":[{\"@type\":\"ReadAction\",\"target\":[\"https:\\\/\\\/uniavisen.dk\\\/en\\\/event\\\/transfer-day-paa-nationalmuseet\\\/\"]}]},{\"@type\":\"ImageObject\",\"inLanguage\":\"en-US\",\"@id\":\"https:\\\/\\\/uniavisen.dk\\\/en\\\/event\\\/transfer-day-paa-nationalmuseet\\\/#primaryimage\",\"url\":\"https:\\\/\\\/uniavisen.dk\\\/wp-content\\\/uploads\\\/2017\\\/03\\\/transferdayvestindien_169_7bca7e3196.png\",\"contentUrl\":\"https:\\\/\\\/uniavisen.dk\\\/wp-content\\\/uploads\\\/2017\\\/03\\\/transferdayvestindien_169_7bca7e3196.png\",\"width\":821,\"height\":462},{\"@type\":\"BreadcrumbList\",\"@id\":\"https:\\\/\\\/uniavisen.dk\\\/en\\\/event\\\/transfer-day-paa-nationalmuseet\\\/#breadcrumb\",\"itemListElement\":[{\"@type\":\"ListItem\",\"position\":1,\"name\":\"Home\",\"item\":\"https:\\\/\\\/uniavisen.dk\\\/en\\\/\"},{\"@type\":\"ListItem\",\"position\":2,\"name\":\"Events\",\"item\":\"https:\\\/\\\/uniavisen.dk\\\/event\\\/\"},{\"@type\":\"ListItem\",\"position\":3,\"name\":\"Transfer Day p\u00e5 Nationalmuseet\"}]},{\"@type\":\"WebSite\",\"@id\":\"https:\\\/\\\/uniavisen.dk\\\/#website\",\"url\":\"https:\\\/\\\/uniavisen.dk\\\/\",\"name\":\"University Post\",\"description\":\"Independent of management\",\"potentialAction\":[{\"@type\":\"SearchAction\",\"target\":{\"@type\":\"EntryPoint\",\"urlTemplate\":\"https:\\\/\\\/uniavisen.dk\\\/?s={search_term_string}\"},\"query-input\":{\"@type\":\"PropertyValueSpecification\",\"valueRequired\":true,\"valueName\":\"search_term_string\"}}],\"inLanguage\":\"en-US\"}]}<\/script>\n<!-- \/ Yoast SEO plugin. -->","yoast_head_json":{"title":"Transfer Day p\u00e5 Nationalmuseet","robots":{"index":"index","follow":"follow","max-snippet":"max-snippet:-1","max-image-preview":"max-image-preview:large","max-video-preview":"max-video-preview:-1"},"canonical":"https:\/\/uniavisen.dk\/en\/event\/transfer-day-paa-nationalmuseet\/","og_locale":"en_US","og_type":"article","og_title":"Transfer Day p\u00e5 Nationalmuseet","og_description":"Program Kl. 18.00: Velkomst ved Nationalmuseets Vicedirekt\u00f8r Camilla Mordhorst Kl. 18.10: Tale ved Gads Forlags direkt\u00f8r Ulrik Hvilsh\u00f8j Kl. 18.10-19.00: Det kolonihistoriske storv\u00e6rk \u201dDanmark og kolonierne\u201d i fem bind, der udgives i forbindelse med 100-\u00e5ret for salget af Dansk Vestindien, pr\u00e6senteres v\/ Louise Sebro, Mikkel Venborg Pedersen og Niels Brimnes Kl. 19.00\u201320.00: Boglancering er nu [&hellip;]","og_url":"https:\/\/uniavisen.dk\/en\/event\/transfer-day-paa-nationalmuseet\/","og_site_name":"University Post","article_publisher":"https:\/\/www.facebook.com\/uniavis","og_image":[{"width":821,"height":462,"url":"https:\/\/uniavisen.dk\/wp-content\/uploads\/2017\/03\/transferdayvestindien_169_7bca7e3196.png","type":"image\/png"}],"twitter_card":"summary_large_image","twitter_site":"@Uniavisen","twitter_misc":{"Est. reading time":"1 minute"},"schema":{"@context":"https:\/\/schema.org","@graph":[{"@type":"WebPage","@id":"https:\/\/uniavisen.dk\/en\/event\/transfer-day-paa-nationalmuseet\/","url":"https:\/\/uniavisen.dk\/en\/event\/transfer-day-paa-nationalmuseet\/","name":"Transfer Day p\u00e5 Nationalmuseet","isPartOf":{"@id":"https:\/\/uniavisen.dk\/#website"},"primaryImageOfPage":{"@id":"https:\/\/uniavisen.dk\/en\/event\/transfer-day-paa-nationalmuseet\/#primaryimage"},"image":{"@id":"https:\/\/uniavisen.dk\/en\/event\/transfer-day-paa-nationalmuseet\/#primaryimage"},"thumbnailUrl":"https:\/\/uniavisen.dk\/wp-content\/uploads\/2017\/03\/transferdayvestindien_169_7bca7e3196.png","datePublished":"2017-03-28T13:44:12+00:00","breadcrumb":{"@id":"https:\/\/uniavisen.dk\/en\/event\/transfer-day-paa-nationalmuseet\/#breadcrumb"},"inLanguage":"en-US","potentialAction":[{"@type":"ReadAction","target":["https:\/\/uniavisen.dk\/en\/event\/transfer-day-paa-nationalmuseet\/"]}]},{"@type":"ImageObject","inLanguage":"en-US","@id":"https:\/\/uniavisen.dk\/en\/event\/transfer-day-paa-nationalmuseet\/#primaryimage","url":"https:\/\/uniavisen.dk\/wp-content\/uploads\/2017\/03\/transferdayvestindien_169_7bca7e3196.png","contentUrl":"https:\/\/uniavisen.dk\/wp-content\/uploads\/2017\/03\/transferdayvestindien_169_7bca7e3196.png","width":821,"height":462},{"@type":"BreadcrumbList","@id":"https:\/\/uniavisen.dk\/en\/event\/transfer-day-paa-nationalmuseet\/#breadcrumb","itemListElement":[{"@type":"ListItem","position":1,"name":"Home","item":"https:\/\/uniavisen.dk\/en\/"},{"@type":"ListItem","position":2,"name":"Events","item":"https:\/\/uniavisen.dk\/event\/"},{"@type":"ListItem","position":3,"name":"Transfer Day p\u00e5 Nationalmuseet"}]},{"@type":"WebSite","@id":"https:\/\/uniavisen.dk\/#website","url":"https:\/\/uniavisen.dk\/","name":"University Post","description":"Independent of management","potentialAction":[{"@type":"SearchAction","target":{"@type":"EntryPoint","urlTemplate":"https:\/\/uniavisen.dk\/?s={search_term_string}"},"query-input":{"@type":"PropertyValueSpecification","valueRequired":true,"valueName":"search_term_string"}}],"inLanguage":"en-US"}]}},"advancedCustomFields":{"event_category":{"term_id":77,"name":"Debat","slug":"debat","term_group":0,"term_taxonomy_id":77,"taxonomy":"event_category","description":"","parent":0,"count":179,"filter":"raw"},"start":"2017-03-31 18:00:00","add_end_time":true,"end":"2017-03-31 21:00:00","location":"Ny Vestergade 10, 1471 K\u00f8benhavn K.","host_name":"Nationalmuseet","ticket_link":"http:\/\/natmus.dk\/aktivitet\/tranfer-day\/","event_is_free":true,"event_poster":{"ID":47025,"id":47025,"title":"transferdayvestindien_169_7bca7e3196.png","filename":"transferdayvestindien_169_7bca7e3196.png","filesize":764200,"url":"https:\/\/uniavisen.dk\/wp-content\/uploads\/2017\/03\/transferdayvestindien_169_7bca7e3196.png","link":"https:\/\/uniavisen.dk\/en\/event\/transfer-day-paa-nationalmuseet\/transferdayvestindien_169_7bca7e3196-png\/","alt":"","author":"0","description":"","caption":"","name":"transferdayvestindien_169_7bca7e3196-png","status":"inherit","uploaded_to":47024,"date":"2017-03-28 13:44:12","modified":"2017-03-28 13:44:13","menu_order":0,"mime_type":"image\/png","type":"image","subtype":"png","icon":"https:\/\/uniavisen.dk\/wp-includes\/images\/media\/default.png","width":821,"height":462,"sizes":{"thumbnail":"https:\/\/uniavisen.dk\/wp-content\/uploads\/2017\/03\/transferdayvestindien_169_7bca7e3196-150x150.png","thumbnail-width":150,"thumbnail-height":150,"medium":"https:\/\/uniavisen.dk\/wp-content\/uploads\/2017\/03\/transferdayvestindien_169_7bca7e3196-480x270.png","medium-width":480,"medium-height":270,"medium_large":"https:\/\/uniavisen.dk\/wp-content\/uploads\/2017\/03\/transferdayvestindien_169_7bca7e3196-768x432.png","medium_large-width":768,"medium_large-height":432,"large":"https:\/\/uniavisen.dk\/wp-content\/uploads\/2017\/03\/transferdayvestindien_169_7bca7e3196.png","large-width":821,"large-height":462,"1536x1536":"https:\/\/uniavisen.dk\/wp-content\/uploads\/2017\/03\/transferdayvestindien_169_7bca7e3196.png","1536x1536-width":821,"1536x1536-height":462,"2048x2048":"https:\/\/uniavisen.dk\/wp-content\/uploads\/2017\/03\/transferdayvestindien_169_7bca7e3196.png","2048x2048-width":821,"2048x2048-height":462,"featured-soft":"https:\/\/uniavisen.dk\/wp-content\/uploads\/2017\/03\/transferdayvestindien_169_7bca7e3196-290x163.png","featured-soft-width":290,"featured-soft-height":163,"featured-hard":"https:\/\/uniavisen.dk\/wp-content\/uploads\/2017\/03\/transferdayvestindien_169_7bca7e3196-290x180.png","featured-hard-width":290,"featured-hard-height":180,"narrow":"https:\/\/uniavisen.dk\/wp-content\/uploads\/2017\/03\/transferdayvestindien_169_7bca7e3196-700x394.png","narrow-width":700,"narrow-height":394,"extended":"https:\/\/uniavisen.dk\/wp-content\/uploads\/2017\/03\/transferdayvestindien_169_7bca7e3196.png","extended-width":821,"extended-height":462}},"short_description":"Nationalmuseet inviterer til markering af Transfer Day med paneldebat og pr\u00e6sentation af det nye storv\u00e6rk \"Danmark og kolonierne\".","old_url":""},"_links":{"self":[{"href":"https:\/\/uniavisen.dk\/en\/wp-json\/wp\/v2\/events\/47024","targetHints":{"allow":["GET"]}}],"collection":[{"href":"https:\/\/uniavisen.dk\/en\/wp-json\/wp\/v2\/events"}],"about":[{"href":"https:\/\/uniavisen.dk\/en\/wp-json\/wp\/v2\/types\/event"}],"version-history":[{"count":0,"href":"https:\/\/uniavisen.dk\/en\/wp-json\/wp\/v2\/events\/47024\/revisions"}],"wp:featuredmedia":[{"embeddable":true,"href":"https:\/\/uniavisen.dk\/en\/wp-json\/wp\/v2\/media\/47025"}],"wp:attachment":[{"href":"https:\/\/uniavisen.dk\/en\/wp-json\/wp\/v2\/media?parent=47024"}],"curies":[{"name":"wp","href":"https:\/\/api.w.org\/{rel}","templated":true}]}}