
{"id":53189,"date":"2017-08-20T15:14:17","date_gmt":"2017-08-20T13:14:17","guid":{"rendered":"https:\/\/uniavisen.dk\/event\/korset-der-gaar-og-taler-om-petersevangeliets-kristologi\/"},"modified":"2017-08-20T15:14:17","modified_gmt":"2017-08-20T13:14:17","slug":"korset-der-gaar-og-taler-om-petersevangeliets-kristologi","status":"publish","type":"event","link":"https:\/\/uniavisen.dk\/en\/event\/korset-der-gaar-og-taler-om-petersevangeliets-kristologi\/","title":{"rendered":"Korset der g\u00e5r og taler: Om Petersevangeliets kristologi"},"content":{"rendered":"<p>Aftenforedrag i Teologisk Forening v.professor, ph.d. Heike Omerzu:&#8221;Korset der g\u00e5r og taler: Om Petersevangeliets kristologi&#8221;.<\/p>\n<p>Det apokryfe Petersevangeliums kristologi har v\u00e6ret omdiskuteret lige siden fort\u00e6llingens \u00e6ldste vidne, det s\u00e5kaldte Akhm\u00eem-dokument (P. Cair. 10759) blev fundet i 1886\/87. Dette fragment indeholder en beretning om Jesu lidelse og opstandelse, som kun til dels har paralleller i de kanoniske evangelier. Teksten er sandsynligvis identisk med det \u201dPetersevangelium\u201d, som den syriske biskop Serapion omkring 200 v.t. ans\u00e5 som doketisk. Mens den tidlige forskning i Petersevangeliet fulgte Serapions vurdering, er nyere studier mere tilbageholdende med at klassificere tekstens kristologi som doketisk og dermed uortodoks. Hvordan Petersevangeliets kristologi positivt skal karakteriseres og hvordan den forholder sig til andre tidlig kristne traditioner, diskuteres dog stadig. Foredraget vil kaste lys over disse omstridte sp\u00f8rgsm\u00e5l gennem en analyse af centrale passager af Petersevangeliet, herunder Jesu tavshed under korsf\u00e6stelsen &#8220;som f\u00f8lte han ingen smerte&#8221; (EvPet 4,10), hans sidste ord p\u00e5 korset &#8220;Kraft, min kraft, du har forladt mig&#8221; (EvPet 4,19) og beskrivelsen af den opstandne som en k\u00e6mpe, der er ledsaget af et talende kors (EvPet 4,38-42).<\/p>\n<p>Foredraget finder sted kl. 19.30 p\u00e5 &#8216;Markedspladsen&#8217; , Det Teologiske Fakultet, Karen Blixens Plads 16, 2300 K\u00f8benhavn S<\/p>\n<p>Entr\u00e9 kr. 25 per enkeltforedrag. Medlemskab (dvs. entr\u00e9 til alle foredrag i semesteret) kr. 50 per semester for studenter og pensionister, kr. 75 for \u00f8vrige.<\/p>\n<p>NB: vi tager kun imod kontanter og MobilePay.<\/p>\n","protected":false},"excerpt":{"rendered":"<p>Aftenforedrag i Teologisk Forening v.professor, ph.d. Heike Omerzu:&#8221;Korset der g\u00e5r og taler: Om Petersevangeliets kristologi&#8221;. Det apokryfe Petersevangeliums kristologi har v\u00e6ret omdiskuteret lige siden fort\u00e6llingens \u00e6ldste vidne, det s\u00e5kaldte Akhm\u00eem-dokument (P. Cair. 10759) blev fundet i 1886\/87. Dette fragment indeholder en beretning om Jesu lidelse og opstandelse, som kun til dels har paralleller i de [&hellip;]<\/p>\n","protected":false},"author":0,"featured_media":53190,"template":"","class_list":["post-53189","event","type-event","status-publish","has-post-thumbnail","hentry","event_category-foredrag"],"acf":[],"aioseo_notices":[],"yoast_head":"<!-- This site is optimized with the Yoast SEO plugin v27.5 - https:\/\/yoast.com\/product\/yoast-seo-wordpress\/ -->\n<title>Korset der g\u00e5r og taler: Om Petersevangeliets kristologi<\/title>\n<meta name=\"robots\" content=\"index, follow, max-snippet:-1, max-image-preview:large, max-video-preview:-1\" \/>\n<link rel=\"canonical\" href=\"https:\/\/uniavisen.dk\/en\/event\/korset-der-gaar-og-taler-om-petersevangeliets-kristologi\/\" \/>\n<meta property=\"og:locale\" content=\"en_US\" \/>\n<meta property=\"og:type\" content=\"article\" \/>\n<meta property=\"og:title\" content=\"Korset der g\u00e5r og taler: Om Petersevangeliets kristologi\" \/>\n<meta property=\"og:description\" content=\"Aftenforedrag i Teologisk Forening v.professor, ph.d. Heike Omerzu:&#8221;Korset der g\u00e5r og taler: Om Petersevangeliets kristologi&#8221;. Det apokryfe Petersevangeliums kristologi har v\u00e6ret omdiskuteret lige siden fort\u00e6llingens \u00e6ldste vidne, det s\u00e5kaldte Akhm\u00eem-dokument (P. Cair. 10759) blev fundet i 1886\/87. Dette fragment indeholder en beretning om Jesu lidelse og opstandelse, som kun til dels har paralleller i de [&hellip;]\" \/>\n<meta property=\"og:url\" content=\"https:\/\/uniavisen.dk\/en\/event\/korset-der-gaar-og-taler-om-petersevangeliets-kristologi\/\" \/>\n<meta property=\"og:site_name\" content=\"University Post\" \/>\n<meta property=\"article:publisher\" content=\"https:\/\/www.facebook.com\/uniavis\" \/>\n<meta property=\"og:image\" content=\"https:\/\/uniavisen.dk\/wp-content\/uploads\/2017\/08\/3643.jpg\" \/>\n\t<meta property=\"og:image:width\" content=\"1525\" \/>\n\t<meta property=\"og:image:height\" content=\"1960\" \/>\n\t<meta property=\"og:image:type\" content=\"image\/jpeg\" \/>\n<meta name=\"twitter:card\" content=\"summary_large_image\" \/>\n<meta name=\"twitter:site\" content=\"@Uniavisen\" \/>\n<meta name=\"twitter:label1\" content=\"Est. reading time\" \/>\n\t<meta name=\"twitter:data1\" content=\"1 minute\" \/>\n<script type=\"application\/ld+json\" class=\"yoast-schema-graph\">{\"@context\":\"https:\\\/\\\/schema.org\",\"@graph\":[{\"@type\":\"WebPage\",\"@id\":\"https:\\\/\\\/uniavisen.dk\\\/en\\\/event\\\/korset-der-gaar-og-taler-om-petersevangeliets-kristologi\\\/\",\"url\":\"https:\\\/\\\/uniavisen.dk\\\/en\\\/event\\\/korset-der-gaar-og-taler-om-petersevangeliets-kristologi\\\/\",\"name\":\"Korset der g\u00e5r og taler: Om Petersevangeliets kristologi\",\"isPartOf\":{\"@id\":\"https:\\\/\\\/uniavisen.dk\\\/#website\"},\"primaryImageOfPage\":{\"@id\":\"https:\\\/\\\/uniavisen.dk\\\/en\\\/event\\\/korset-der-gaar-og-taler-om-petersevangeliets-kristologi\\\/#primaryimage\"},\"image\":{\"@id\":\"https:\\\/\\\/uniavisen.dk\\\/en\\\/event\\\/korset-der-gaar-og-taler-om-petersevangeliets-kristologi\\\/#primaryimage\"},\"thumbnailUrl\":\"https:\\\/\\\/uniavisen.dk\\\/wp-content\\\/uploads\\\/2017\\\/08\\\/3643.jpg\",\"datePublished\":\"2017-08-20T13:14:17+00:00\",\"breadcrumb\":{\"@id\":\"https:\\\/\\\/uniavisen.dk\\\/en\\\/event\\\/korset-der-gaar-og-taler-om-petersevangeliets-kristologi\\\/#breadcrumb\"},\"inLanguage\":\"en-US\",\"potentialAction\":[{\"@type\":\"ReadAction\",\"target\":[\"https:\\\/\\\/uniavisen.dk\\\/en\\\/event\\\/korset-der-gaar-og-taler-om-petersevangeliets-kristologi\\\/\"]}]},{\"@type\":\"ImageObject\",\"inLanguage\":\"en-US\",\"@id\":\"https:\\\/\\\/uniavisen.dk\\\/en\\\/event\\\/korset-der-gaar-og-taler-om-petersevangeliets-kristologi\\\/#primaryimage\",\"url\":\"https:\\\/\\\/uniavisen.dk\\\/wp-content\\\/uploads\\\/2017\\\/08\\\/3643.jpg\",\"contentUrl\":\"https:\\\/\\\/uniavisen.dk\\\/wp-content\\\/uploads\\\/2017\\\/08\\\/3643.jpg\",\"width\":1525,\"height\":1960},{\"@type\":\"BreadcrumbList\",\"@id\":\"https:\\\/\\\/uniavisen.dk\\\/en\\\/event\\\/korset-der-gaar-og-taler-om-petersevangeliets-kristologi\\\/#breadcrumb\",\"itemListElement\":[{\"@type\":\"ListItem\",\"position\":1,\"name\":\"Home\",\"item\":\"https:\\\/\\\/uniavisen.dk\\\/en\\\/\"},{\"@type\":\"ListItem\",\"position\":2,\"name\":\"Events\",\"item\":\"https:\\\/\\\/uniavisen.dk\\\/event\\\/\"},{\"@type\":\"ListItem\",\"position\":3,\"name\":\"Korset der g\u00e5r og taler: Om Petersevangeliets kristologi\"}]},{\"@type\":\"WebSite\",\"@id\":\"https:\\\/\\\/uniavisen.dk\\\/#website\",\"url\":\"https:\\\/\\\/uniavisen.dk\\\/\",\"name\":\"University Post\",\"description\":\"Independent of management\",\"potentialAction\":[{\"@type\":\"SearchAction\",\"target\":{\"@type\":\"EntryPoint\",\"urlTemplate\":\"https:\\\/\\\/uniavisen.dk\\\/?s={search_term_string}\"},\"query-input\":{\"@type\":\"PropertyValueSpecification\",\"valueRequired\":true,\"valueName\":\"search_term_string\"}}],\"inLanguage\":\"en-US\"}]}<\/script>\n<!-- \/ Yoast SEO plugin. -->","yoast_head_json":{"title":"Korset der g\u00e5r og taler: Om Petersevangeliets kristologi","robots":{"index":"index","follow":"follow","max-snippet":"max-snippet:-1","max-image-preview":"max-image-preview:large","max-video-preview":"max-video-preview:-1"},"canonical":"https:\/\/uniavisen.dk\/en\/event\/korset-der-gaar-og-taler-om-petersevangeliets-kristologi\/","og_locale":"en_US","og_type":"article","og_title":"Korset der g\u00e5r og taler: Om Petersevangeliets kristologi","og_description":"Aftenforedrag i Teologisk Forening v.professor, ph.d. Heike Omerzu:&#8221;Korset der g\u00e5r og taler: Om Petersevangeliets kristologi&#8221;. Det apokryfe Petersevangeliums kristologi har v\u00e6ret omdiskuteret lige siden fort\u00e6llingens \u00e6ldste vidne, det s\u00e5kaldte Akhm\u00eem-dokument (P. Cair. 10759) blev fundet i 1886\/87. Dette fragment indeholder en beretning om Jesu lidelse og opstandelse, som kun til dels har paralleller i de [&hellip;]","og_url":"https:\/\/uniavisen.dk\/en\/event\/korset-der-gaar-og-taler-om-petersevangeliets-kristologi\/","og_site_name":"University Post","article_publisher":"https:\/\/www.facebook.com\/uniavis","og_image":[{"width":1525,"height":1960,"url":"https:\/\/uniavisen.dk\/wp-content\/uploads\/2017\/08\/3643.jpg","type":"image\/jpeg"}],"twitter_card":"summary_large_image","twitter_site":"@Uniavisen","twitter_misc":{"Est. reading time":"1 minute"},"schema":{"@context":"https:\/\/schema.org","@graph":[{"@type":"WebPage","@id":"https:\/\/uniavisen.dk\/en\/event\/korset-der-gaar-og-taler-om-petersevangeliets-kristologi\/","url":"https:\/\/uniavisen.dk\/en\/event\/korset-der-gaar-og-taler-om-petersevangeliets-kristologi\/","name":"Korset der g\u00e5r og taler: Om Petersevangeliets kristologi","isPartOf":{"@id":"https:\/\/uniavisen.dk\/#website"},"primaryImageOfPage":{"@id":"https:\/\/uniavisen.dk\/en\/event\/korset-der-gaar-og-taler-om-petersevangeliets-kristologi\/#primaryimage"},"image":{"@id":"https:\/\/uniavisen.dk\/en\/event\/korset-der-gaar-og-taler-om-petersevangeliets-kristologi\/#primaryimage"},"thumbnailUrl":"https:\/\/uniavisen.dk\/wp-content\/uploads\/2017\/08\/3643.jpg","datePublished":"2017-08-20T13:14:17+00:00","breadcrumb":{"@id":"https:\/\/uniavisen.dk\/en\/event\/korset-der-gaar-og-taler-om-petersevangeliets-kristologi\/#breadcrumb"},"inLanguage":"en-US","potentialAction":[{"@type":"ReadAction","target":["https:\/\/uniavisen.dk\/en\/event\/korset-der-gaar-og-taler-om-petersevangeliets-kristologi\/"]}]},{"@type":"ImageObject","inLanguage":"en-US","@id":"https:\/\/uniavisen.dk\/en\/event\/korset-der-gaar-og-taler-om-petersevangeliets-kristologi\/#primaryimage","url":"https:\/\/uniavisen.dk\/wp-content\/uploads\/2017\/08\/3643.jpg","contentUrl":"https:\/\/uniavisen.dk\/wp-content\/uploads\/2017\/08\/3643.jpg","width":1525,"height":1960},{"@type":"BreadcrumbList","@id":"https:\/\/uniavisen.dk\/en\/event\/korset-der-gaar-og-taler-om-petersevangeliets-kristologi\/#breadcrumb","itemListElement":[{"@type":"ListItem","position":1,"name":"Home","item":"https:\/\/uniavisen.dk\/en\/"},{"@type":"ListItem","position":2,"name":"Events","item":"https:\/\/uniavisen.dk\/event\/"},{"@type":"ListItem","position":3,"name":"Korset der g\u00e5r og taler: Om Petersevangeliets kristologi"}]},{"@type":"WebSite","@id":"https:\/\/uniavisen.dk\/#website","url":"https:\/\/uniavisen.dk\/","name":"University Post","description":"Independent of management","potentialAction":[{"@type":"SearchAction","target":{"@type":"EntryPoint","urlTemplate":"https:\/\/uniavisen.dk\/?s={search_term_string}"},"query-input":{"@type":"PropertyValueSpecification","valueRequired":true,"valueName":"search_term_string"}}],"inLanguage":"en-US"}]}},"advancedCustomFields":{"event_category":{"term_id":73,"name":"Foredrag","slug":"foredrag","term_group":0,"term_taxonomy_id":73,"taxonomy":"event_category","description":"","parent":0,"count":845,"filter":"raw"},"start":"2017-12-05 19:30:00","add_end_time":false,"location":"'Markedspladsen' ,Det Teologiske Fakultet, Karen Blixens Plads 16, 2300 K\u00f8benhavn S","host_name":"Teologisk Forening","ticket_link":"https:\/\/www.facebook.com\/events\/716247168576596\/?acontext=%7B%22ref%22%3A%224%22%2C%22feed_story_type%22%3A%22370%22%2C%22action_history%22%3A%22null%22%7D","event_is_free":false,"event_price":"25 kr","event_poster":{"ID":53190,"id":53190,"title":"3643.jpg","filename":"3643.jpg","filesize":521249,"url":"https:\/\/uniavisen.dk\/wp-content\/uploads\/2017\/08\/3643.jpg","link":"https:\/\/uniavisen.dk\/en\/event\/korset-der-gaar-og-taler-om-petersevangeliets-kristologi\/3643-jpg\/","alt":"","author":"0","description":"","caption":"","name":"3643-jpg","status":"inherit","uploaded_to":53189,"date":"2017-08-20 13:14:17","modified":"2017-08-20 13:14:19","menu_order":0,"mime_type":"image\/jpeg","type":"image","subtype":"jpeg","icon":"https:\/\/uniavisen.dk\/wp-includes\/images\/media\/default.png","width":1525,"height":1960,"sizes":{"thumbnail":"https:\/\/uniavisen.dk\/wp-content\/uploads\/2017\/08\/3643-150x150.jpg","thumbnail-width":150,"thumbnail-height":150,"medium":"https:\/\/uniavisen.dk\/wp-content\/uploads\/2017\/08\/3643-480x617.jpg","medium-width":480,"medium-height":617,"medium_large":"https:\/\/uniavisen.dk\/wp-content\/uploads\/2017\/08\/3643-768x987.jpg","medium_large-width":768,"medium_large-height":987,"large":"https:\/\/uniavisen.dk\/wp-content\/uploads\/2017\/08\/3643-1280x1645.jpg","large-width":1280,"large-height":1645,"1536x1536":"https:\/\/uniavisen.dk\/wp-content\/uploads\/2017\/08\/3643.jpg","1536x1536-width":1195,"1536x1536-height":1536,"2048x2048":"https:\/\/uniavisen.dk\/wp-content\/uploads\/2017\/08\/3643.jpg","2048x2048-width":1525,"2048x2048-height":1960,"featured-soft":"https:\/\/uniavisen.dk\/wp-content\/uploads\/2017\/08\/3643-290x373.jpg","featured-soft-width":290,"featured-soft-height":373,"featured-hard":"https:\/\/uniavisen.dk\/wp-content\/uploads\/2017\/08\/3643-290x180.jpg","featured-hard-width":290,"featured-hard-height":180,"narrow":"https:\/\/uniavisen.dk\/wp-content\/uploads\/2017\/08\/3643-700x900.jpg","narrow-width":700,"narrow-height":900,"extended":"https:\/\/uniavisen.dk\/wp-content\/uploads\/2017\/08\/3643-990x1272.jpg","extended-width":990,"extended-height":1272}},"short_description":"Aftenforedrag i Teologisk Forening v.professor, ph.d. Heike Omerzu:\"Korset der g\u00e5r og taler: Om Petersevangeliets kristologi\"","old_url":""},"_links":{"self":[{"href":"https:\/\/uniavisen.dk\/en\/wp-json\/wp\/v2\/events\/53189","targetHints":{"allow":["GET"]}}],"collection":[{"href":"https:\/\/uniavisen.dk\/en\/wp-json\/wp\/v2\/events"}],"about":[{"href":"https:\/\/uniavisen.dk\/en\/wp-json\/wp\/v2\/types\/event"}],"version-history":[{"count":0,"href":"https:\/\/uniavisen.dk\/en\/wp-json\/wp\/v2\/events\/53189\/revisions"}],"wp:featuredmedia":[{"embeddable":true,"href":"https:\/\/uniavisen.dk\/en\/wp-json\/wp\/v2\/media\/53190"}],"wp:attachment":[{"href":"https:\/\/uniavisen.dk\/en\/wp-json\/wp\/v2\/media?parent=53189"}],"curies":[{"name":"wp","href":"https:\/\/api.w.org\/{rel}","templated":true}]}}