
{"id":63301,"date":"2018-02-07T14:15:05","date_gmt":"2018-02-07T13:15:05","guid":{"rendered":"https:\/\/uniavisen.dk\/event\/faar-bakterierne-det-sidste-ord\/"},"modified":"2018-02-07T14:15:05","modified_gmt":"2018-02-07T13:15:05","slug":"faar-bakterierne-det-sidste-ord","status":"publish","type":"event","link":"https:\/\/uniavisen.dk\/en\/event\/faar-bakterierne-det-sidste-ord\/","title":{"rendered":"F\u00e5r bakterierne det sidste ord?"},"content":{"rendered":"<p>Opdagelsen af bakterierne i 1800-tallet \u00e6ndrede videnskaben for altid, og mikroorganismerne blev bragt frem i lyset som menneskets usynlige fjende. Den seneste bakterieforskning er dog ved at \u00e6ndre p\u00e5 vores syn p\u00e5 bakterierne. Forskningen tyder p\u00e5, at de billioner af bakterier, der bor i vores kroppe, har en stor betydning for vores sundhed. M\u00e5ske er bakterierne ikke kun menneskets usynlige fjende?<\/p>\n<p>Kom med til en helt s\u00e6rlig Aftenkonsultation, hvor mikrobiolog og rektor for K\u00f8benhavns universitet Henrik Wegener g\u00f8r status over den frembrusende forskning. Henrik Wegener vil udfolde bakteriernes nyere historie gennem eksempler fra sin egen bredtfavnende karriere, b\u00e5de nationalt og internationalt.<\/p>\n<p>Efterf\u00f8lgende vil lektor og kropshistoriker Adam Bencard kaste sig over de filosofiske konsekvenser af det nye syn p\u00e5 forholdet mellem bakterier og kroppen; hvad betyder bakterieforskningen for vores forst\u00e5else af at v\u00e6re menneske? Er vi et \u00f8kosystem? Og hvor g\u00e5r gr\u00e6nsen mellem \u201cos\u201d og omverdenen?<\/p>\n<p>Henrik Wegener \u2013\u00a0Rektor for K\u00f8benhavns Universitet<br \/>\nAdam Bencard \u2013\u00a0Lektor ved Medicinsk Museion, K\u00f8benhavns Universitet.<\/p>\n<p>D\u00f8rene \u00e5bner kl. 18.30. Efter konsultationen udstedes en recept p\u00e5 et glas, og det vil v\u00e6re muligt at tage en spadseretur rundt i museets udstillinger. Begge er inkluderet i billetprisen.<\/p>\n","protected":false},"excerpt":{"rendered":"<p>Opdagelsen af bakterierne i 1800-tallet \u00e6ndrede videnskaben for altid, og mikroorganismerne blev bragt frem i lyset som menneskets usynlige fjende. Den seneste bakterieforskning er dog ved at \u00e6ndre p\u00e5 vores syn p\u00e5 bakterierne. Forskningen tyder p\u00e5, at de billioner af bakterier, der bor i vores kroppe, har en stor betydning for vores sundhed. M\u00e5ske er [&hellip;]<\/p>\n","protected":false},"author":0,"featured_media":63302,"template":"","class_list":["post-63301","event","type-event","status-publish","has-post-thumbnail","hentry","event_category-foredrag"],"acf":[],"aioseo_notices":[],"yoast_head":"<!-- This site is optimized with the Yoast SEO plugin v27.5 - https:\/\/yoast.com\/product\/yoast-seo-wordpress\/ -->\n<title>F\u00e5r bakterierne det sidste ord?<\/title>\n<meta name=\"robots\" content=\"index, follow, max-snippet:-1, max-image-preview:large, max-video-preview:-1\" \/>\n<link rel=\"canonical\" href=\"https:\/\/uniavisen.dk\/en\/event\/faar-bakterierne-det-sidste-ord\/\" \/>\n<meta property=\"og:locale\" content=\"en_US\" \/>\n<meta property=\"og:type\" content=\"article\" \/>\n<meta property=\"og:title\" content=\"F\u00e5r bakterierne det sidste ord?\" \/>\n<meta property=\"og:description\" content=\"Opdagelsen af bakterierne i 1800-tallet \u00e6ndrede videnskaben for altid, og mikroorganismerne blev bragt frem i lyset som menneskets usynlige fjende. Den seneste bakterieforskning er dog ved at \u00e6ndre p\u00e5 vores syn p\u00e5 bakterierne. Forskningen tyder p\u00e5, at de billioner af bakterier, der bor i vores kroppe, har en stor betydning for vores sundhed. M\u00e5ske er [&hellip;]\" \/>\n<meta property=\"og:url\" content=\"https:\/\/uniavisen.dk\/en\/event\/faar-bakterierne-det-sidste-ord\/\" \/>\n<meta property=\"og:site_name\" content=\"University Post\" \/>\n<meta property=\"article:publisher\" content=\"https:\/\/www.facebook.com\/uniavis\" \/>\n<meta property=\"og:image\" content=\"https:\/\/uniavisen.dk\/wp-content\/uploads\/2018\/02\/logobaktehoejtekst-1280x853.jpg\" \/>\n\t<meta property=\"og:image:width\" content=\"1280\" \/>\n\t<meta property=\"og:image:height\" content=\"853\" \/>\n\t<meta property=\"og:image:type\" content=\"image\/jpeg\" \/>\n<meta name=\"twitter:card\" content=\"summary_large_image\" \/>\n<meta name=\"twitter:site\" content=\"@Uniavisen\" \/>\n<meta name=\"twitter:label1\" content=\"Est. reading time\" \/>\n\t<meta name=\"twitter:data1\" content=\"1 minute\" \/>\n<script type=\"application\/ld+json\" class=\"yoast-schema-graph\">{\"@context\":\"https:\\\/\\\/schema.org\",\"@graph\":[{\"@type\":\"WebPage\",\"@id\":\"https:\\\/\\\/uniavisen.dk\\\/en\\\/event\\\/faar-bakterierne-det-sidste-ord\\\/\",\"url\":\"https:\\\/\\\/uniavisen.dk\\\/en\\\/event\\\/faar-bakterierne-det-sidste-ord\\\/\",\"name\":\"F\u00e5r bakterierne det sidste ord?\",\"isPartOf\":{\"@id\":\"https:\\\/\\\/uniavisen.dk\\\/#website\"},\"primaryImageOfPage\":{\"@id\":\"https:\\\/\\\/uniavisen.dk\\\/en\\\/event\\\/faar-bakterierne-det-sidste-ord\\\/#primaryimage\"},\"image\":{\"@id\":\"https:\\\/\\\/uniavisen.dk\\\/en\\\/event\\\/faar-bakterierne-det-sidste-ord\\\/#primaryimage\"},\"thumbnailUrl\":\"https:\\\/\\\/uniavisen.dk\\\/wp-content\\\/uploads\\\/2018\\\/02\\\/logobaktehoejtekst.jpg\",\"datePublished\":\"2018-02-07T13:15:05+00:00\",\"breadcrumb\":{\"@id\":\"https:\\\/\\\/uniavisen.dk\\\/en\\\/event\\\/faar-bakterierne-det-sidste-ord\\\/#breadcrumb\"},\"inLanguage\":\"en-US\",\"potentialAction\":[{\"@type\":\"ReadAction\",\"target\":[\"https:\\\/\\\/uniavisen.dk\\\/en\\\/event\\\/faar-bakterierne-det-sidste-ord\\\/\"]}]},{\"@type\":\"ImageObject\",\"inLanguage\":\"en-US\",\"@id\":\"https:\\\/\\\/uniavisen.dk\\\/en\\\/event\\\/faar-bakterierne-det-sidste-ord\\\/#primaryimage\",\"url\":\"https:\\\/\\\/uniavisen.dk\\\/wp-content\\\/uploads\\\/2018\\\/02\\\/logobaktehoejtekst.jpg\",\"contentUrl\":\"https:\\\/\\\/uniavisen.dk\\\/wp-content\\\/uploads\\\/2018\\\/02\\\/logobaktehoejtekst.jpg\",\"width\":6000,\"height\":4000},{\"@type\":\"BreadcrumbList\",\"@id\":\"https:\\\/\\\/uniavisen.dk\\\/en\\\/event\\\/faar-bakterierne-det-sidste-ord\\\/#breadcrumb\",\"itemListElement\":[{\"@type\":\"ListItem\",\"position\":1,\"name\":\"Home\",\"item\":\"https:\\\/\\\/uniavisen.dk\\\/en\\\/\"},{\"@type\":\"ListItem\",\"position\":2,\"name\":\"Events\",\"item\":\"https:\\\/\\\/uniavisen.dk\\\/event\\\/\"},{\"@type\":\"ListItem\",\"position\":3,\"name\":\"F\u00e5r bakterierne det sidste ord?\"}]},{\"@type\":\"WebSite\",\"@id\":\"https:\\\/\\\/uniavisen.dk\\\/#website\",\"url\":\"https:\\\/\\\/uniavisen.dk\\\/\",\"name\":\"University Post\",\"description\":\"Independent of management\",\"potentialAction\":[{\"@type\":\"SearchAction\",\"target\":{\"@type\":\"EntryPoint\",\"urlTemplate\":\"https:\\\/\\\/uniavisen.dk\\\/?s={search_term_string}\"},\"query-input\":{\"@type\":\"PropertyValueSpecification\",\"valueRequired\":true,\"valueName\":\"search_term_string\"}}],\"inLanguage\":\"en-US\"}]}<\/script>\n<!-- \/ Yoast SEO plugin. -->","yoast_head_json":{"title":"F\u00e5r bakterierne det sidste ord?","robots":{"index":"index","follow":"follow","max-snippet":"max-snippet:-1","max-image-preview":"max-image-preview:large","max-video-preview":"max-video-preview:-1"},"canonical":"https:\/\/uniavisen.dk\/en\/event\/faar-bakterierne-det-sidste-ord\/","og_locale":"en_US","og_type":"article","og_title":"F\u00e5r bakterierne det sidste ord?","og_description":"Opdagelsen af bakterierne i 1800-tallet \u00e6ndrede videnskaben for altid, og mikroorganismerne blev bragt frem i lyset som menneskets usynlige fjende. Den seneste bakterieforskning er dog ved at \u00e6ndre p\u00e5 vores syn p\u00e5 bakterierne. Forskningen tyder p\u00e5, at de billioner af bakterier, der bor i vores kroppe, har en stor betydning for vores sundhed. M\u00e5ske er [&hellip;]","og_url":"https:\/\/uniavisen.dk\/en\/event\/faar-bakterierne-det-sidste-ord\/","og_site_name":"University Post","article_publisher":"https:\/\/www.facebook.com\/uniavis","og_image":[{"width":1280,"height":853,"url":"https:\/\/uniavisen.dk\/wp-content\/uploads\/2018\/02\/logobaktehoejtekst-1280x853.jpg","type":"image\/jpeg"}],"twitter_card":"summary_large_image","twitter_site":"@Uniavisen","twitter_misc":{"Est. reading time":"1 minute"},"schema":{"@context":"https:\/\/schema.org","@graph":[{"@type":"WebPage","@id":"https:\/\/uniavisen.dk\/en\/event\/faar-bakterierne-det-sidste-ord\/","url":"https:\/\/uniavisen.dk\/en\/event\/faar-bakterierne-det-sidste-ord\/","name":"F\u00e5r bakterierne det sidste ord?","isPartOf":{"@id":"https:\/\/uniavisen.dk\/#website"},"primaryImageOfPage":{"@id":"https:\/\/uniavisen.dk\/en\/event\/faar-bakterierne-det-sidste-ord\/#primaryimage"},"image":{"@id":"https:\/\/uniavisen.dk\/en\/event\/faar-bakterierne-det-sidste-ord\/#primaryimage"},"thumbnailUrl":"https:\/\/uniavisen.dk\/wp-content\/uploads\/2018\/02\/logobaktehoejtekst.jpg","datePublished":"2018-02-07T13:15:05+00:00","breadcrumb":{"@id":"https:\/\/uniavisen.dk\/en\/event\/faar-bakterierne-det-sidste-ord\/#breadcrumb"},"inLanguage":"en-US","potentialAction":[{"@type":"ReadAction","target":["https:\/\/uniavisen.dk\/en\/event\/faar-bakterierne-det-sidste-ord\/"]}]},{"@type":"ImageObject","inLanguage":"en-US","@id":"https:\/\/uniavisen.dk\/en\/event\/faar-bakterierne-det-sidste-ord\/#primaryimage","url":"https:\/\/uniavisen.dk\/wp-content\/uploads\/2018\/02\/logobaktehoejtekst.jpg","contentUrl":"https:\/\/uniavisen.dk\/wp-content\/uploads\/2018\/02\/logobaktehoejtekst.jpg","width":6000,"height":4000},{"@type":"BreadcrumbList","@id":"https:\/\/uniavisen.dk\/en\/event\/faar-bakterierne-det-sidste-ord\/#breadcrumb","itemListElement":[{"@type":"ListItem","position":1,"name":"Home","item":"https:\/\/uniavisen.dk\/en\/"},{"@type":"ListItem","position":2,"name":"Events","item":"https:\/\/uniavisen.dk\/event\/"},{"@type":"ListItem","position":3,"name":"F\u00e5r bakterierne det sidste ord?"}]},{"@type":"WebSite","@id":"https:\/\/uniavisen.dk\/#website","url":"https:\/\/uniavisen.dk\/","name":"University Post","description":"Independent of management","potentialAction":[{"@type":"SearchAction","target":{"@type":"EntryPoint","urlTemplate":"https:\/\/uniavisen.dk\/?s={search_term_string}"},"query-input":{"@type":"PropertyValueSpecification","valueRequired":true,"valueName":"search_term_string"}}],"inLanguage":"en-US"}]}},"advancedCustomFields":{"event_category":{"term_id":73,"name":"Foredrag","slug":"foredrag","term_group":0,"term_taxonomy_id":73,"taxonomy":"event_category","description":"","parent":0,"count":845,"filter":"raw"},"start":"2018-05-17 19:00:00","add_end_time":false,"location":"Medicinsk Museion, Bredgade 62, 1260, K\u00f8benhavn K","host_name":"Medicinsk Museion","ticket_link":"https:\/\/billetto.dk\/e\/far-bakterierne-det-sidste-ord-billetter-256382","event_is_free":false,"event_price":"75 kr. for studerende ","event_poster":{"ID":63302,"id":63302,"title":"logobaktehoejtekst.jpg","filename":"logobaktehoejtekst.jpg","filesize":2687352,"url":"https:\/\/uniavisen.dk\/wp-content\/uploads\/2018\/02\/logobaktehoejtekst.jpg","link":"https:\/\/uniavisen.dk\/en\/event\/faar-bakterierne-det-sidste-ord\/logobaktehoejtekst-jpg\/","alt":"","author":"0","description":"","caption":"","name":"logobaktehoejtekst-jpg","status":"inherit","uploaded_to":63301,"date":"2018-02-07 13:15:05","modified":"2018-02-07 13:15:10","menu_order":0,"mime_type":"image\/jpeg","type":"image","subtype":"jpeg","icon":"https:\/\/uniavisen.dk\/wp-includes\/images\/media\/default.png","width":6000,"height":4000,"sizes":{"thumbnail":"https:\/\/uniavisen.dk\/wp-content\/uploads\/2018\/02\/logobaktehoejtekst-150x150.jpg","thumbnail-width":150,"thumbnail-height":150,"medium":"https:\/\/uniavisen.dk\/wp-content\/uploads\/2018\/02\/logobaktehoejtekst-480x320.jpg","medium-width":480,"medium-height":320,"medium_large":"https:\/\/uniavisen.dk\/wp-content\/uploads\/2018\/02\/logobaktehoejtekst-768x512.jpg","medium_large-width":768,"medium_large-height":512,"large":"https:\/\/uniavisen.dk\/wp-content\/uploads\/2018\/02\/logobaktehoejtekst-1280x853.jpg","large-width":1280,"large-height":853,"1536x1536":"https:\/\/uniavisen.dk\/wp-content\/uploads\/2018\/02\/logobaktehoejtekst.jpg","1536x1536-width":1536,"1536x1536-height":1024,"2048x2048":"https:\/\/uniavisen.dk\/wp-content\/uploads\/2018\/02\/logobaktehoejtekst.jpg","2048x2048-width":2048,"2048x2048-height":1365,"featured-soft":"https:\/\/uniavisen.dk\/wp-content\/uploads\/2018\/02\/logobaktehoejtekst-290x193.jpg","featured-soft-width":290,"featured-soft-height":193,"featured-hard":"https:\/\/uniavisen.dk\/wp-content\/uploads\/2018\/02\/logobaktehoejtekst-290x180.jpg","featured-hard-width":290,"featured-hard-height":180,"narrow":"https:\/\/uniavisen.dk\/wp-content\/uploads\/2018\/02\/logobaktehoejtekst-700x467.jpg","narrow-width":700,"narrow-height":467,"extended":"https:\/\/uniavisen.dk\/wp-content\/uploads\/2018\/02\/logobaktehoejtekst-990x660.jpg","extended-width":990,"extended-height":660}},"short_description":"Kom med til en helt s\u00e6rlig Aftenkonsultation, hvor mikrobiolog og rektor for K\u00f8benhavns universitet Henrik Wegener g\u00f8r status over den frembrusende forskning. Henrik Wegener vil udfolde bakteriernes nyere historie gennem eksempler fra sin egen bredtfavnende karriere, b\u00e5de nationalt og internationalt.","old_url":""},"_links":{"self":[{"href":"https:\/\/uniavisen.dk\/en\/wp-json\/wp\/v2\/events\/63301","targetHints":{"allow":["GET"]}}],"collection":[{"href":"https:\/\/uniavisen.dk\/en\/wp-json\/wp\/v2\/events"}],"about":[{"href":"https:\/\/uniavisen.dk\/en\/wp-json\/wp\/v2\/types\/event"}],"version-history":[{"count":0,"href":"https:\/\/uniavisen.dk\/en\/wp-json\/wp\/v2\/events\/63301\/revisions"}],"wp:featuredmedia":[{"embeddable":true,"href":"https:\/\/uniavisen.dk\/en\/wp-json\/wp\/v2\/media\/63302"}],"wp:attachment":[{"href":"https:\/\/uniavisen.dk\/en\/wp-json\/wp\/v2\/media?parent=63301"}],"curies":[{"name":"wp","href":"https:\/\/api.w.org\/{rel}","templated":true}]}}