
{"id":64061,"date":"2018-02-20T10:16:14","date_gmt":"2018-02-20T09:16:14","guid":{"rendered":"https:\/\/uniavisen.dk\/en\/event\/hvilket-manifest-mangler-folkekirken-i-dag\/"},"modified":"2018-02-20T10:16:14","modified_gmt":"2018-02-20T09:16:14","slug":"hvilket-manifest-mangler-folkekirken-i-dag","status":"publish","type":"event","link":"https:\/\/uniavisen.dk\/en\/event\/hvilket-manifest-mangler-folkekirken-i-dag\/","title":{"rendered":"Hvilket manifest mangler folkekirken i dag?"},"content":{"rendered":"<p>Hvilket manifest mangler folkekirken i dag?<\/p>\n<p>Det sp\u00f8rgsm\u00e5l vil blive diskuteret af cand.phil. i religion Anders Laugesen og sognepr\u00e6st og fremtidsforsker Birgitte Kragh Engholm \u2013 og af alle jer, der deltager i arrangementet. Arrangementets moderator bliver Anders Elleb\u00e6k Madsen, redakt\u00f8r p\u00e5 Kristeligt Dagblad.<\/p>\n<p>Nok er kristendomshistorien sp\u00e6kket med mennesker som Martin Luther, N.F.S. Grundtvig og Paul Tillich, der har \u00f8nsket at g\u00f8re op med tidligere tiders t\u00e6nkning, men hvilke revolutioner er der brug for i dag? Er en revolution overhovedet n\u00f8dvendig eller er det i virkeligheden de tidligere tiders manifester vi skal holde fast i, for at sikre folkekirkens overlevelse? De sp\u00f8rgsm\u00e5l vil ogs\u00e5 blive stillet jer i salen, da det m\u00e5ske lige pr\u00e6cis er s\u00e5dan en revolution, der er brug for: \u00c9n, hvor alle kan og vil blive h\u00f8rt. I forbindelse med arrangementet vil der blive udarbejdet en pamflet med Birgitte Kragh Engholms og Anders Laugesens udkast til dette nye manifest \u2013 pamfletten vil blive udleveret p\u00e5 aftenen.<\/p>\n<p>Arrangementet er blevet til i samarbejde med Kbh L\u00e6ser.<\/p>\n","protected":false},"excerpt":{"rendered":"<p>Hvilket manifest mangler folkekirken i dag? Det sp\u00f8rgsm\u00e5l vil blive diskuteret af cand.phil. i religion Anders Laugesen og sognepr\u00e6st og fremtidsforsker Birgitte Kragh Engholm \u2013 og af alle jer, der deltager i arrangementet. Arrangementets moderator bliver Anders Elleb\u00e6k Madsen, redakt\u00f8r p\u00e5 Kristeligt Dagblad. Nok er kristendomshistorien sp\u00e6kket med mennesker som Martin Luther, N.F.S. Grundtvig og [&hellip;]<\/p>\n","protected":false},"author":0,"featured_media":64062,"template":"","class_list":["post-64061","event","type-event","status-publish","has-post-thumbnail","hentry","event_category-talk"],"acf":[],"aioseo_notices":[],"yoast_head":"<!-- This site is optimized with the Yoast SEO plugin v27.5 - https:\/\/yoast.com\/product\/yoast-seo-wordpress\/ -->\n<title>Hvilket manifest mangler folkekirken i dag?<\/title>\n<meta name=\"robots\" content=\"index, follow, max-snippet:-1, max-image-preview:large, max-video-preview:-1\" \/>\n<link rel=\"canonical\" href=\"https:\/\/uniavisen.dk\/en\/event\/hvilket-manifest-mangler-folkekirken-i-dag\/\" \/>\n<meta property=\"og:locale\" content=\"en_US\" \/>\n<meta property=\"og:type\" content=\"article\" \/>\n<meta property=\"og:title\" content=\"Hvilket manifest mangler folkekirken i dag?\" \/>\n<meta property=\"og:description\" content=\"Hvilket manifest mangler folkekirken i dag? Det sp\u00f8rgsm\u00e5l vil blive diskuteret af cand.phil. i religion Anders Laugesen og sognepr\u00e6st og fremtidsforsker Birgitte Kragh Engholm \u2013 og af alle jer, der deltager i arrangementet. Arrangementets moderator bliver Anders Elleb\u00e6k Madsen, redakt\u00f8r p\u00e5 Kristeligt Dagblad. Nok er kristendomshistorien sp\u00e6kket med mennesker som Martin Luther, N.F.S. Grundtvig og [&hellip;]\" \/>\n<meta property=\"og:url\" content=\"https:\/\/uniavisen.dk\/en\/event\/hvilket-manifest-mangler-folkekirken-i-dag\/\" \/>\n<meta property=\"og:site_name\" content=\"University Post\" \/>\n<meta property=\"article:publisher\" content=\"https:\/\/www.facebook.com\/uniavis\" \/>\n<meta property=\"og:image\" content=\"https:\/\/uniavisen.dk\/wp-content\/uploads\/2018\/02\/eksistensenmanifestkbhlaeser.jpg\" \/>\n\t<meta property=\"og:image:width\" content=\"2716\" \/>\n\t<meta property=\"og:image:height\" content=\"1810\" \/>\n\t<meta property=\"og:image:type\" content=\"image\/jpeg\" \/>\n<meta name=\"twitter:card\" content=\"summary_large_image\" \/>\n<meta name=\"twitter:site\" content=\"@Uniavisen\" \/>\n<meta name=\"twitter:label1\" content=\"Est. reading time\" \/>\n\t<meta name=\"twitter:data1\" content=\"1 minute\" \/>\n<script type=\"application\/ld+json\" class=\"yoast-schema-graph\">{\"@context\":\"https:\\\/\\\/schema.org\",\"@graph\":[{\"@type\":\"WebPage\",\"@id\":\"https:\\\/\\\/uniavisen.dk\\\/en\\\/event\\\/hvilket-manifest-mangler-folkekirken-i-dag\\\/\",\"url\":\"https:\\\/\\\/uniavisen.dk\\\/en\\\/event\\\/hvilket-manifest-mangler-folkekirken-i-dag\\\/\",\"name\":\"Hvilket manifest mangler folkekirken i dag?\",\"isPartOf\":{\"@id\":\"https:\\\/\\\/uniavisen.dk\\\/#website\"},\"primaryImageOfPage\":{\"@id\":\"https:\\\/\\\/uniavisen.dk\\\/en\\\/event\\\/hvilket-manifest-mangler-folkekirken-i-dag\\\/#primaryimage\"},\"image\":{\"@id\":\"https:\\\/\\\/uniavisen.dk\\\/en\\\/event\\\/hvilket-manifest-mangler-folkekirken-i-dag\\\/#primaryimage\"},\"thumbnailUrl\":\"https:\\\/\\\/uniavisen.dk\\\/wp-content\\\/uploads\\\/2018\\\/02\\\/eksistensenmanifestkbhlaeser.jpg\",\"datePublished\":\"2018-02-20T09:16:14+00:00\",\"breadcrumb\":{\"@id\":\"https:\\\/\\\/uniavisen.dk\\\/en\\\/event\\\/hvilket-manifest-mangler-folkekirken-i-dag\\\/#breadcrumb\"},\"inLanguage\":\"en-US\",\"potentialAction\":[{\"@type\":\"ReadAction\",\"target\":[\"https:\\\/\\\/uniavisen.dk\\\/en\\\/event\\\/hvilket-manifest-mangler-folkekirken-i-dag\\\/\"]}]},{\"@type\":\"ImageObject\",\"inLanguage\":\"en-US\",\"@id\":\"https:\\\/\\\/uniavisen.dk\\\/en\\\/event\\\/hvilket-manifest-mangler-folkekirken-i-dag\\\/#primaryimage\",\"url\":\"https:\\\/\\\/uniavisen.dk\\\/wp-content\\\/uploads\\\/2018\\\/02\\\/eksistensenmanifestkbhlaeser.jpg\",\"contentUrl\":\"https:\\\/\\\/uniavisen.dk\\\/wp-content\\\/uploads\\\/2018\\\/02\\\/eksistensenmanifestkbhlaeser.jpg\",\"width\":2716,\"height\":1810},{\"@type\":\"BreadcrumbList\",\"@id\":\"https:\\\/\\\/uniavisen.dk\\\/en\\\/event\\\/hvilket-manifest-mangler-folkekirken-i-dag\\\/#breadcrumb\",\"itemListElement\":[{\"@type\":\"ListItem\",\"position\":1,\"name\":\"Home\",\"item\":\"https:\\\/\\\/uniavisen.dk\\\/en\\\/\"},{\"@type\":\"ListItem\",\"position\":2,\"name\":\"Events\",\"item\":\"https:\\\/\\\/uniavisen.dk\\\/event\\\/\"},{\"@type\":\"ListItem\",\"position\":3,\"name\":\"Hvilket manifest mangler folkekirken i dag?\"}]},{\"@type\":\"WebSite\",\"@id\":\"https:\\\/\\\/uniavisen.dk\\\/#website\",\"url\":\"https:\\\/\\\/uniavisen.dk\\\/\",\"name\":\"University Post\",\"description\":\"Independent of management\",\"potentialAction\":[{\"@type\":\"SearchAction\",\"target\":{\"@type\":\"EntryPoint\",\"urlTemplate\":\"https:\\\/\\\/uniavisen.dk\\\/?s={search_term_string}\"},\"query-input\":{\"@type\":\"PropertyValueSpecification\",\"valueRequired\":true,\"valueName\":\"search_term_string\"}}],\"inLanguage\":\"en-US\"}]}<\/script>\n<!-- \/ Yoast SEO plugin. -->","yoast_head_json":{"title":"Hvilket manifest mangler folkekirken i dag?","robots":{"index":"index","follow":"follow","max-snippet":"max-snippet:-1","max-image-preview":"max-image-preview:large","max-video-preview":"max-video-preview:-1"},"canonical":"https:\/\/uniavisen.dk\/en\/event\/hvilket-manifest-mangler-folkekirken-i-dag\/","og_locale":"en_US","og_type":"article","og_title":"Hvilket manifest mangler folkekirken i dag?","og_description":"Hvilket manifest mangler folkekirken i dag? Det sp\u00f8rgsm\u00e5l vil blive diskuteret af cand.phil. i religion Anders Laugesen og sognepr\u00e6st og fremtidsforsker Birgitte Kragh Engholm \u2013 og af alle jer, der deltager i arrangementet. Arrangementets moderator bliver Anders Elleb\u00e6k Madsen, redakt\u00f8r p\u00e5 Kristeligt Dagblad. Nok er kristendomshistorien sp\u00e6kket med mennesker som Martin Luther, N.F.S. Grundtvig og [&hellip;]","og_url":"https:\/\/uniavisen.dk\/en\/event\/hvilket-manifest-mangler-folkekirken-i-dag\/","og_site_name":"University Post","article_publisher":"https:\/\/www.facebook.com\/uniavis","og_image":[{"width":2716,"height":1810,"url":"https:\/\/uniavisen.dk\/wp-content\/uploads\/2018\/02\/eksistensenmanifestkbhlaeser.jpg","type":"image\/jpeg"}],"twitter_card":"summary_large_image","twitter_site":"@Uniavisen","twitter_misc":{"Est. reading time":"1 minute"},"schema":{"@context":"https:\/\/schema.org","@graph":[{"@type":"WebPage","@id":"https:\/\/uniavisen.dk\/en\/event\/hvilket-manifest-mangler-folkekirken-i-dag\/","url":"https:\/\/uniavisen.dk\/en\/event\/hvilket-manifest-mangler-folkekirken-i-dag\/","name":"Hvilket manifest mangler folkekirken i dag?","isPartOf":{"@id":"https:\/\/uniavisen.dk\/#website"},"primaryImageOfPage":{"@id":"https:\/\/uniavisen.dk\/en\/event\/hvilket-manifest-mangler-folkekirken-i-dag\/#primaryimage"},"image":{"@id":"https:\/\/uniavisen.dk\/en\/event\/hvilket-manifest-mangler-folkekirken-i-dag\/#primaryimage"},"thumbnailUrl":"https:\/\/uniavisen.dk\/wp-content\/uploads\/2018\/02\/eksistensenmanifestkbhlaeser.jpg","datePublished":"2018-02-20T09:16:14+00:00","breadcrumb":{"@id":"https:\/\/uniavisen.dk\/en\/event\/hvilket-manifest-mangler-folkekirken-i-dag\/#breadcrumb"},"inLanguage":"en-US","potentialAction":[{"@type":"ReadAction","target":["https:\/\/uniavisen.dk\/en\/event\/hvilket-manifest-mangler-folkekirken-i-dag\/"]}]},{"@type":"ImageObject","inLanguage":"en-US","@id":"https:\/\/uniavisen.dk\/en\/event\/hvilket-manifest-mangler-folkekirken-i-dag\/#primaryimage","url":"https:\/\/uniavisen.dk\/wp-content\/uploads\/2018\/02\/eksistensenmanifestkbhlaeser.jpg","contentUrl":"https:\/\/uniavisen.dk\/wp-content\/uploads\/2018\/02\/eksistensenmanifestkbhlaeser.jpg","width":2716,"height":1810},{"@type":"BreadcrumbList","@id":"https:\/\/uniavisen.dk\/en\/event\/hvilket-manifest-mangler-folkekirken-i-dag\/#breadcrumb","itemListElement":[{"@type":"ListItem","position":1,"name":"Home","item":"https:\/\/uniavisen.dk\/en\/"},{"@type":"ListItem","position":2,"name":"Events","item":"https:\/\/uniavisen.dk\/event\/"},{"@type":"ListItem","position":3,"name":"Hvilket manifest mangler folkekirken i dag?"}]},{"@type":"WebSite","@id":"https:\/\/uniavisen.dk\/#website","url":"https:\/\/uniavisen.dk\/","name":"University Post","description":"Independent of management","potentialAction":[{"@type":"SearchAction","target":{"@type":"EntryPoint","urlTemplate":"https:\/\/uniavisen.dk\/?s={search_term_string}"},"query-input":{"@type":"PropertyValueSpecification","valueRequired":true,"valueName":"search_term_string"}}],"inLanguage":"en-US"}]}},"advancedCustomFields":{"event_category":{"term_id":137,"name":"Talk","slug":"talk","term_group":0,"term_taxonomy_id":137,"taxonomy":"event_category","description":"","parent":0,"count":70,"filter":"raw"},"start":"2018-03-01 16:30:00","add_end_time":true,"end":"2018-03-01 18:00:00","location":"Forlaget Eksistensen<br \/>\r\nFrederiksberg All\u00e9 10<br \/>\r\n1820 Frederiksberg","host_name":"Forlaget Eksistensen & Kbh L\u00e6ser","ticket_link":"https:\/\/www.facebook.com\/events\/163828967592742\/","event_is_free":true,"event_poster":{"ID":64062,"id":64062,"title":"eksistensenmanifestkbhlaeser.jpg","filename":"eksistensenmanifestkbhlaeser.jpg","filesize":443968,"url":"https:\/\/uniavisen.dk\/wp-content\/uploads\/2018\/02\/eksistensenmanifestkbhlaeser.jpg","link":"https:\/\/uniavisen.dk\/en\/event\/hvilket-manifest-mangler-folkekirken-i-dag\/eksistensenmanifestkbhlaeser-jpg\/","alt":"","author":"0","description":"","caption":"","name":"eksistensenmanifestkbhlaeser-jpg","status":"inherit","uploaded_to":64061,"date":"2018-02-20 09:16:14","modified":"2018-02-20 09:16:16","menu_order":0,"mime_type":"image\/jpeg","type":"image","subtype":"jpeg","icon":"https:\/\/uniavisen.dk\/wp-includes\/images\/media\/default.png","width":2716,"height":1810,"sizes":{"thumbnail":"https:\/\/uniavisen.dk\/wp-content\/uploads\/2018\/02\/eksistensenmanifestkbhlaeser-150x150.jpg","thumbnail-width":150,"thumbnail-height":150,"medium":"https:\/\/uniavisen.dk\/wp-content\/uploads\/2018\/02\/eksistensenmanifestkbhlaeser-480x320.jpg","medium-width":480,"medium-height":320,"medium_large":"https:\/\/uniavisen.dk\/wp-content\/uploads\/2018\/02\/eksistensenmanifestkbhlaeser-768x512.jpg","medium_large-width":768,"medium_large-height":512,"large":"https:\/\/uniavisen.dk\/wp-content\/uploads\/2018\/02\/eksistensenmanifestkbhlaeser-1280x853.jpg","large-width":1280,"large-height":853,"1536x1536":"https:\/\/uniavisen.dk\/wp-content\/uploads\/2018\/02\/eksistensenmanifestkbhlaeser.jpg","1536x1536-width":1536,"1536x1536-height":1024,"2048x2048":"https:\/\/uniavisen.dk\/wp-content\/uploads\/2018\/02\/eksistensenmanifestkbhlaeser.jpg","2048x2048-width":2048,"2048x2048-height":1365,"featured-soft":"https:\/\/uniavisen.dk\/wp-content\/uploads\/2018\/02\/eksistensenmanifestkbhlaeser-290x193.jpg","featured-soft-width":290,"featured-soft-height":193,"featured-hard":"https:\/\/uniavisen.dk\/wp-content\/uploads\/2018\/02\/eksistensenmanifestkbhlaeser-290x180.jpg","featured-hard-width":290,"featured-hard-height":180,"narrow":"https:\/\/uniavisen.dk\/wp-content\/uploads\/2018\/02\/eksistensenmanifestkbhlaeser-700x466.jpg","narrow-width":700,"narrow-height":466,"extended":"https:\/\/uniavisen.dk\/wp-content\/uploads\/2018\/02\/eksistensenmanifestkbhlaeser-990x660.jpg","extended-width":990,"extended-height":660}},"short_description":"Hvilket manifest mangler folkekirken i dag? Det sp\u00f8rgsm\u00e5l vil blive diskuteret af cand.phil. i religion Anders Laugesen og sognepr\u00e6st og fremtidsforsker Birgitte Kragh Engholm \u2013 og af alle jer, der deltager i arrangementet. Arrangementets moderator bliver Anders Elleb\u00e6k Madsen, redakt\u00f8r p\u00e5 Kristeligt Dagblad. ","old_url":""},"_links":{"self":[{"href":"https:\/\/uniavisen.dk\/en\/wp-json\/wp\/v2\/events\/64061","targetHints":{"allow":["GET"]}}],"collection":[{"href":"https:\/\/uniavisen.dk\/en\/wp-json\/wp\/v2\/events"}],"about":[{"href":"https:\/\/uniavisen.dk\/en\/wp-json\/wp\/v2\/types\/event"}],"version-history":[{"count":0,"href":"https:\/\/uniavisen.dk\/en\/wp-json\/wp\/v2\/events\/64061\/revisions"}],"wp:featuredmedia":[{"embeddable":true,"href":"https:\/\/uniavisen.dk\/en\/wp-json\/wp\/v2\/media\/64062"}],"wp:attachment":[{"href":"https:\/\/uniavisen.dk\/en\/wp-json\/wp\/v2\/media?parent=64061"}],"curies":[{"name":"wp","href":"https:\/\/api.w.org\/{rel}","templated":true}]}}