
{"id":68750,"date":"2018-05-23T11:45:01","date_gmt":"2018-05-23T09:45:01","guid":{"rendered":"https:\/\/uniavisen.dk\/event\/open-call-til-studenterkonference-om-kunst\/"},"modified":"2018-05-23T11:45:01","modified_gmt":"2018-05-23T09:45:01","slug":"open-call-til-studenterkonference-om-kunst","status":"publish","type":"event","link":"https:\/\/uniavisen.dk\/en\/event\/open-call-til-studenterkonference-om-kunst\/","title":{"rendered":"Open call til studenterkonference om kunst"},"content":{"rendered":"","protected":false},"excerpt":{"rendered":"","protected":false},"author":0,"featured_media":68751,"template":"","class_list":["post-68750","event","type-event","status-publish","has-post-thumbnail","hentry","event_category-konference"],"acf":[],"aioseo_notices":[],"yoast_head":"<!-- This site is optimized with the Yoast SEO plugin v27.5 - https:\/\/yoast.com\/product\/yoast-seo-wordpress\/ -->\n<title>Open call til studenterkonference om kunst<\/title>\n<meta name=\"robots\" content=\"index, follow, max-snippet:-1, max-image-preview:large, max-video-preview:-1\" \/>\n<link rel=\"canonical\" href=\"https:\/\/uniavisen.dk\/en\/event\/open-call-til-studenterkonference-om-kunst\/\" \/>\n<meta property=\"og:locale\" content=\"en_US\" \/>\n<meta property=\"og:type\" content=\"article\" \/>\n<meta property=\"og:title\" content=\"Open call til studenterkonference om kunst\" \/>\n<meta property=\"og:url\" content=\"https:\/\/uniavisen.dk\/en\/event\/open-call-til-studenterkonference-om-kunst\/\" \/>\n<meta property=\"og:site_name\" content=\"University Post\" \/>\n<meta property=\"article:publisher\" content=\"https:\/\/www.facebook.com\/uniavis\" \/>\n<meta property=\"og:image\" content=\"https:\/\/uniavisen.dk\/wp-content\/uploads\/2018\/05\/aiia.png\" \/>\n\t<meta property=\"og:image:width\" content=\"442\" \/>\n\t<meta property=\"og:image:height\" content=\"442\" \/>\n\t<meta property=\"og:image:type\" content=\"image\/png\" \/>\n<meta name=\"twitter:card\" content=\"summary_large_image\" \/>\n<meta name=\"twitter:site\" content=\"@Uniavisen\" \/>\n<script type=\"application\/ld+json\" class=\"yoast-schema-graph\">{\"@context\":\"https:\\\/\\\/schema.org\",\"@graph\":[{\"@type\":\"WebPage\",\"@id\":\"https:\\\/\\\/uniavisen.dk\\\/en\\\/event\\\/open-call-til-studenterkonference-om-kunst\\\/\",\"url\":\"https:\\\/\\\/uniavisen.dk\\\/en\\\/event\\\/open-call-til-studenterkonference-om-kunst\\\/\",\"name\":\"Open call til studenterkonference om kunst\",\"isPartOf\":{\"@id\":\"https:\\\/\\\/uniavisen.dk\\\/#website\"},\"primaryImageOfPage\":{\"@id\":\"https:\\\/\\\/uniavisen.dk\\\/en\\\/event\\\/open-call-til-studenterkonference-om-kunst\\\/#primaryimage\"},\"image\":{\"@id\":\"https:\\\/\\\/uniavisen.dk\\\/en\\\/event\\\/open-call-til-studenterkonference-om-kunst\\\/#primaryimage\"},\"thumbnailUrl\":\"https:\\\/\\\/uniavisen.dk\\\/wp-content\\\/uploads\\\/2018\\\/05\\\/aiia.png\",\"datePublished\":\"2018-05-23T09:45:01+00:00\",\"breadcrumb\":{\"@id\":\"https:\\\/\\\/uniavisen.dk\\\/en\\\/event\\\/open-call-til-studenterkonference-om-kunst\\\/#breadcrumb\"},\"inLanguage\":\"en-US\",\"potentialAction\":[{\"@type\":\"ReadAction\",\"target\":[\"https:\\\/\\\/uniavisen.dk\\\/en\\\/event\\\/open-call-til-studenterkonference-om-kunst\\\/\"]}]},{\"@type\":\"ImageObject\",\"inLanguage\":\"en-US\",\"@id\":\"https:\\\/\\\/uniavisen.dk\\\/en\\\/event\\\/open-call-til-studenterkonference-om-kunst\\\/#primaryimage\",\"url\":\"https:\\\/\\\/uniavisen.dk\\\/wp-content\\\/uploads\\\/2018\\\/05\\\/aiia.png\",\"contentUrl\":\"https:\\\/\\\/uniavisen.dk\\\/wp-content\\\/uploads\\\/2018\\\/05\\\/aiia.png\",\"width\":442,\"height\":442},{\"@type\":\"BreadcrumbList\",\"@id\":\"https:\\\/\\\/uniavisen.dk\\\/en\\\/event\\\/open-call-til-studenterkonference-om-kunst\\\/#breadcrumb\",\"itemListElement\":[{\"@type\":\"ListItem\",\"position\":1,\"name\":\"Home\",\"item\":\"https:\\\/\\\/uniavisen.dk\\\/en\\\/\"},{\"@type\":\"ListItem\",\"position\":2,\"name\":\"Events\",\"item\":\"https:\\\/\\\/uniavisen.dk\\\/event\\\/\"},{\"@type\":\"ListItem\",\"position\":3,\"name\":\"Open call til studenterkonference om kunst\"}]},{\"@type\":\"WebSite\",\"@id\":\"https:\\\/\\\/uniavisen.dk\\\/#website\",\"url\":\"https:\\\/\\\/uniavisen.dk\\\/\",\"name\":\"University Post\",\"description\":\"Independent of management\",\"potentialAction\":[{\"@type\":\"SearchAction\",\"target\":{\"@type\":\"EntryPoint\",\"urlTemplate\":\"https:\\\/\\\/uniavisen.dk\\\/?s={search_term_string}\"},\"query-input\":{\"@type\":\"PropertyValueSpecification\",\"valueRequired\":true,\"valueName\":\"search_term_string\"}}],\"inLanguage\":\"en-US\"}]}<\/script>\n<!-- \/ Yoast SEO plugin. -->","yoast_head_json":{"title":"Open call til studenterkonference om kunst","robots":{"index":"index","follow":"follow","max-snippet":"max-snippet:-1","max-image-preview":"max-image-preview:large","max-video-preview":"max-video-preview:-1"},"canonical":"https:\/\/uniavisen.dk\/en\/event\/open-call-til-studenterkonference-om-kunst\/","og_locale":"en_US","og_type":"article","og_title":"Open call til studenterkonference om kunst","og_url":"https:\/\/uniavisen.dk\/en\/event\/open-call-til-studenterkonference-om-kunst\/","og_site_name":"University Post","article_publisher":"https:\/\/www.facebook.com\/uniavis","og_image":[{"width":442,"height":442,"url":"https:\/\/uniavisen.dk\/wp-content\/uploads\/2018\/05\/aiia.png","type":"image\/png"}],"twitter_card":"summary_large_image","twitter_site":"@Uniavisen","schema":{"@context":"https:\/\/schema.org","@graph":[{"@type":"WebPage","@id":"https:\/\/uniavisen.dk\/en\/event\/open-call-til-studenterkonference-om-kunst\/","url":"https:\/\/uniavisen.dk\/en\/event\/open-call-til-studenterkonference-om-kunst\/","name":"Open call til studenterkonference om kunst","isPartOf":{"@id":"https:\/\/uniavisen.dk\/#website"},"primaryImageOfPage":{"@id":"https:\/\/uniavisen.dk\/en\/event\/open-call-til-studenterkonference-om-kunst\/#primaryimage"},"image":{"@id":"https:\/\/uniavisen.dk\/en\/event\/open-call-til-studenterkonference-om-kunst\/#primaryimage"},"thumbnailUrl":"https:\/\/uniavisen.dk\/wp-content\/uploads\/2018\/05\/aiia.png","datePublished":"2018-05-23T09:45:01+00:00","breadcrumb":{"@id":"https:\/\/uniavisen.dk\/en\/event\/open-call-til-studenterkonference-om-kunst\/#breadcrumb"},"inLanguage":"en-US","potentialAction":[{"@type":"ReadAction","target":["https:\/\/uniavisen.dk\/en\/event\/open-call-til-studenterkonference-om-kunst\/"]}]},{"@type":"ImageObject","inLanguage":"en-US","@id":"https:\/\/uniavisen.dk\/en\/event\/open-call-til-studenterkonference-om-kunst\/#primaryimage","url":"https:\/\/uniavisen.dk\/wp-content\/uploads\/2018\/05\/aiia.png","contentUrl":"https:\/\/uniavisen.dk\/wp-content\/uploads\/2018\/05\/aiia.png","width":442,"height":442},{"@type":"BreadcrumbList","@id":"https:\/\/uniavisen.dk\/en\/event\/open-call-til-studenterkonference-om-kunst\/#breadcrumb","itemListElement":[{"@type":"ListItem","position":1,"name":"Home","item":"https:\/\/uniavisen.dk\/en\/"},{"@type":"ListItem","position":2,"name":"Events","item":"https:\/\/uniavisen.dk\/event\/"},{"@type":"ListItem","position":3,"name":"Open call til studenterkonference om kunst"}]},{"@type":"WebSite","@id":"https:\/\/uniavisen.dk\/#website","url":"https:\/\/uniavisen.dk\/","name":"University Post","description":"Independent of management","potentialAction":[{"@type":"SearchAction","target":{"@type":"EntryPoint","urlTemplate":"https:\/\/uniavisen.dk\/?s={search_term_string}"},"query-input":{"@type":"PropertyValueSpecification","valueRequired":true,"valueName":"search_term_string"}}],"inLanguage":"en-US"}]}},"advancedCustomFields":{"event_category":{"term_id":71,"name":"Konference","slug":"konference","term_group":0,"term_taxonomy_id":71,"taxonomy":"event_category","description":"","parent":0,"count":197,"filter":"raw"},"start":"2018-05-23 00:00:00","add_end_time":true,"end":"2018-07-01 00:00:00","location":"aiiacph.com","host_name":"Artificial intelligence\/intelligent art","ticket_link":"","event_is_free":true,"event_poster":{"ID":68751,"id":68751,"title":"aiia.png","filename":"aiia.png","filesize":38104,"url":"https:\/\/uniavisen.dk\/wp-content\/uploads\/2018\/05\/aiia.png","link":"https:\/\/uniavisen.dk\/en\/event\/open-call-til-studenterkonference-om-kunst\/aiia-png\/","alt":"","author":"0","description":"","caption":"","name":"aiia-png","status":"inherit","uploaded_to":68750,"date":"2018-05-23 09:45:01","modified":"2018-05-23 09:45:02","menu_order":0,"mime_type":"image\/png","type":"image","subtype":"png","icon":"https:\/\/uniavisen.dk\/wp-includes\/images\/media\/default.png","width":442,"height":442,"sizes":{"thumbnail":"https:\/\/uniavisen.dk\/wp-content\/uploads\/2018\/05\/aiia-150x150.png","thumbnail-width":150,"thumbnail-height":150,"medium":"https:\/\/uniavisen.dk\/wp-content\/uploads\/2018\/05\/aiia.png","medium-width":442,"medium-height":442,"medium_large":"https:\/\/uniavisen.dk\/wp-content\/uploads\/2018\/05\/aiia.png","medium_large-width":442,"medium_large-height":442,"large":"https:\/\/uniavisen.dk\/wp-content\/uploads\/2018\/05\/aiia.png","large-width":442,"large-height":442,"1536x1536":"https:\/\/uniavisen.dk\/wp-content\/uploads\/2018\/05\/aiia.png","1536x1536-width":442,"1536x1536-height":442,"2048x2048":"https:\/\/uniavisen.dk\/wp-content\/uploads\/2018\/05\/aiia.png","2048x2048-width":442,"2048x2048-height":442,"featured-soft":"https:\/\/uniavisen.dk\/wp-content\/uploads\/2018\/05\/aiia-290x290.png","featured-soft-width":290,"featured-soft-height":290,"featured-hard":"https:\/\/uniavisen.dk\/wp-content\/uploads\/2018\/05\/aiia-290x180.png","featured-hard-width":290,"featured-hard-height":180,"narrow":"https:\/\/uniavisen.dk\/wp-content\/uploads\/2018\/05\/aiia.png","narrow-width":442,"narrow-height":442,"extended":"https:\/\/uniavisen.dk\/wp-content\/uploads\/2018\/05\/aiia.png","extended-width":442,"extended-height":442}},"short_description":"Europ\u00e6isk studenterkonference om kunst og teknologi s\u00f8ger papers. Deadline for abstracts d. 1. juli. Kunst skal ikke v\u00e6re en eftertanke til en teknologisk fremtid. L\u00e6s mere p\u00e5 vores hjemmeside aiiacph.com og f\u00f8lg vores Facebook facebook.com\/aiiacph\/","old_url":""},"_links":{"self":[{"href":"https:\/\/uniavisen.dk\/en\/wp-json\/wp\/v2\/events\/68750","targetHints":{"allow":["GET"]}}],"collection":[{"href":"https:\/\/uniavisen.dk\/en\/wp-json\/wp\/v2\/events"}],"about":[{"href":"https:\/\/uniavisen.dk\/en\/wp-json\/wp\/v2\/types\/event"}],"version-history":[{"count":0,"href":"https:\/\/uniavisen.dk\/en\/wp-json\/wp\/v2\/events\/68750\/revisions"}],"wp:featuredmedia":[{"embeddable":true,"href":"https:\/\/uniavisen.dk\/en\/wp-json\/wp\/v2\/media\/68751"}],"wp:attachment":[{"href":"https:\/\/uniavisen.dk\/en\/wp-json\/wp\/v2\/media?parent=68750"}],"curies":[{"name":"wp","href":"https:\/\/api.w.org\/{rel}","templated":true}]}}