
{"id":72908,"date":"2018-08-22T15:19:08","date_gmt":"2018-08-22T13:19:08","guid":{"rendered":"https:\/\/uniavisen.dk\/en\/event\/seminar-om-identitet-fra-et-tvaerfagligt-perspektiv\/"},"modified":"2018-08-22T15:19:08","modified_gmt":"2018-08-22T13:19:08","slug":"seminar-om-identitet-fra-et-tvaerfagligt-perspektiv","status":"publish","type":"event","link":"https:\/\/uniavisen.dk\/en\/event\/seminar-om-identitet-fra-et-tvaerfagligt-perspektiv\/","title":{"rendered":"Seminar om Identitet fra et tv\u00e6rfagligt perspektiv"},"content":{"rendered":"<p><em>Hvem er jeg &#8211; hvem er du &#8211; hvad har formet os og hvem er vi?<\/em><\/p>\n<p>I den seneste version af det amerikanske diagnosesystem DSM 5 &#8211; alternativ model for personlighedsforstyrrelse &#8211; indg\u00e5r identitet som et led i den samlede vurdering af personlighedsfunktion.\u00a0Identitet er ikke blot betydningsfuldt indenfor personlighedspsykologi \/ personlighedspsykiatri &#8211; men ogs\u00e5 i en r\u00e6kke andre discipliner; humanistiske, sociologiske og kunstneriske.<br \/>\nVi har inviteret fremtr\u00e6dende forskere fra forskellige fagomr\u00e5der til at belyse og dr\u00f8fte begrebet.<\/p>\n<p><strong>Program<\/strong><br \/>\n08.30 \u2013 09.00 Ankomst \u2013 kaffe, croissant<br \/>\n09.00 \u2013 09.05 Velkomst v. Kraka Bj\u00f8rnholm<br \/>\n09.05 \u2013 10.05 Identitet og identitetsudfordringer i det senmoderne v. Carsten Ren\u00e9 J\u00f8rgensen<br \/>\n10.05 \u2013 10.20 Pause<br \/>\n10.20 \u2013 11.20 Selv-identitet, personlig identitet, kollektiv identitet: Hvad er forskellen og hvad er sammenh\u00e6ngen? v. Dan Zahavi<br \/>\n11.20 \u2013 12.20 Hvad kan litteraturen fort\u00e6lle os om identitet? v. Marianne Stidsen<br \/>\n12.20 \u2013 13.15 Frokost<br \/>\n13.15 \u2013 14.15 K\u00f8nnet er ikke en identitet v. Lilian Munk R\u00f6sing<br \/>\n14.15 \u2013 14.30 Kaffe\/kage<br \/>\n14.30 \u2013 15.30 Identitet eller identifikation i psykoanalyse v. Katrine Zeuthen<br \/>\n15.30 \u2013 16.15 Paneldiskussion<\/p>\n<p><em><strong>Foredragsholdere<\/strong><\/em><br \/>\nProfessor i klinisk psykologi Carsten Ren\u00e9 J\u00f8rgensen, \u00c5rhus Universitet<br \/>\nProfessor Dan Zahavi, Center for Subjektivitetsforskning, K\u00f8benhavns Universitet<br \/>\nLektor Marianne Stidsen, Institut for Nordiske Studier og Sprogvidenskab, K\u00f8benhavns Universitet<br \/>\nLektor Lilian Munk R\u00f6sing, Institut for Kunst og Kulturvidenskab, K\u00f8benhavns Universitet<br \/>\nLektor Katrine Zeuthen, Institut for Psykologi, K\u00f8benhavns Universitet<\/p>\n<p><strong>Tilmelding senest 21. september 2018<\/strong> &#8211; send mail til iptp.dk@gmail.com med oplysning om navn og evt. EAN-nummer.<\/p>\n<p>Se mere om IPTP p\u00e5 www.iptp.dk<\/p>\n","protected":false},"excerpt":{"rendered":"<p>Hvem er jeg &#8211; hvem er du &#8211; hvad har formet os og hvem er vi? I den seneste version af det amerikanske diagnosesystem DSM 5 &#8211; alternativ model for personlighedsforstyrrelse &#8211; indg\u00e5r identitet som et led i den samlede vurdering af personlighedsfunktion.\u00a0Identitet er ikke blot betydningsfuldt indenfor personlighedspsykologi \/ personlighedspsykiatri &#8211; men ogs\u00e5 i [&hellip;]<\/p>\n","protected":false},"author":0,"featured_media":72909,"template":"","class_list":["post-72908","event","type-event","status-publish","has-post-thumbnail","hentry","event_category-seminar-en"],"acf":[],"aioseo_notices":[],"yoast_head":"<!-- This site is optimized with the Yoast SEO plugin v27.5 - https:\/\/yoast.com\/product\/yoast-seo-wordpress\/ -->\n<title>Seminar om Identitet fra et tv\u00e6rfagligt perspektiv<\/title>\n<meta name=\"robots\" content=\"index, follow, max-snippet:-1, max-image-preview:large, max-video-preview:-1\" \/>\n<link rel=\"canonical\" href=\"https:\/\/uniavisen.dk\/en\/event\/seminar-om-identitet-fra-et-tvaerfagligt-perspektiv\/\" \/>\n<meta property=\"og:locale\" content=\"en_US\" \/>\n<meta property=\"og:type\" content=\"article\" \/>\n<meta property=\"og:title\" content=\"Seminar om Identitet fra et tv\u00e6rfagligt perspektiv\" \/>\n<meta property=\"og:description\" content=\"Hvem er jeg &#8211; hvem er du &#8211; hvad har formet os og hvem er vi? I den seneste version af det amerikanske diagnosesystem DSM 5 &#8211; alternativ model for personlighedsforstyrrelse &#8211; indg\u00e5r identitet som et led i den samlede vurdering af personlighedsfunktion.\u00a0Identitet er ikke blot betydningsfuldt indenfor personlighedspsykologi \/ personlighedspsykiatri &#8211; men ogs\u00e5 i [&hellip;]\" \/>\n<meta property=\"og:url\" content=\"https:\/\/uniavisen.dk\/en\/event\/seminar-om-identitet-fra-et-tvaerfagligt-perspektiv\/\" \/>\n<meta property=\"og:site_name\" content=\"University Post\" \/>\n<meta property=\"article:publisher\" content=\"https:\/\/www.facebook.com\/uniavis\" \/>\n<meta property=\"og:image\" content=\"https:\/\/uniavisen.dk\/wp-content\/uploads\/2018\/08\/iptplogo.jpg\" \/>\n\t<meta property=\"og:image:width\" content=\"125\" \/>\n\t<meta property=\"og:image:height\" content=\"126\" \/>\n\t<meta property=\"og:image:type\" content=\"image\/jpeg\" \/>\n<meta name=\"twitter:card\" content=\"summary_large_image\" \/>\n<meta name=\"twitter:site\" content=\"@Uniavisen\" \/>\n<meta name=\"twitter:label1\" content=\"Est. reading time\" \/>\n\t<meta name=\"twitter:data1\" content=\"1 minute\" \/>\n<script type=\"application\/ld+json\" class=\"yoast-schema-graph\">{\"@context\":\"https:\\\/\\\/schema.org\",\"@graph\":[{\"@type\":\"WebPage\",\"@id\":\"https:\\\/\\\/uniavisen.dk\\\/en\\\/event\\\/seminar-om-identitet-fra-et-tvaerfagligt-perspektiv\\\/\",\"url\":\"https:\\\/\\\/uniavisen.dk\\\/en\\\/event\\\/seminar-om-identitet-fra-et-tvaerfagligt-perspektiv\\\/\",\"name\":\"Seminar om Identitet fra et tv\u00e6rfagligt perspektiv\",\"isPartOf\":{\"@id\":\"https:\\\/\\\/uniavisen.dk\\\/#website\"},\"primaryImageOfPage\":{\"@id\":\"https:\\\/\\\/uniavisen.dk\\\/en\\\/event\\\/seminar-om-identitet-fra-et-tvaerfagligt-perspektiv\\\/#primaryimage\"},\"image\":{\"@id\":\"https:\\\/\\\/uniavisen.dk\\\/en\\\/event\\\/seminar-om-identitet-fra-et-tvaerfagligt-perspektiv\\\/#primaryimage\"},\"thumbnailUrl\":\"https:\\\/\\\/uniavisen.dk\\\/wp-content\\\/uploads\\\/2018\\\/08\\\/iptplogo.jpg\",\"datePublished\":\"2018-08-22T13:19:08+00:00\",\"breadcrumb\":{\"@id\":\"https:\\\/\\\/uniavisen.dk\\\/en\\\/event\\\/seminar-om-identitet-fra-et-tvaerfagligt-perspektiv\\\/#breadcrumb\"},\"inLanguage\":\"en-US\",\"potentialAction\":[{\"@type\":\"ReadAction\",\"target\":[\"https:\\\/\\\/uniavisen.dk\\\/en\\\/event\\\/seminar-om-identitet-fra-et-tvaerfagligt-perspektiv\\\/\"]}]},{\"@type\":\"ImageObject\",\"inLanguage\":\"en-US\",\"@id\":\"https:\\\/\\\/uniavisen.dk\\\/en\\\/event\\\/seminar-om-identitet-fra-et-tvaerfagligt-perspektiv\\\/#primaryimage\",\"url\":\"https:\\\/\\\/uniavisen.dk\\\/wp-content\\\/uploads\\\/2018\\\/08\\\/iptplogo.jpg\",\"contentUrl\":\"https:\\\/\\\/uniavisen.dk\\\/wp-content\\\/uploads\\\/2018\\\/08\\\/iptplogo.jpg\",\"width\":125,\"height\":126},{\"@type\":\"BreadcrumbList\",\"@id\":\"https:\\\/\\\/uniavisen.dk\\\/en\\\/event\\\/seminar-om-identitet-fra-et-tvaerfagligt-perspektiv\\\/#breadcrumb\",\"itemListElement\":[{\"@type\":\"ListItem\",\"position\":1,\"name\":\"Home\",\"item\":\"https:\\\/\\\/uniavisen.dk\\\/en\\\/\"},{\"@type\":\"ListItem\",\"position\":2,\"name\":\"Events\",\"item\":\"https:\\\/\\\/uniavisen.dk\\\/event\\\/\"},{\"@type\":\"ListItem\",\"position\":3,\"name\":\"Seminar om Identitet fra et tv\u00e6rfagligt perspektiv\"}]},{\"@type\":\"WebSite\",\"@id\":\"https:\\\/\\\/uniavisen.dk\\\/#website\",\"url\":\"https:\\\/\\\/uniavisen.dk\\\/\",\"name\":\"University Post\",\"description\":\"Independent of management\",\"potentialAction\":[{\"@type\":\"SearchAction\",\"target\":{\"@type\":\"EntryPoint\",\"urlTemplate\":\"https:\\\/\\\/uniavisen.dk\\\/?s={search_term_string}\"},\"query-input\":{\"@type\":\"PropertyValueSpecification\",\"valueRequired\":true,\"valueName\":\"search_term_string\"}}],\"inLanguage\":\"en-US\"}]}<\/script>\n<!-- \/ Yoast SEO plugin. -->","yoast_head_json":{"title":"Seminar om Identitet fra et tv\u00e6rfagligt perspektiv","robots":{"index":"index","follow":"follow","max-snippet":"max-snippet:-1","max-image-preview":"max-image-preview:large","max-video-preview":"max-video-preview:-1"},"canonical":"https:\/\/uniavisen.dk\/en\/event\/seminar-om-identitet-fra-et-tvaerfagligt-perspektiv\/","og_locale":"en_US","og_type":"article","og_title":"Seminar om Identitet fra et tv\u00e6rfagligt perspektiv","og_description":"Hvem er jeg &#8211; hvem er du &#8211; hvad har formet os og hvem er vi? I den seneste version af det amerikanske diagnosesystem DSM 5 &#8211; alternativ model for personlighedsforstyrrelse &#8211; indg\u00e5r identitet som et led i den samlede vurdering af personlighedsfunktion.\u00a0Identitet er ikke blot betydningsfuldt indenfor personlighedspsykologi \/ personlighedspsykiatri &#8211; men ogs\u00e5 i [&hellip;]","og_url":"https:\/\/uniavisen.dk\/en\/event\/seminar-om-identitet-fra-et-tvaerfagligt-perspektiv\/","og_site_name":"University Post","article_publisher":"https:\/\/www.facebook.com\/uniavis","og_image":[{"width":125,"height":126,"url":"https:\/\/uniavisen.dk\/wp-content\/uploads\/2018\/08\/iptplogo.jpg","type":"image\/jpeg"}],"twitter_card":"summary_large_image","twitter_site":"@Uniavisen","twitter_misc":{"Est. reading time":"1 minute"},"schema":{"@context":"https:\/\/schema.org","@graph":[{"@type":"WebPage","@id":"https:\/\/uniavisen.dk\/en\/event\/seminar-om-identitet-fra-et-tvaerfagligt-perspektiv\/","url":"https:\/\/uniavisen.dk\/en\/event\/seminar-om-identitet-fra-et-tvaerfagligt-perspektiv\/","name":"Seminar om Identitet fra et tv\u00e6rfagligt perspektiv","isPartOf":{"@id":"https:\/\/uniavisen.dk\/#website"},"primaryImageOfPage":{"@id":"https:\/\/uniavisen.dk\/en\/event\/seminar-om-identitet-fra-et-tvaerfagligt-perspektiv\/#primaryimage"},"image":{"@id":"https:\/\/uniavisen.dk\/en\/event\/seminar-om-identitet-fra-et-tvaerfagligt-perspektiv\/#primaryimage"},"thumbnailUrl":"https:\/\/uniavisen.dk\/wp-content\/uploads\/2018\/08\/iptplogo.jpg","datePublished":"2018-08-22T13:19:08+00:00","breadcrumb":{"@id":"https:\/\/uniavisen.dk\/en\/event\/seminar-om-identitet-fra-et-tvaerfagligt-perspektiv\/#breadcrumb"},"inLanguage":"en-US","potentialAction":[{"@type":"ReadAction","target":["https:\/\/uniavisen.dk\/en\/event\/seminar-om-identitet-fra-et-tvaerfagligt-perspektiv\/"]}]},{"@type":"ImageObject","inLanguage":"en-US","@id":"https:\/\/uniavisen.dk\/en\/event\/seminar-om-identitet-fra-et-tvaerfagligt-perspektiv\/#primaryimage","url":"https:\/\/uniavisen.dk\/wp-content\/uploads\/2018\/08\/iptplogo.jpg","contentUrl":"https:\/\/uniavisen.dk\/wp-content\/uploads\/2018\/08\/iptplogo.jpg","width":125,"height":126},{"@type":"BreadcrumbList","@id":"https:\/\/uniavisen.dk\/en\/event\/seminar-om-identitet-fra-et-tvaerfagligt-perspektiv\/#breadcrumb","itemListElement":[{"@type":"ListItem","position":1,"name":"Home","item":"https:\/\/uniavisen.dk\/en\/"},{"@type":"ListItem","position":2,"name":"Events","item":"https:\/\/uniavisen.dk\/event\/"},{"@type":"ListItem","position":3,"name":"Seminar om Identitet fra et tv\u00e6rfagligt perspektiv"}]},{"@type":"WebSite","@id":"https:\/\/uniavisen.dk\/#website","url":"https:\/\/uniavisen.dk\/","name":"University Post","description":"Independent of management","potentialAction":[{"@type":"SearchAction","target":{"@type":"EntryPoint","urlTemplate":"https:\/\/uniavisen.dk\/?s={search_term_string}"},"query-input":{"@type":"PropertyValueSpecification","valueRequired":true,"valueName":"search_term_string"}}],"inLanguage":"en-US"}]}},"advancedCustomFields":{"event_category":{"term_id":138,"name":"Seminar","slug":"seminar-en","term_group":0,"term_taxonomy_id":138,"taxonomy":"event_category","description":"","parent":0,"count":53,"filter":"raw"},"start":"2018-10-26 08:30:00","add_end_time":true,"end":"2018-10-26 16:15:00","location":"Kosmopol, Fiolstr\u00e6de 44, K\u00f8benhavn K","host_name":"Institut for PersonlighedsTeori og Psykopatologi (IPTP)","ticket_link":"","event_is_free":false,"event_price":"1.200,00 kr. for medlemmer af IPTP; 1.500,00 kr. for andre","event_poster":{"ID":72909,"id":72909,"title":"iptplogo.jpg","filename":"iptplogo.jpg","filesize":3382,"url":"https:\/\/uniavisen.dk\/wp-content\/uploads\/2018\/08\/iptplogo.jpg","link":"https:\/\/uniavisen.dk\/en\/event\/seminar-om-identitet-fra-et-tvaerfagligt-perspektiv\/iptplogo-jpg\/","alt":"","author":"0","description":"","caption":"","name":"iptplogo-jpg","status":"inherit","uploaded_to":72908,"date":"2018-08-22 13:19:09","modified":"2018-08-22 13:19:10","menu_order":0,"mime_type":"image\/jpeg","type":"image","subtype":"jpeg","icon":"https:\/\/uniavisen.dk\/wp-includes\/images\/media\/default.png","width":125,"height":126,"sizes":{"thumbnail":"https:\/\/uniavisen.dk\/wp-content\/uploads\/2018\/08\/iptplogo.jpg","thumbnail-width":125,"thumbnail-height":126,"medium":"https:\/\/uniavisen.dk\/wp-content\/uploads\/2018\/08\/iptplogo.jpg","medium-width":125,"medium-height":126,"medium_large":"https:\/\/uniavisen.dk\/wp-content\/uploads\/2018\/08\/iptplogo.jpg","medium_large-width":125,"medium_large-height":126,"large":"https:\/\/uniavisen.dk\/wp-content\/uploads\/2018\/08\/iptplogo.jpg","large-width":125,"large-height":126,"1536x1536":"https:\/\/uniavisen.dk\/wp-content\/uploads\/2018\/08\/iptplogo.jpg","1536x1536-width":125,"1536x1536-height":126,"2048x2048":"https:\/\/uniavisen.dk\/wp-content\/uploads\/2018\/08\/iptplogo.jpg","2048x2048-width":125,"2048x2048-height":126,"featured-soft":"https:\/\/uniavisen.dk\/wp-content\/uploads\/2018\/08\/iptplogo.jpg","featured-soft-width":125,"featured-soft-height":126,"featured-hard":"https:\/\/uniavisen.dk\/wp-content\/uploads\/2018\/08\/iptplogo.jpg","featured-hard-width":125,"featured-hard-height":126,"narrow":"https:\/\/uniavisen.dk\/wp-content\/uploads\/2018\/08\/iptplogo.jpg","narrow-width":125,"narrow-height":126,"extended":"https:\/\/uniavisen.dk\/wp-content\/uploads\/2018\/08\/iptplogo.jpg","extended-width":125,"extended-height":126}},"short_description":"IPTP afholder seminar om identitet fra et tv\u00e6rfagligt perspektiv. Foredragsholdere vil v\u00e6re:\r\n\r\n\u2022Professor i klinisk psykologi ved \u00c5rhus Universitet Carsten Ren\u00e9 J\u00f8rgensen \r\n\u2022Professor Dan Zahavi, Center for Subjektivitetsforskning, K\u00f8benhavns Universitet\r\n\u2022Lektor Marianne S. Stidsen, Institut for Nordiske Studier og Sprogvidenskab, K\u00f8benhavns Universitet\r\n\u2022Lektor Katrine Zeuten, Institut for Psykologi, K\u00f8benhavns Universitet \r\n\u2022Lektor Lilian Munk R\u00f6sing, Institut for Kunst og Kulturvidenskab, K\u00f8benhavns Universitet ","old_url":""},"_links":{"self":[{"href":"https:\/\/uniavisen.dk\/en\/wp-json\/wp\/v2\/events\/72908","targetHints":{"allow":["GET"]}}],"collection":[{"href":"https:\/\/uniavisen.dk\/en\/wp-json\/wp\/v2\/events"}],"about":[{"href":"https:\/\/uniavisen.dk\/en\/wp-json\/wp\/v2\/types\/event"}],"version-history":[{"count":0,"href":"https:\/\/uniavisen.dk\/en\/wp-json\/wp\/v2\/events\/72908\/revisions"}],"wp:featuredmedia":[{"embeddable":true,"href":"https:\/\/uniavisen.dk\/en\/wp-json\/wp\/v2\/media\/72909"}],"wp:attachment":[{"href":"https:\/\/uniavisen.dk\/en\/wp-json\/wp\/v2\/media?parent=72908"}],"curies":[{"name":"wp","href":"https:\/\/api.w.org\/{rel}","templated":true}]}}