
{"id":74177,"date":"2018-09-12T14:29:21","date_gmt":"2018-09-12T12:29:21","guid":{"rendered":"https:\/\/uniavisen.dk\/event\/yun-katrine-ladegaard-forsvarer-sin-ph-d-afhandling-ved-institut-for-psykologi\/"},"modified":"2018-09-12T14:29:21","modified_gmt":"2018-09-12T12:29:21","slug":"yun-katrine-ladegaard-forsvarer-sin-ph-d-afhandling-ved-institut-for-psykologi","status":"publish","type":"event","link":"https:\/\/uniavisen.dk\/en\/event\/yun-katrine-ladegaard-forsvarer-sin-ph-d-afhandling-ved-institut-for-psykologi\/","title":{"rendered":"Yun Katrine Ladegaard forsvarer sin ph.d.-afhandling ved Institut for Psykologi"},"content":{"rendered":"<p><strong>Kandidat<\/strong><br \/>\nYun Katrine Ladegaard<\/p>\n<p><strong>Titel<\/strong><br \/>\n\u201c<em>Work-related mental disorders. A quantitative and qualitative investigation of employees and managers experiences at the workplace and in the Workers\u2019 Compensation System<\/em>\u201d. Afhandlingen freml\u00e6gges til gennemsyn p\u00e5 Det Samfundsvidenskabelige Fakultetsbibliotek, Gothersgade 140, 1353 K\u00f8benhavn K.<\/p>\n<p><strong>Tid og sted<\/strong><br \/>\nFredag den 14. september 2018 kl. 13:00. K\u00f8benhavns Universitet, Det Samfundsvidenskabelige Fakultet, \u00d8ster Farimagsgade 5, bygning 35, lokale 35.01.06., 1353 K\u00f8benhavn K.\u00a0 Det er nemmest at benytte indgangen fra Gammeltoftgade. Af hensyn til kandidaten lukkes d\u00f8rene pr\u00e6cis.<\/p>\n<p><strong>Bed\u00f8mmelsesudvalg<\/strong><\/p>\n<ul>\n<li>Lektor Torben Bechmann Jensen, Institut for Psykologi, K\u00f8benhavns Universitet<\/li>\n<li>F\u00f8rsteamanuensis Chris Jensen, Institutt for samfunnsmedisin og sykepleie, Norges teknisk-naturvitenskapelige universitet, NTNU, Norge<\/li>\n<li>Seniorforsker Thomas Lund, Forskningscenter for Unges Arbejdsliv, Frederiksberg &amp; Bispebjerg Hospital<\/li>\n<\/ul>\n<p><strong>Resum\u00e9<\/strong><br \/>\nHvad sker der, n\u00e5r medarbejdere bliver syge med en arbejdsrelateret psykisk lidelse? Fokus er p\u00e5 arbejdspladsen, arbejdsskadesystemet og samspillet mellem de to, set fra medarbejdere og mellemlederes perspektiv<\/p>\n<p>Ph.d. afhandlingen tager afs\u00e6t i fire studier som via forskellige metodiske tilgange belyser:<\/p>\n<p>\u2022Studie I: Hvordan oplever og h\u00e5ndterer mellemledere situationen, hvor en medarbejder er blevet sygemeldt med en arbejdsrelateret psykisk lidelse?<br \/>\n\u2022Studie II: Hvad sker der p\u00e5 arbejdspladsen, n\u00e5r en medarbejder bliver syg p\u00e5 grund af en arbejdsrelateret sygdom? &#8211; Hvem er involveret, og bliver medarbejdere med arbejdsrelaterede psykiske lidelser behandlet anderledes end medarbejdere med ryg eller hudsygdomme?<br \/>\n\u2022Studie III: Hvordan oplever medarbejdere med en anmeldt arbejdsrelateret psykisk sygdom arbejdspladsen og det danske arbejdsskadesystem?<br \/>\n\u2022Studie IV: Er en arbejdsskadeanmeldelse af en psykisk lidelse associeret med \u00e6ndringer i helbred, indkomst eller langvarigt sygefrav\u00e6r?<\/p>\n<p>Afhandlingen indeholder perspektiver p\u00e5 den nuv\u00e6rende praksis, hvor frav\u00e6ret af forebyggende indsatser i forbindelse med, at medarbejdere bliver syge pga. arbejdet er sl\u00e5ende, samt belyser potentielle indsatsomr\u00e5der. H\u00e5bet er at afhandlingen vil bidrage til praksis omkring forebyggelse, h\u00e5ndtering og behandling af arbejdsrelaterede psykiske lidelser.<\/p>\n","protected":false},"excerpt":{"rendered":"<p>Kandidat Yun Katrine Ladegaard Titel \u201cWork-related mental disorders. A quantitative and qualitative investigation of employees and managers experiences at the workplace and in the Workers\u2019 Compensation System\u201d. Afhandlingen freml\u00e6gges til gennemsyn p\u00e5 Det Samfundsvidenskabelige Fakultetsbibliotek, Gothersgade 140, 1353 K\u00f8benhavn K. Tid og sted Fredag den 14. september 2018 kl. 13:00. K\u00f8benhavns Universitet, Det Samfundsvidenskabelige Fakultet, [&hellip;]<\/p>\n","protected":false},"author":0,"featured_media":74178,"template":"","class_list":["post-74177","event","type-event","status-publish","has-post-thumbnail","hentry","event_category-phd"],"acf":[],"aioseo_notices":[],"yoast_head":"<!-- This site is optimized with the Yoast SEO plugin v27.5 - https:\/\/yoast.com\/product\/yoast-seo-wordpress\/ -->\n<title>Yun Katrine Ladegaard forsvarer sin ph.d.-afhandling ved Institut for Psykologi<\/title>\n<meta name=\"robots\" content=\"index, follow, max-snippet:-1, max-image-preview:large, max-video-preview:-1\" \/>\n<link rel=\"canonical\" href=\"https:\/\/uniavisen.dk\/en\/event\/yun-katrine-ladegaard-forsvarer-sin-ph-d-afhandling-ved-institut-for-psykologi\/\" \/>\n<meta property=\"og:locale\" content=\"en_US\" \/>\n<meta property=\"og:type\" content=\"article\" \/>\n<meta property=\"og:title\" content=\"Yun Katrine Ladegaard forsvarer sin ph.d.-afhandling ved Institut for Psykologi\" \/>\n<meta property=\"og:description\" content=\"Kandidat Yun Katrine Ladegaard Titel \u201cWork-related mental disorders. A quantitative and qualitative investigation of employees and managers experiences at the workplace and in the Workers\u2019 Compensation System\u201d. Afhandlingen freml\u00e6gges til gennemsyn p\u00e5 Det Samfundsvidenskabelige Fakultetsbibliotek, Gothersgade 140, 1353 K\u00f8benhavn K. Tid og sted Fredag den 14. september 2018 kl. 13:00. K\u00f8benhavns Universitet, Det Samfundsvidenskabelige Fakultet, [&hellip;]\" \/>\n<meta property=\"og:url\" content=\"https:\/\/uniavisen.dk\/en\/event\/yun-katrine-ladegaard-forsvarer-sin-ph-d-afhandling-ved-institut-for-psykologi\/\" \/>\n<meta property=\"og:site_name\" content=\"University Post\" \/>\n<meta property=\"article:publisher\" content=\"https:\/\/www.facebook.com\/uniavis\" \/>\n<meta property=\"og:image\" content=\"https:\/\/uniavisen.dk\/wp-content\/uploads\/2018\/09\/bygning35-1.jpg\" \/>\n\t<meta property=\"og:image:width\" content=\"4608\" \/>\n\t<meta property=\"og:image:height\" content=\"3072\" \/>\n\t<meta property=\"og:image:type\" content=\"image\/jpeg\" \/>\n<meta name=\"twitter:card\" content=\"summary_large_image\" \/>\n<meta name=\"twitter:site\" content=\"@Uniavisen\" \/>\n<meta name=\"twitter:label1\" content=\"Est. reading time\" \/>\n\t<meta name=\"twitter:data1\" content=\"2 minutes\" \/>\n<script type=\"application\/ld+json\" class=\"yoast-schema-graph\">{\"@context\":\"https:\\\/\\\/schema.org\",\"@graph\":[{\"@type\":\"WebPage\",\"@id\":\"https:\\\/\\\/uniavisen.dk\\\/en\\\/event\\\/yun-katrine-ladegaard-forsvarer-sin-ph-d-afhandling-ved-institut-for-psykologi\\\/\",\"url\":\"https:\\\/\\\/uniavisen.dk\\\/en\\\/event\\\/yun-katrine-ladegaard-forsvarer-sin-ph-d-afhandling-ved-institut-for-psykologi\\\/\",\"name\":\"Yun Katrine Ladegaard forsvarer sin ph.d.-afhandling ved Institut for Psykologi\",\"isPartOf\":{\"@id\":\"https:\\\/\\\/uniavisen.dk\\\/#website\"},\"primaryImageOfPage\":{\"@id\":\"https:\\\/\\\/uniavisen.dk\\\/en\\\/event\\\/yun-katrine-ladegaard-forsvarer-sin-ph-d-afhandling-ved-institut-for-psykologi\\\/#primaryimage\"},\"image\":{\"@id\":\"https:\\\/\\\/uniavisen.dk\\\/en\\\/event\\\/yun-katrine-ladegaard-forsvarer-sin-ph-d-afhandling-ved-institut-for-psykologi\\\/#primaryimage\"},\"thumbnailUrl\":\"https:\\\/\\\/uniavisen.dk\\\/wp-content\\\/uploads\\\/2018\\\/09\\\/bygning35-1.jpg\",\"datePublished\":\"2018-09-12T12:29:21+00:00\",\"breadcrumb\":{\"@id\":\"https:\\\/\\\/uniavisen.dk\\\/en\\\/event\\\/yun-katrine-ladegaard-forsvarer-sin-ph-d-afhandling-ved-institut-for-psykologi\\\/#breadcrumb\"},\"inLanguage\":\"en-US\",\"potentialAction\":[{\"@type\":\"ReadAction\",\"target\":[\"https:\\\/\\\/uniavisen.dk\\\/en\\\/event\\\/yun-katrine-ladegaard-forsvarer-sin-ph-d-afhandling-ved-institut-for-psykologi\\\/\"]}]},{\"@type\":\"ImageObject\",\"inLanguage\":\"en-US\",\"@id\":\"https:\\\/\\\/uniavisen.dk\\\/en\\\/event\\\/yun-katrine-ladegaard-forsvarer-sin-ph-d-afhandling-ved-institut-for-psykologi\\\/#primaryimage\",\"url\":\"https:\\\/\\\/uniavisen.dk\\\/wp-content\\\/uploads\\\/2018\\\/09\\\/bygning35-1.jpg\",\"contentUrl\":\"https:\\\/\\\/uniavisen.dk\\\/wp-content\\\/uploads\\\/2018\\\/09\\\/bygning35-1.jpg\",\"width\":4608,\"height\":3072},{\"@type\":\"BreadcrumbList\",\"@id\":\"https:\\\/\\\/uniavisen.dk\\\/en\\\/event\\\/yun-katrine-ladegaard-forsvarer-sin-ph-d-afhandling-ved-institut-for-psykologi\\\/#breadcrumb\",\"itemListElement\":[{\"@type\":\"ListItem\",\"position\":1,\"name\":\"Home\",\"item\":\"https:\\\/\\\/uniavisen.dk\\\/en\\\/\"},{\"@type\":\"ListItem\",\"position\":2,\"name\":\"Events\",\"item\":\"https:\\\/\\\/uniavisen.dk\\\/event\\\/\"},{\"@type\":\"ListItem\",\"position\":3,\"name\":\"Yun Katrine Ladegaard forsvarer sin ph.d.-afhandling ved Institut for Psykologi\"}]},{\"@type\":\"WebSite\",\"@id\":\"https:\\\/\\\/uniavisen.dk\\\/#website\",\"url\":\"https:\\\/\\\/uniavisen.dk\\\/\",\"name\":\"University Post\",\"description\":\"Independent of management\",\"potentialAction\":[{\"@type\":\"SearchAction\",\"target\":{\"@type\":\"EntryPoint\",\"urlTemplate\":\"https:\\\/\\\/uniavisen.dk\\\/?s={search_term_string}\"},\"query-input\":{\"@type\":\"PropertyValueSpecification\",\"valueRequired\":true,\"valueName\":\"search_term_string\"}}],\"inLanguage\":\"en-US\"}]}<\/script>\n<!-- \/ Yoast SEO plugin. -->","yoast_head_json":{"title":"Yun Katrine Ladegaard forsvarer sin ph.d.-afhandling ved Institut for Psykologi","robots":{"index":"index","follow":"follow","max-snippet":"max-snippet:-1","max-image-preview":"max-image-preview:large","max-video-preview":"max-video-preview:-1"},"canonical":"https:\/\/uniavisen.dk\/en\/event\/yun-katrine-ladegaard-forsvarer-sin-ph-d-afhandling-ved-institut-for-psykologi\/","og_locale":"en_US","og_type":"article","og_title":"Yun Katrine Ladegaard forsvarer sin ph.d.-afhandling ved Institut for Psykologi","og_description":"Kandidat Yun Katrine Ladegaard Titel \u201cWork-related mental disorders. A quantitative and qualitative investigation of employees and managers experiences at the workplace and in the Workers\u2019 Compensation System\u201d. Afhandlingen freml\u00e6gges til gennemsyn p\u00e5 Det Samfundsvidenskabelige Fakultetsbibliotek, Gothersgade 140, 1353 K\u00f8benhavn K. Tid og sted Fredag den 14. september 2018 kl. 13:00. K\u00f8benhavns Universitet, Det Samfundsvidenskabelige Fakultet, [&hellip;]","og_url":"https:\/\/uniavisen.dk\/en\/event\/yun-katrine-ladegaard-forsvarer-sin-ph-d-afhandling-ved-institut-for-psykologi\/","og_site_name":"University Post","article_publisher":"https:\/\/www.facebook.com\/uniavis","og_image":[{"width":4608,"height":3072,"url":"https:\/\/uniavisen.dk\/wp-content\/uploads\/2018\/09\/bygning35-1.jpg","type":"image\/jpeg"}],"twitter_card":"summary_large_image","twitter_site":"@Uniavisen","twitter_misc":{"Est. reading time":"2 minutes"},"schema":{"@context":"https:\/\/schema.org","@graph":[{"@type":"WebPage","@id":"https:\/\/uniavisen.dk\/en\/event\/yun-katrine-ladegaard-forsvarer-sin-ph-d-afhandling-ved-institut-for-psykologi\/","url":"https:\/\/uniavisen.dk\/en\/event\/yun-katrine-ladegaard-forsvarer-sin-ph-d-afhandling-ved-institut-for-psykologi\/","name":"Yun Katrine Ladegaard forsvarer sin ph.d.-afhandling ved Institut for Psykologi","isPartOf":{"@id":"https:\/\/uniavisen.dk\/#website"},"primaryImageOfPage":{"@id":"https:\/\/uniavisen.dk\/en\/event\/yun-katrine-ladegaard-forsvarer-sin-ph-d-afhandling-ved-institut-for-psykologi\/#primaryimage"},"image":{"@id":"https:\/\/uniavisen.dk\/en\/event\/yun-katrine-ladegaard-forsvarer-sin-ph-d-afhandling-ved-institut-for-psykologi\/#primaryimage"},"thumbnailUrl":"https:\/\/uniavisen.dk\/wp-content\/uploads\/2018\/09\/bygning35-1.jpg","datePublished":"2018-09-12T12:29:21+00:00","breadcrumb":{"@id":"https:\/\/uniavisen.dk\/en\/event\/yun-katrine-ladegaard-forsvarer-sin-ph-d-afhandling-ved-institut-for-psykologi\/#breadcrumb"},"inLanguage":"en-US","potentialAction":[{"@type":"ReadAction","target":["https:\/\/uniavisen.dk\/en\/event\/yun-katrine-ladegaard-forsvarer-sin-ph-d-afhandling-ved-institut-for-psykologi\/"]}]},{"@type":"ImageObject","inLanguage":"en-US","@id":"https:\/\/uniavisen.dk\/en\/event\/yun-katrine-ladegaard-forsvarer-sin-ph-d-afhandling-ved-institut-for-psykologi\/#primaryimage","url":"https:\/\/uniavisen.dk\/wp-content\/uploads\/2018\/09\/bygning35-1.jpg","contentUrl":"https:\/\/uniavisen.dk\/wp-content\/uploads\/2018\/09\/bygning35-1.jpg","width":4608,"height":3072},{"@type":"BreadcrumbList","@id":"https:\/\/uniavisen.dk\/en\/event\/yun-katrine-ladegaard-forsvarer-sin-ph-d-afhandling-ved-institut-for-psykologi\/#breadcrumb","itemListElement":[{"@type":"ListItem","position":1,"name":"Home","item":"https:\/\/uniavisen.dk\/en\/"},{"@type":"ListItem","position":2,"name":"Events","item":"https:\/\/uniavisen.dk\/event\/"},{"@type":"ListItem","position":3,"name":"Yun Katrine Ladegaard forsvarer sin ph.d.-afhandling ved Institut for Psykologi"}]},{"@type":"WebSite","@id":"https:\/\/uniavisen.dk\/#website","url":"https:\/\/uniavisen.dk\/","name":"University Post","description":"Independent of management","potentialAction":[{"@type":"SearchAction","target":{"@type":"EntryPoint","urlTemplate":"https:\/\/uniavisen.dk\/?s={search_term_string}"},"query-input":{"@type":"PropertyValueSpecification","valueRequired":true,"valueName":"search_term_string"}}],"inLanguage":"en-US"}]}},"advancedCustomFields":{"event_category":{"term_id":143,"name":"Ph.d.-forsvar","slug":"phd","term_group":0,"term_taxonomy_id":143,"taxonomy":"event_category","description":"","parent":0,"count":407,"filter":"raw"},"start":"2018-09-14 13:00:00","add_end_time":true,"end":"2018-09-14 16:00:00","location":"K\u00f8benhavns Universitet, Det Samfundsvidenskabelige Fakultet, \u00d8ster Farimagsgade 5, bygning 35, lokale 35.01.06.","host_name":"Institut for Psykologi","ticket_link":"","event_is_free":true,"event_poster":{"ID":74178,"id":74178,"title":"bygning35-1.jpg","filename":"bygning35-1.jpg","filesize":1754220,"url":"https:\/\/uniavisen.dk\/wp-content\/uploads\/2018\/09\/bygning35-1.jpg","link":"https:\/\/uniavisen.dk\/en\/event\/yun-katrine-ladegaard-forsvarer-sin-ph-d-afhandling-ved-institut-for-psykologi\/bygning35-1-jpg-2\/","alt":"","author":"0","description":"","caption":"","name":"bygning35-1-jpg-2","status":"inherit","uploaded_to":74177,"date":"2018-09-12 12:29:21","modified":"2018-09-12 12:29:25","menu_order":0,"mime_type":"image\/jpeg","type":"image","subtype":"jpeg","icon":"https:\/\/uniavisen.dk\/wp-includes\/images\/media\/default.png","width":4608,"height":3072,"sizes":{"thumbnail":"https:\/\/uniavisen.dk\/wp-content\/uploads\/2018\/09\/bygning35-1-150x150.jpg","thumbnail-width":150,"thumbnail-height":150,"medium":"https:\/\/uniavisen.dk\/wp-content\/uploads\/2018\/09\/bygning35-1-480x320.jpg","medium-width":480,"medium-height":320,"medium_large":"https:\/\/uniavisen.dk\/wp-content\/uploads\/2018\/09\/bygning35-1-768x512.jpg","medium_large-width":768,"medium_large-height":512,"large":"https:\/\/uniavisen.dk\/wp-content\/uploads\/2018\/09\/bygning35-1-1280x853.jpg","large-width":1280,"large-height":853,"1536x1536":"https:\/\/uniavisen.dk\/wp-content\/uploads\/2018\/09\/bygning35-1.jpg","1536x1536-width":1536,"1536x1536-height":1024,"2048x2048":"https:\/\/uniavisen.dk\/wp-content\/uploads\/2018\/09\/bygning35-1.jpg","2048x2048-width":2048,"2048x2048-height":1365,"featured-soft":"https:\/\/uniavisen.dk\/wp-content\/uploads\/2018\/09\/bygning35-1-290x193.jpg","featured-soft-width":290,"featured-soft-height":193,"featured-hard":"https:\/\/uniavisen.dk\/wp-content\/uploads\/2018\/09\/bygning35-1-290x180.jpg","featured-hard-width":290,"featured-hard-height":180,"narrow":"https:\/\/uniavisen.dk\/wp-content\/uploads\/2018\/09\/bygning35-1-700x467.jpg","narrow-width":700,"narrow-height":467,"extended":"https:\/\/uniavisen.dk\/wp-content\/uploads\/2018\/09\/bygning35-1-990x660.jpg","extended-width":990,"extended-height":660}},"short_description":"Yun Katrine Ladegaard forsvarer sin ph.d.-afhandling  \u201cWork-related mental disorders. A quantitative and qualitative investigation of employees and managers experiences at the workplace and in the Workers\u2019 Compensation System\u201d. ","old_url":""},"_links":{"self":[{"href":"https:\/\/uniavisen.dk\/en\/wp-json\/wp\/v2\/events\/74177","targetHints":{"allow":["GET"]}}],"collection":[{"href":"https:\/\/uniavisen.dk\/en\/wp-json\/wp\/v2\/events"}],"about":[{"href":"https:\/\/uniavisen.dk\/en\/wp-json\/wp\/v2\/types\/event"}],"version-history":[{"count":0,"href":"https:\/\/uniavisen.dk\/en\/wp-json\/wp\/v2\/events\/74177\/revisions"}],"wp:featuredmedia":[{"embeddable":true,"href":"https:\/\/uniavisen.dk\/en\/wp-json\/wp\/v2\/media\/74178"}],"wp:attachment":[{"href":"https:\/\/uniavisen.dk\/en\/wp-json\/wp\/v2\/media?parent=74177"}],"curies":[{"name":"wp","href":"https:\/\/api.w.org\/{rel}","templated":true}]}}