
{"id":96589,"date":"2019-11-12T16:49:46","date_gmt":"2019-11-12T15:49:46","guid":{"rendered":"https:\/\/uniavisen.dk\/event\/filosofi-og-musik-mann-adorno-og-schoenberg\/"},"modified":"2019-11-12T16:49:46","modified_gmt":"2019-11-12T15:49:46","slug":"filosofi-og-musik-mann-adorno-og-schoenberg","status":"publish","type":"event","link":"https:\/\/uniavisen.dk\/en\/event\/filosofi-og-musik-mann-adorno-og-schoenberg\/","title":{"rendered":"Filosofi og musik \u2013 Mann, Adorno og Sch\u00f6nberg"},"content":{"rendered":"<p>Uden musikken ville livet slet og ret v\u00e6re en fejltagelse, fastslog Nietzsche. Musikken har altid spillet en v\u00e6sentlig rolle i forestillingerne om, hvad tanker kan \u2013 b\u00e5de som med- og modstykke og i fors\u00f8get p\u00e5 at t\u00e6nke lidenskabens ubeherskede tag i os.<\/p>\n<p>I Thomas Manns mesterlige roman Dr. Faustus f\u00f8lger vi komponisten Leverk\u00fchn, hvis musikalske nyskabelser er direkte inspireret af Arnold Sch\u00f6nbergs tolvtonemusik og\u00a0Theodore W. Adornos musikfilosofi. I romanen knyttes Leverk\u00fchns sk\u00e6bne og den musikalske udfoldelse sirligt sammen med den tyske \u00e5ndshistories smertelige udvikling og den katastrofale kulminikation i 1940erne.<\/p>\n<p>Herman Schmidt introducerer til Adornos musikfilosofi, Sch\u00f6nbergs tolvtonemusik og deres indflydelse p\u00e5 Manns mesterv\u00e6rk.<\/p>\n<p>Filosof Stine Zink Kaasgaard er v\u00e6rt og ordstyrer, og pianist Kristoffer Hyldig leverer musikalske godbidder af Sch\u00f6nberg.<\/p>\n<p><strong>Pris:<\/strong> Gratis n\u00e5r entr\u00e9billetten er betalt.<\/p>\n<p><strong>Foto:<\/strong> Eksistensfilosofisk Akademi<\/p>\n","protected":false},"excerpt":{"rendered":"<p>Uden musikken ville livet slet og ret v\u00e6re en fejltagelse, fastslog Nietzsche. Musikken har altid spillet en v\u00e6sentlig rolle i forestillingerne om, hvad tanker kan \u2013 b\u00e5de som med- og modstykke og i fors\u00f8get p\u00e5 at t\u00e6nke lidenskabens ubeherskede tag i os. I Thomas Manns mesterlige roman Dr. Faustus f\u00f8lger vi komponisten Leverk\u00fchn, hvis musikalske [&hellip;]<\/p>\n","protected":false},"author":0,"featured_media":96590,"template":"","class_list":["post-96589","event","type-event","status-publish","has-post-thumbnail","hentry","event_category-foredrag"],"acf":[],"aioseo_notices":[],"yoast_head":"<!-- This site is optimized with the Yoast SEO plugin v27.5 - https:\/\/yoast.com\/product\/yoast-seo-wordpress\/ -->\n<title>Filosofi og musik \u2013 Mann, Adorno og Sch\u00f6nberg<\/title>\n<meta name=\"robots\" content=\"index, follow, max-snippet:-1, max-image-preview:large, max-video-preview:-1\" \/>\n<link rel=\"canonical\" href=\"https:\/\/uniavisen.dk\/en\/event\/filosofi-og-musik-mann-adorno-og-schoenberg\/\" \/>\n<meta property=\"og:locale\" content=\"en_US\" \/>\n<meta property=\"og:type\" content=\"article\" \/>\n<meta property=\"og:title\" content=\"Filosofi og musik \u2013 Mann, Adorno og Sch\u00f6nberg\" \/>\n<meta property=\"og:description\" content=\"Uden musikken ville livet slet og ret v\u00e6re en fejltagelse, fastslog Nietzsche. Musikken har altid spillet en v\u00e6sentlig rolle i forestillingerne om, hvad tanker kan \u2013 b\u00e5de som med- og modstykke og i fors\u00f8get p\u00e5 at t\u00e6nke lidenskabens ubeherskede tag i os. I Thomas Manns mesterlige roman Dr. Faustus f\u00f8lger vi komponisten Leverk\u00fchn, hvis musikalske [&hellip;]\" \/>\n<meta property=\"og:url\" content=\"https:\/\/uniavisen.dk\/en\/event\/filosofi-og-musik-mann-adorno-og-schoenberg\/\" \/>\n<meta property=\"og:site_name\" content=\"University Post\" \/>\n<meta property=\"article:publisher\" content=\"https:\/\/www.facebook.com\/uniavis\" \/>\n<meta property=\"og:image\" content=\"https:\/\/uniavisen.dk\/wp-content\/uploads\/2019\/11\/csmeksistensfilosofiskakademi1ac3cf0e94.jpg\" \/>\n\t<meta property=\"og:image:width\" content=\"821\" \/>\n\t<meta property=\"og:image:height\" content=\"462\" \/>\n\t<meta property=\"og:image:type\" content=\"image\/jpeg\" \/>\n<meta name=\"twitter:card\" content=\"summary_large_image\" \/>\n<meta name=\"twitter:site\" content=\"@Uniavisen\" \/>\n<meta name=\"twitter:label1\" content=\"Est. reading time\" \/>\n\t<meta name=\"twitter:data1\" content=\"1 minute\" \/>\n<script type=\"application\/ld+json\" class=\"yoast-schema-graph\">{\"@context\":\"https:\\\/\\\/schema.org\",\"@graph\":[{\"@type\":\"WebPage\",\"@id\":\"https:\\\/\\\/uniavisen.dk\\\/en\\\/event\\\/filosofi-og-musik-mann-adorno-og-schoenberg\\\/\",\"url\":\"https:\\\/\\\/uniavisen.dk\\\/en\\\/event\\\/filosofi-og-musik-mann-adorno-og-schoenberg\\\/\",\"name\":\"Filosofi og musik \u2013 Mann, Adorno og Sch\u00f6nberg\",\"isPartOf\":{\"@id\":\"https:\\\/\\\/uniavisen.dk\\\/#website\"},\"primaryImageOfPage\":{\"@id\":\"https:\\\/\\\/uniavisen.dk\\\/en\\\/event\\\/filosofi-og-musik-mann-adorno-og-schoenberg\\\/#primaryimage\"},\"image\":{\"@id\":\"https:\\\/\\\/uniavisen.dk\\\/en\\\/event\\\/filosofi-og-musik-mann-adorno-og-schoenberg\\\/#primaryimage\"},\"thumbnailUrl\":\"https:\\\/\\\/uniavisen.dk\\\/wp-content\\\/uploads\\\/2019\\\/11\\\/csmeksistensfilosofiskakademi1ac3cf0e94.jpg\",\"datePublished\":\"2019-11-12T15:49:46+00:00\",\"breadcrumb\":{\"@id\":\"https:\\\/\\\/uniavisen.dk\\\/en\\\/event\\\/filosofi-og-musik-mann-adorno-og-schoenberg\\\/#breadcrumb\"},\"inLanguage\":\"en-US\",\"potentialAction\":[{\"@type\":\"ReadAction\",\"target\":[\"https:\\\/\\\/uniavisen.dk\\\/en\\\/event\\\/filosofi-og-musik-mann-adorno-og-schoenberg\\\/\"]}]},{\"@type\":\"ImageObject\",\"inLanguage\":\"en-US\",\"@id\":\"https:\\\/\\\/uniavisen.dk\\\/en\\\/event\\\/filosofi-og-musik-mann-adorno-og-schoenberg\\\/#primaryimage\",\"url\":\"https:\\\/\\\/uniavisen.dk\\\/wp-content\\\/uploads\\\/2019\\\/11\\\/csmeksistensfilosofiskakademi1ac3cf0e94.jpg\",\"contentUrl\":\"https:\\\/\\\/uniavisen.dk\\\/wp-content\\\/uploads\\\/2019\\\/11\\\/csmeksistensfilosofiskakademi1ac3cf0e94.jpg\",\"width\":821,\"height\":462},{\"@type\":\"BreadcrumbList\",\"@id\":\"https:\\\/\\\/uniavisen.dk\\\/en\\\/event\\\/filosofi-og-musik-mann-adorno-og-schoenberg\\\/#breadcrumb\",\"itemListElement\":[{\"@type\":\"ListItem\",\"position\":1,\"name\":\"Home\",\"item\":\"https:\\\/\\\/uniavisen.dk\\\/en\\\/\"},{\"@type\":\"ListItem\",\"position\":2,\"name\":\"Events\",\"item\":\"https:\\\/\\\/uniavisen.dk\\\/event\\\/\"},{\"@type\":\"ListItem\",\"position\":3,\"name\":\"Filosofi og musik \u2013 Mann, Adorno og Sch\u00f6nberg\"}]},{\"@type\":\"WebSite\",\"@id\":\"https:\\\/\\\/uniavisen.dk\\\/#website\",\"url\":\"https:\\\/\\\/uniavisen.dk\\\/\",\"name\":\"University Post\",\"description\":\"Independent of management\",\"potentialAction\":[{\"@type\":\"SearchAction\",\"target\":{\"@type\":\"EntryPoint\",\"urlTemplate\":\"https:\\\/\\\/uniavisen.dk\\\/?s={search_term_string}\"},\"query-input\":{\"@type\":\"PropertyValueSpecification\",\"valueRequired\":true,\"valueName\":\"search_term_string\"}}],\"inLanguage\":\"en-US\"}]}<\/script>\n<!-- \/ Yoast SEO plugin. -->","yoast_head_json":{"title":"Filosofi og musik \u2013 Mann, Adorno og Sch\u00f6nberg","robots":{"index":"index","follow":"follow","max-snippet":"max-snippet:-1","max-image-preview":"max-image-preview:large","max-video-preview":"max-video-preview:-1"},"canonical":"https:\/\/uniavisen.dk\/en\/event\/filosofi-og-musik-mann-adorno-og-schoenberg\/","og_locale":"en_US","og_type":"article","og_title":"Filosofi og musik \u2013 Mann, Adorno og Sch\u00f6nberg","og_description":"Uden musikken ville livet slet og ret v\u00e6re en fejltagelse, fastslog Nietzsche. Musikken har altid spillet en v\u00e6sentlig rolle i forestillingerne om, hvad tanker kan \u2013 b\u00e5de som med- og modstykke og i fors\u00f8get p\u00e5 at t\u00e6nke lidenskabens ubeherskede tag i os. I Thomas Manns mesterlige roman Dr. Faustus f\u00f8lger vi komponisten Leverk\u00fchn, hvis musikalske [&hellip;]","og_url":"https:\/\/uniavisen.dk\/en\/event\/filosofi-og-musik-mann-adorno-og-schoenberg\/","og_site_name":"University Post","article_publisher":"https:\/\/www.facebook.com\/uniavis","og_image":[{"width":821,"height":462,"url":"https:\/\/uniavisen.dk\/wp-content\/uploads\/2019\/11\/csmeksistensfilosofiskakademi1ac3cf0e94.jpg","type":"image\/jpeg"}],"twitter_card":"summary_large_image","twitter_site":"@Uniavisen","twitter_misc":{"Est. reading time":"1 minute"},"schema":{"@context":"https:\/\/schema.org","@graph":[{"@type":"WebPage","@id":"https:\/\/uniavisen.dk\/en\/event\/filosofi-og-musik-mann-adorno-og-schoenberg\/","url":"https:\/\/uniavisen.dk\/en\/event\/filosofi-og-musik-mann-adorno-og-schoenberg\/","name":"Filosofi og musik \u2013 Mann, Adorno og Sch\u00f6nberg","isPartOf":{"@id":"https:\/\/uniavisen.dk\/#website"},"primaryImageOfPage":{"@id":"https:\/\/uniavisen.dk\/en\/event\/filosofi-og-musik-mann-adorno-og-schoenberg\/#primaryimage"},"image":{"@id":"https:\/\/uniavisen.dk\/en\/event\/filosofi-og-musik-mann-adorno-og-schoenberg\/#primaryimage"},"thumbnailUrl":"https:\/\/uniavisen.dk\/wp-content\/uploads\/2019\/11\/csmeksistensfilosofiskakademi1ac3cf0e94.jpg","datePublished":"2019-11-12T15:49:46+00:00","breadcrumb":{"@id":"https:\/\/uniavisen.dk\/en\/event\/filosofi-og-musik-mann-adorno-og-schoenberg\/#breadcrumb"},"inLanguage":"en-US","potentialAction":[{"@type":"ReadAction","target":["https:\/\/uniavisen.dk\/en\/event\/filosofi-og-musik-mann-adorno-og-schoenberg\/"]}]},{"@type":"ImageObject","inLanguage":"en-US","@id":"https:\/\/uniavisen.dk\/en\/event\/filosofi-og-musik-mann-adorno-og-schoenberg\/#primaryimage","url":"https:\/\/uniavisen.dk\/wp-content\/uploads\/2019\/11\/csmeksistensfilosofiskakademi1ac3cf0e94.jpg","contentUrl":"https:\/\/uniavisen.dk\/wp-content\/uploads\/2019\/11\/csmeksistensfilosofiskakademi1ac3cf0e94.jpg","width":821,"height":462},{"@type":"BreadcrumbList","@id":"https:\/\/uniavisen.dk\/en\/event\/filosofi-og-musik-mann-adorno-og-schoenberg\/#breadcrumb","itemListElement":[{"@type":"ListItem","position":1,"name":"Home","item":"https:\/\/uniavisen.dk\/en\/"},{"@type":"ListItem","position":2,"name":"Events","item":"https:\/\/uniavisen.dk\/event\/"},{"@type":"ListItem","position":3,"name":"Filosofi og musik \u2013 Mann, Adorno og Sch\u00f6nberg"}]},{"@type":"WebSite","@id":"https:\/\/uniavisen.dk\/#website","url":"https:\/\/uniavisen.dk\/","name":"University Post","description":"Independent of management","potentialAction":[{"@type":"SearchAction","target":{"@type":"EntryPoint","urlTemplate":"https:\/\/uniavisen.dk\/?s={search_term_string}"},"query-input":{"@type":"PropertyValueSpecification","valueRequired":true,"valueName":"search_term_string"}}],"inLanguage":"en-US"}]}},"advancedCustomFields":{"event_category":{"term_id":73,"name":"Foredrag","slug":"foredrag","term_group":0,"term_taxonomy_id":73,"taxonomy":"event_category","description":"","parent":0,"count":845,"filter":"raw"},"start":"2020-02-22 15:30:00","add_end_time":true,"end":"2020-02-22 16:30:00","location":"Ny Vestergade 10, 1471 K\u00f8benhavn K","host_name":"Nationalmuseet","ticket_link":"https:\/\/natmus.dk\/aktivitet\/filosofi-og-musik-mann-adorno-og-schoenberg\/","event_is_free":false,"event_price":"Gratis n\u00e5r entr\u00e9billetten er betalt","event_poster":{"ID":96590,"id":96590,"title":"csmeksistensfilosofiskakademi1ac3cf0e94.jpg","filename":"csmeksistensfilosofiskakademi1ac3cf0e94.jpg","filesize":45885,"url":"https:\/\/uniavisen.dk\/wp-content\/uploads\/2019\/11\/csmeksistensfilosofiskakademi1ac3cf0e94.jpg","link":"https:\/\/uniavisen.dk\/en\/event\/filosofi-og-musik-mann-adorno-og-schoenberg\/csmeksistensfilosofiskakademi1ac3cf0e94-jpg\/","alt":"","author":"0","description":"","caption":"","name":"csmeksistensfilosofiskakademi1ac3cf0e94-jpg","status":"inherit","uploaded_to":96589,"date":"2019-11-12 15:49:46","modified":"2019-11-12 15:49:51","menu_order":0,"mime_type":"image\/jpeg","type":"image","subtype":"jpeg","icon":"https:\/\/uniavisen.dk\/wp-includes\/images\/media\/default.png","width":821,"height":462,"sizes":{"thumbnail":"https:\/\/uniavisen.dk\/wp-content\/uploads\/2019\/11\/csmeksistensfilosofiskakademi1ac3cf0e94-150x150.jpg","thumbnail-width":150,"thumbnail-height":150,"medium":"https:\/\/uniavisen.dk\/wp-content\/uploads\/2019\/11\/csmeksistensfilosofiskakademi1ac3cf0e94-480x270.jpg","medium-width":480,"medium-height":270,"medium_large":"https:\/\/uniavisen.dk\/wp-content\/uploads\/2019\/11\/csmeksistensfilosofiskakademi1ac3cf0e94-768x432.jpg","medium_large-width":768,"medium_large-height":432,"large":"https:\/\/uniavisen.dk\/wp-content\/uploads\/2019\/11\/csmeksistensfilosofiskakademi1ac3cf0e94.jpg","large-width":821,"large-height":462,"1536x1536":"https:\/\/uniavisen.dk\/wp-content\/uploads\/2019\/11\/csmeksistensfilosofiskakademi1ac3cf0e94.jpg","1536x1536-width":821,"1536x1536-height":462,"2048x2048":"https:\/\/uniavisen.dk\/wp-content\/uploads\/2019\/11\/csmeksistensfilosofiskakademi1ac3cf0e94.jpg","2048x2048-width":821,"2048x2048-height":462,"featured-soft":"https:\/\/uniavisen.dk\/wp-content\/uploads\/2019\/11\/csmeksistensfilosofiskakademi1ac3cf0e94-290x163.jpg","featured-soft-width":290,"featured-soft-height":163,"featured-hard":"https:\/\/uniavisen.dk\/wp-content\/uploads\/2019\/11\/csmeksistensfilosofiskakademi1ac3cf0e94-290x180.jpg","featured-hard-width":290,"featured-hard-height":180,"narrow":"https:\/\/uniavisen.dk\/wp-content\/uploads\/2019\/11\/csmeksistensfilosofiskakademi1ac3cf0e94-700x394.jpg","narrow-width":700,"narrow-height":394,"extended":"https:\/\/uniavisen.dk\/wp-content\/uploads\/2019\/11\/csmeksistensfilosofiskakademi1ac3cf0e94.jpg","extended-width":821,"extended-height":462}},"short_description":"\u201dEksistensfilosofiske Akademi\u201d s\u00e6tter musik til filosofien.","old_url":""},"_links":{"self":[{"href":"https:\/\/uniavisen.dk\/en\/wp-json\/wp\/v2\/events\/96589","targetHints":{"allow":["GET"]}}],"collection":[{"href":"https:\/\/uniavisen.dk\/en\/wp-json\/wp\/v2\/events"}],"about":[{"href":"https:\/\/uniavisen.dk\/en\/wp-json\/wp\/v2\/types\/event"}],"version-history":[{"count":0,"href":"https:\/\/uniavisen.dk\/en\/wp-json\/wp\/v2\/events\/96589\/revisions"}],"wp:featuredmedia":[{"embeddable":true,"href":"https:\/\/uniavisen.dk\/en\/wp-json\/wp\/v2\/media\/96590"}],"wp:attachment":[{"href":"https:\/\/uniavisen.dk\/en\/wp-json\/wp\/v2\/media?parent=96589"}],"curies":[{"name":"wp","href":"https:\/\/api.w.org\/{rel}","templated":true}]}}